{"id":1129,"date":"2025-12-17T00:59:05","date_gmt":"2025-12-17T00:59:05","guid":{"rendered":"https:\/\/fundacionlobeliana.org\/?page_id=1129"},"modified":"2026-04-20T17:35:57","modified_gmt":"2026-04-20T17:35:57","slug":"nuestro-equipo","status":"publish","type":"page","link":"https:\/\/fundacionlobeliana.org\/en\/nuestro-equipo\/","title":{"rendered":"Our Team"},"content":{"rendered":"<div data-elementor-type=\"wp-page\" data-elementor-id=\"1129\" class=\"elementor elementor-1129\" data-elementor-post-type=\"page\">\n\t\t\t\t<div class=\"elementor-element elementor-element-273a5a6 e-flex e-con-boxed e-con e-parent\" data-id=\"273a5a6\" data-element_type=\"container\" data-e-type=\"container\">\n\t\t\t\t\t<div class=\"e-con-inner\">\n\t\t<div class=\"elementor-element elementor-element-c432f7c e-con-full e-flex e-con e-child\" data-id=\"c432f7c\" data-element_type=\"container\" data-e-type=\"container\">\n\t\t\t\t<div class=\"elementor-element elementor-element-e5579c9 elementor-widget elementor-widget-heading\" data-id=\"e5579c9\" data-element_type=\"widget\" data-e-type=\"widget\" data-widget_type=\"heading.default\">\n\t\t\t\t\t<h1 class=\"elementor-heading-title elementor-size-default\">Our Team<\/h1>\t\t\t\t<\/div>\n\t\t\t\t<\/div>\n\t\t\t\t\t<\/div>\n\t\t\t\t<\/div>\n\t\t<div class=\"elementor-element elementor-element-7aaeb02 e-flex e-con-boxed e-con e-parent\" data-id=\"7aaeb02\" data-element_type=\"container\" data-e-type=\"container\" data-settings=\"{&quot;background_background&quot;:&quot;classic&quot;}\">\n\t\t\t\t\t<div class=\"e-con-inner\">\n\t\t\t\t<div class=\"elementor-element elementor-element-4c4fc2c elementor-widget elementor-widget-text-editor\" data-id=\"4c4fc2c\" data-element_type=\"widget\" data-e-type=\"widget\" data-widget_type=\"text-editor.default\">\n\t\t\t\t\t\t\t\t\tThe Lobeliana Foundation was founded in 2022 in Santiago, Chile with the mission to conserve, investigate and bring into dialogue the vast knowledge about psychoactive plants and fungi, as well as the cultural history of drugs in all its dimensions.\n<br>\nOur project revolves around the construction of the Lobeliana Library, open to the public, and the Lobeliana Center for Studies (CEL) in Huerquehue, Araucan\u00eda Region. This space will house complete collections of visionary researchers\u2014such as Jonathan Ott and Constantino Manuel Torres\u2014preventing their works from being dispersed and preserving the curatorial coherence that makes them unique.\n\nThe CEL will also be a residency and research center, with greenhouses, an audiovisual archive, and outreach programs that engage researchers, artists, and communities.\nWe are guided by a panoramic and relational vision of knowledge: integrating the ancestral and the contemporary, the scientific and the poetic, the academic and the self-taught. We believe that only by weaving together these perspectives is it possible to understand and redefine our relationship with drugs, with nature, and with ourselves.\nAt the Lobeliana Foundation, we foster critical thinking. A space that fosters critical thinking, respectful dialogue, and the exploration of the many ways in which plants, fungi, and substances have accompanied humanity's history in its searches for health, spirituality, art, and consciousness.\t\t\t\t\t\t\t\t<\/div>\n\t\t\t\t\t<\/div>\n\t\t\t\t<\/div>\n\t\t<div class=\"elementor-element elementor-element-ec8cad0 e-flex e-con-boxed e-con e-parent\" data-id=\"ec8cad0\" data-element_type=\"container\" data-e-type=\"container\">\n\t\t\t\t\t<div class=\"e-con-inner\">\n\t\t\t\t\t<\/div>\n\t\t\t\t<\/div>\n\t\t<div class=\"elementor-element elementor-element-871e6be e-flex e-con-boxed e-con e-parent\" data-id=\"871e6be\" data-element_type=\"container\" data-e-type=\"container\" data-settings=\"{&quot;background_background&quot;:&quot;classic&quot;}\">\n\t\t\t\t\t<div class=\"e-con-inner\">\n\t\t\t\t<div class=\"elementor-element elementor-element-00c34c5 elementor-widget elementor-widget-heading\" data-id=\"00c34c5\" data-element_type=\"widget\" data-e-type=\"widget\" data-widget_type=\"heading.default\">\n\t\t\t\t\t<h2 class=\"elementor-heading-title elementor-size-default\">Directory<\/h2>\t\t\t\t<\/div>\n\t\t\t\t\t<\/div>\n\t\t\t\t<\/div>\n\t\t<div class=\"elementor-element elementor-element-ddb4a3f e-flex e-con-boxed e-con e-parent\" data-id=\"ddb4a3f\" data-element_type=\"container\" data-e-type=\"container\" data-settings=\"{&quot;background_background&quot;:&quot;classic&quot;}\">\n\t\t\t\t\t<div class=\"e-con-inner\">\n\t\t<div class=\"elementor-element elementor-element-befddf5 e-con-full e-flex e-con e-child\" data-id=\"befddf5\" data-element_type=\"container\" data-e-type=\"container\">\n\t\t\t\t<div class=\"elementor-element elementor-element-1090a18 elementor-position-top elementor-widget elementor-widget-image-box\" data-id=\"1090a18\" data-element_type=\"widget\" data-e-type=\"widget\" data-widget_type=\"image-box.default\">\n\t\t\t\t\t<div class=\"elementor-image-box-wrapper\"><figure class=\"elementor-image-box-img\"><img fetchpriority=\"high\" decoding=\"async\" width=\"400\" height=\"400\" src=\"https:\/\/fundacionlobeliana.org\/wp-content\/uploads\/2026\/01\/Benjamin-Gelcich-1.jpg\" class=\"attachment-full size-full wp-image-1252\" alt=\"\" srcset=\"https:\/\/fundacionlobeliana.org\/wp-content\/uploads\/2026\/01\/Benjamin-Gelcich-1.jpg 400w, https:\/\/fundacionlobeliana.org\/wp-content\/uploads\/2026\/01\/Benjamin-Gelcich-1-300x300.jpg 300w, https:\/\/fundacionlobeliana.org\/wp-content\/uploads\/2026\/01\/Benjamin-Gelcich-1-150x150.jpg 150w, https:\/\/fundacionlobeliana.org\/wp-content\/uploads\/2026\/01\/Benjamin-Gelcich-1-12x12.jpg 12w, https:\/\/fundacionlobeliana.org\/wp-content\/uploads\/2026\/01\/Benjamin-Gelcich-1-100x100.jpg 100w\" sizes=\"(max-width: 400px) 100vw, 400px\" \/><\/figure><div class=\"elementor-image-box-content\"><h3 class=\"elementor-image-box-title\">Benjam\u00edn Gelcich<\/h3><p class=\"elementor-image-box-description\">Founder\/Director\/President\n<i>benjagelcich@gmail.com<\/i><\/p><\/div><\/div>\t\t\t\t<\/div>\n\t\t\t\t<div class=\"elementor-element elementor-element-f4b6c48 elementor-align-center elementor-widget elementor-widget-button\" data-id=\"f4b6c48\" data-element_type=\"widget\" data-e-type=\"widget\" data-widget_type=\"button.default\">\n\t\t\t\t\t\t\t\t\t\t<a class=\"elementor-button elementor-button-link elementor-size-sm\" href=\"https:\/\/fundacionlobeliana.org\/en\/benjamin-gelcich\/\">\n\t\t\t\t\t\t<span class=\"elementor-button-content-wrapper\">\n\t\t\t\t\t\t\t\t\t<span class=\"elementor-button-text\">See more<\/span>\n\t\t\t\t\t<\/span>\n\t\t\t\t\t<\/a>\n\t\t\t\t\t\t\t\t<\/div>\n\t\t\t\t<\/div>\n\t\t<div class=\"elementor-element elementor-element-eb6c3e7 e-con-full e-flex e-con e-child\" data-id=\"eb6c3e7\" data-element_type=\"container\" data-e-type=\"container\">\n\t\t\t\t<div class=\"elementor-element elementor-element-df4c014 elementor-position-top elementor-widget elementor-widget-image-box\" data-id=\"df4c014\" data-element_type=\"widget\" data-e-type=\"widget\" data-widget_type=\"image-box.default\">\n\t\t\t\t\t<div class=\"elementor-image-box-wrapper\"><figure class=\"elementor-image-box-img\"><img decoding=\"async\" width=\"400\" height=\"400\" src=\"https:\/\/fundacionlobeliana.org\/wp-content\/uploads\/2026\/01\/Eugenio-Figueroa.jpg\" class=\"attachment-full size-full wp-image-1253\" alt=\"\" srcset=\"https:\/\/fundacionlobeliana.org\/wp-content\/uploads\/2026\/01\/Eugenio-Figueroa.jpg 400w, https:\/\/fundacionlobeliana.org\/wp-content\/uploads\/2026\/01\/Eugenio-Figueroa-300x300.jpg 300w, https:\/\/fundacionlobeliana.org\/wp-content\/uploads\/2026\/01\/Eugenio-Figueroa-150x150.jpg 150w, https:\/\/fundacionlobeliana.org\/wp-content\/uploads\/2026\/01\/Eugenio-Figueroa-12x12.jpg 12w, https:\/\/fundacionlobeliana.org\/wp-content\/uploads\/2026\/01\/Eugenio-Figueroa-100x100.jpg 100w\" sizes=\"(max-width: 400px) 100vw, 400px\" \/><\/figure><div class=\"elementor-image-box-content\"><h3 class=\"elementor-image-box-title\">Eugenio Figueroa<\/h3><p class=\"elementor-image-box-description\">Co-founder\/Director\/Secretary\n<i>efigueroa@fundacionlobeliana.org<\/i><\/p><\/div><\/div>\t\t\t\t<\/div>\n\t\t\t\t<div class=\"elementor-element elementor-element-f3193cd elementor-align-center elementor-widget elementor-widget-button\" data-id=\"f3193cd\" data-element_type=\"widget\" data-e-type=\"widget\" data-widget_type=\"button.default\">\n\t\t\t\t\t\t\t\t\t\t<a class=\"elementor-button elementor-button-link elementor-size-sm\" href=\"https:\/\/fundacionlobeliana.org\/en\/eugenio-figueroa\/\">\n\t\t\t\t\t\t<span class=\"elementor-button-content-wrapper\">\n\t\t\t\t\t\t\t\t\t<span class=\"elementor-button-text\">See more<\/span>\n\t\t\t\t\t<\/span>\n\t\t\t\t\t<\/a>\n\t\t\t\t\t\t\t\t<\/div>\n\t\t\t\t<\/div>\n\t\t<div class=\"elementor-element elementor-element-e581332 e-con-full e-flex e-con e-child\" data-id=\"e581332\" data-element_type=\"container\" data-e-type=\"container\">\n\t\t\t\t<div class=\"elementor-element elementor-element-dc8ebb9 elementor-position-top elementor-widget elementor-widget-image-box\" data-id=\"dc8ebb9\" data-element_type=\"widget\" data-e-type=\"widget\" data-widget_type=\"image-box.default\">\n\t\t\t\t\t<div class=\"elementor-image-box-wrapper\"><figure class=\"elementor-image-box-img\"><img decoding=\"async\" width=\"400\" height=\"400\" src=\"https:\/\/fundacionlobeliana.org\/wp-content\/uploads\/2026\/01\/Diego-Hamilton.jpg\" class=\"attachment-full size-full wp-image-1254\" alt=\"\" srcset=\"https:\/\/fundacionlobeliana.org\/wp-content\/uploads\/2026\/01\/Diego-Hamilton.jpg 400w, https:\/\/fundacionlobeliana.org\/wp-content\/uploads\/2026\/01\/Diego-Hamilton-300x300.jpg 300w, https:\/\/fundacionlobeliana.org\/wp-content\/uploads\/2026\/01\/Diego-Hamilton-150x150.jpg 150w, https:\/\/fundacionlobeliana.org\/wp-content\/uploads\/2026\/01\/Diego-Hamilton-12x12.jpg 12w, https:\/\/fundacionlobeliana.org\/wp-content\/uploads\/2026\/01\/Diego-Hamilton-100x100.jpg 100w\" sizes=\"(max-width: 400px) 100vw, 400px\" \/><\/figure><div class=\"elementor-image-box-content\"><h3 class=\"elementor-image-box-title\">Diego Hamilton<\/h3><p class=\"elementor-image-box-description\">Director\/Treasurer\/Administration\n<i>dhamilton@fundacionlobeliana.org<\/i><\/p><\/div><\/div>\t\t\t\t<\/div>\n\t\t\t\t<div class=\"elementor-element elementor-element-18c9265 elementor-align-center elementor-widget elementor-widget-button\" data-id=\"18c9265\" data-element_type=\"widget\" data-e-type=\"widget\" data-widget_type=\"button.default\">\n\t\t\t\t\t\t\t\t\t\t<a class=\"elementor-button elementor-button-link elementor-size-sm\" href=\"https:\/\/fundacionlobeliana.org\/en\/diego-hamilton\/\">\n\t\t\t\t\t\t<span class=\"elementor-button-content-wrapper\">\n\t\t\t\t\t\t\t\t\t<span class=\"elementor-button-text\">See more<\/span>\n\t\t\t\t\t<\/span>\n\t\t\t\t\t<\/a>\n\t\t\t\t\t\t\t\t<\/div>\n\t\t\t\t<\/div>\n\t\t<div class=\"elementor-element elementor-element-312ef70 e-con-full e-flex e-con e-child\" data-id=\"312ef70\" data-element_type=\"container\" data-e-type=\"container\">\n\t\t\t\t<div class=\"elementor-element elementor-element-84b6ee7 elementor-position-top elementor-widget elementor-widget-image-box\" data-id=\"84b6ee7\" data-element_type=\"widget\" data-e-type=\"widget\" data-widget_type=\"image-box.default\">\n\t\t\t\t\t<div class=\"elementor-image-box-wrapper\"><figure class=\"elementor-image-box-img\"><img loading=\"lazy\" decoding=\"async\" width=\"400\" height=\"400\" src=\"https:\/\/fundacionlobeliana.org\/wp-content\/uploads\/2026\/01\/Francisco-Zenteno.jpg\" class=\"attachment-full size-full wp-image-1255\" alt=\"\" srcset=\"https:\/\/fundacionlobeliana.org\/wp-content\/uploads\/2026\/01\/Francisco-Zenteno.jpg 400w, https:\/\/fundacionlobeliana.org\/wp-content\/uploads\/2026\/01\/Francisco-Zenteno-300x300.jpg 300w, https:\/\/fundacionlobeliana.org\/wp-content\/uploads\/2026\/01\/Francisco-Zenteno-150x150.jpg 150w, https:\/\/fundacionlobeliana.org\/wp-content\/uploads\/2026\/01\/Francisco-Zenteno-12x12.jpg 12w, https:\/\/fundacionlobeliana.org\/wp-content\/uploads\/2026\/01\/Francisco-Zenteno-100x100.jpg 100w\" sizes=\"(max-width: 400px) 100vw, 400px\" \/><\/figure><div class=\"elementor-image-box-content\"><h3 class=\"elementor-image-box-title\">Francisco Zenteno<\/h3><p class=\"elementor-image-box-description\">Associate Director\n<i>fzenteno@fundacionlobeliana.org<\/i><\/p><\/div><\/div>\t\t\t\t<\/div>\n\t\t\t\t<div class=\"elementor-element elementor-element-ba19a49 elementor-align-center elementor-widget elementor-widget-button\" data-id=\"ba19a49\" data-element_type=\"widget\" data-e-type=\"widget\" data-widget_type=\"button.default\">\n\t\t\t\t\t\t\t\t\t\t<a class=\"elementor-button elementor-button-link elementor-size-sm\" href=\"https:\/\/fundacionlobeliana.org\/en\/francisco-zenteno\/\">\n\t\t\t\t\t\t<span class=\"elementor-button-content-wrapper\">\n\t\t\t\t\t\t\t\t\t<span class=\"elementor-button-text\">See more<\/span>\n\t\t\t\t\t<\/span>\n\t\t\t\t\t<\/a>\n\t\t\t\t\t\t\t\t<\/div>\n\t\t\t\t<\/div>\n\t\t<div class=\"elementor-element elementor-element-d80da45 e-con-full e-flex e-con e-child\" data-id=\"d80da45\" data-element_type=\"container\" data-e-type=\"container\">\n\t\t\t\t<div class=\"elementor-element elementor-element-2b50523 elementor-position-top elementor-widget elementor-widget-image-box\" data-id=\"2b50523\" data-element_type=\"widget\" data-e-type=\"widget\" data-widget_type=\"image-box.default\">\n\t\t\t\t\t<div class=\"elementor-image-box-wrapper\"><figure class=\"elementor-image-box-img\"><img loading=\"lazy\" decoding=\"async\" width=\"400\" height=\"400\" src=\"https:\/\/fundacionlobeliana.org\/wp-content\/uploads\/2026\/01\/Jonathan-Ott.jpg\" class=\"attachment-full size-full wp-image-1256\" alt=\"\" srcset=\"https:\/\/fundacionlobeliana.org\/wp-content\/uploads\/2026\/01\/Jonathan-Ott.jpg 400w, https:\/\/fundacionlobeliana.org\/wp-content\/uploads\/2026\/01\/Jonathan-Ott-300x300.jpg 300w, https:\/\/fundacionlobeliana.org\/wp-content\/uploads\/2026\/01\/Jonathan-Ott-150x150.jpg 150w, https:\/\/fundacionlobeliana.org\/wp-content\/uploads\/2026\/01\/Jonathan-Ott-12x12.jpg 12w, https:\/\/fundacionlobeliana.org\/wp-content\/uploads\/2026\/01\/Jonathan-Ott-100x100.jpg 100w\" sizes=\"(max-width: 400px) 100vw, 400px\" \/><\/figure><div class=\"elementor-image-box-content\"><h3 class=\"elementor-image-box-title\">Jonathan Ott<\/h3><p class=\"elementor-image-box-description\">Associate Director\n<i>Director Emeritus<\/i>\n<br><\/p><\/div><\/div>\t\t\t\t<\/div>\n\t\t\t\t<div class=\"elementor-element elementor-element-6c6c473 elementor-align-center elementor-widget elementor-widget-button\" data-id=\"6c6c473\" data-element_type=\"widget\" data-e-type=\"widget\" data-widget_type=\"button.default\">\n\t\t\t\t\t\t\t\t\t\t<a class=\"elementor-button elementor-button-link elementor-size-sm\" href=\"https:\/\/fundacionlobeliana.org\/en\/jonathan-ott\/\">\n\t\t\t\t\t\t<span class=\"elementor-button-content-wrapper\">\n\t\t\t\t\t\t\t\t\t<span class=\"elementor-button-text\">See more<\/span>\n\t\t\t\t\t<\/span>\n\t\t\t\t\t<\/a>\n\t\t\t\t\t\t\t\t<\/div>\n\t\t\t\t<\/div>\n\t\t<div class=\"elementor-element elementor-element-2d70576 e-con-full e-flex e-con e-child\" data-id=\"2d70576\" data-element_type=\"container\" data-e-type=\"container\">\n\t\t\t\t<div class=\"elementor-element elementor-element-88a55ff elementor-position-top elementor-widget elementor-widget-image-box\" data-id=\"88a55ff\" data-element_type=\"widget\" data-e-type=\"widget\" data-widget_type=\"image-box.default\">\n\t\t\t\t\t<div class=\"elementor-image-box-wrapper\"><figure class=\"elementor-image-box-img\"><img loading=\"lazy\" decoding=\"async\" width=\"400\" height=\"400\" src=\"https:\/\/fundacionlobeliana.org\/wp-content\/uploads\/2026\/01\/Manolo-Constantino-Torres.jpg\" class=\"attachment-full size-full wp-image-1257\" alt=\"\" srcset=\"https:\/\/fundacionlobeliana.org\/wp-content\/uploads\/2026\/01\/Manolo-Constantino-Torres.jpg 400w, https:\/\/fundacionlobeliana.org\/wp-content\/uploads\/2026\/01\/Manolo-Constantino-Torres-300x300.jpg 300w, https:\/\/fundacionlobeliana.org\/wp-content\/uploads\/2026\/01\/Manolo-Constantino-Torres-150x150.jpg 150w, https:\/\/fundacionlobeliana.org\/wp-content\/uploads\/2026\/01\/Manolo-Constantino-Torres-12x12.jpg 12w, https:\/\/fundacionlobeliana.org\/wp-content\/uploads\/2026\/01\/Manolo-Constantino-Torres-100x100.jpg 100w\" sizes=\"(max-width: 400px) 100vw, 400px\" \/><\/figure><div class=\"elementor-image-box-content\"><h3 class=\"elementor-image-box-title\">Constantino Manuel Torres<\/h3><p class=\"elementor-image-box-description\">Associate Director\n<i>Director Emeritus<\/i>\n<br><\/p><\/div><\/div>\t\t\t\t<\/div>\n\t\t\t\t<div class=\"elementor-element elementor-element-e2f2a5e elementor-align-center elementor-widget elementor-widget-button\" data-id=\"e2f2a5e\" data-element_type=\"widget\" data-e-type=\"widget\" data-widget_type=\"button.default\">\n\t\t\t\t\t\t\t\t\t\t<a class=\"elementor-button elementor-button-link elementor-size-sm\" href=\"https:\/\/fundacionlobeliana.org\/en\/constantino-manuel-torres\/\">\n\t\t\t\t\t\t<span class=\"elementor-button-content-wrapper\">\n\t\t\t\t\t\t\t\t\t<span class=\"elementor-button-text\">See more<\/span>\n\t\t\t\t\t<\/span>\n\t\t\t\t\t<\/a>\n\t\t\t\t\t\t\t\t<\/div>\n\t\t\t\t<\/div>\n\t\t<div class=\"elementor-element elementor-element-9d72cd9 e-con-full e-flex e-con e-child\" data-id=\"9d72cd9\" data-element_type=\"container\" data-e-type=\"container\">\n\t\t\t\t<div class=\"elementor-element elementor-element-744fb3a elementor-position-top elementor-widget elementor-widget-image-box\" data-id=\"744fb3a\" data-element_type=\"widget\" data-e-type=\"widget\" data-widget_type=\"image-box.default\">\n\t\t\t\t\t<div class=\"elementor-image-box-wrapper\"><figure class=\"elementor-image-box-img\"><img loading=\"lazy\" decoding=\"async\" width=\"400\" height=\"400\" src=\"https:\/\/fundacionlobeliana.org\/wp-content\/uploads\/2026\/01\/Giuliana.jpg\" class=\"attachment-full size-full wp-image-1258\" alt=\"\" srcset=\"https:\/\/fundacionlobeliana.org\/wp-content\/uploads\/2026\/01\/Giuliana.jpg 400w, https:\/\/fundacionlobeliana.org\/wp-content\/uploads\/2026\/01\/Giuliana-300x300.jpg 300w, https:\/\/fundacionlobeliana.org\/wp-content\/uploads\/2026\/01\/Giuliana-150x150.jpg 150w, https:\/\/fundacionlobeliana.org\/wp-content\/uploads\/2026\/01\/Giuliana-12x12.jpg 12w, https:\/\/fundacionlobeliana.org\/wp-content\/uploads\/2026\/01\/Giuliana-100x100.jpg 100w\" sizes=\"(max-width: 400px) 100vw, 400px\" \/><\/figure><div class=\"elementor-image-box-content\"><h3 class=\"elementor-image-box-title\">Giuliana Furci<\/h3><p class=\"elementor-image-box-description\">Directora Asociada\n<i>Director Emeritus<\/i>\n<br><\/p><\/div><\/div>\t\t\t\t<\/div>\n\t\t\t\t<div class=\"elementor-element elementor-element-783e13a elementor-align-center elementor-widget elementor-widget-button\" data-id=\"783e13a\" data-element_type=\"widget\" data-e-type=\"widget\" data-widget_type=\"button.default\">\n\t\t\t\t\t\t\t\t\t\t<a class=\"elementor-button elementor-button-link elementor-size-sm\" href=\"https:\/\/fundacionlobeliana.org\/en\/giuliana-furci\/\">\n\t\t\t\t\t\t<span class=\"elementor-button-content-wrapper\">\n\t\t\t\t\t\t\t\t\t<span class=\"elementor-button-text\">See more<\/span>\n\t\t\t\t\t<\/span>\n\t\t\t\t\t<\/a>\n\t\t\t\t\t\t\t\t<\/div>\n\t\t\t\t<\/div>\n\t\t\t\t\t<\/div>\n\t\t\t\t<\/div>\n\t\t<div class=\"elementor-element elementor-element-92d5ae3 e-flex e-con-boxed e-con e-parent\" data-id=\"92d5ae3\" data-element_type=\"container\" data-e-type=\"container\" data-settings=\"{&quot;background_background&quot;:&quot;classic&quot;}\">\n\t\t\t\t\t<div class=\"e-con-inner\">\n\t\t\t\t<div class=\"elementor-element elementor-element-b848a88 elementor-widget elementor-widget-heading\" data-id=\"b848a88\" data-element_type=\"widget\" data-e-type=\"widget\" data-widget_type=\"heading.default\">\n\t\t\t\t\t<h2 class=\"elementor-heading-title elementor-size-default\">Team<\/h2>\t\t\t\t<\/div>\n\t\t\t\t\t<\/div>\n\t\t\t\t<\/div>\n\t\t<div class=\"elementor-element elementor-element-5329818 e-flex e-con-boxed e-con e-parent\" data-id=\"5329818\" data-element_type=\"container\" data-e-type=\"container\" data-settings=\"{&quot;background_background&quot;:&quot;classic&quot;}\">\n\t\t\t\t\t<div class=\"e-con-inner\">\n\t\t<div class=\"elementor-element elementor-element-283f2e8 e-con-full e-flex e-con e-child\" data-id=\"283f2e8\" data-element_type=\"container\" data-e-type=\"container\">\n\t\t\t\t<div class=\"elementor-element elementor-element-a1a767f elementor-position-top elementor-widget elementor-widget-image-box\" data-id=\"a1a767f\" data-element_type=\"widget\" data-e-type=\"widget\" data-widget_type=\"image-box.default\">\n\t\t\t\t\t<div class=\"elementor-image-box-wrapper\"><figure class=\"elementor-image-box-img\"><img loading=\"lazy\" decoding=\"async\" width=\"400\" height=\"400\" src=\"https:\/\/fundacionlobeliana.org\/wp-content\/uploads\/2026\/01\/Claudia-Levine.jpg\" class=\"attachment-full size-full wp-image-1259\" alt=\"\" srcset=\"https:\/\/fundacionlobeliana.org\/wp-content\/uploads\/2026\/01\/Claudia-Levine.jpg 400w, https:\/\/fundacionlobeliana.org\/wp-content\/uploads\/2026\/01\/Claudia-Levine-300x300.jpg 300w, https:\/\/fundacionlobeliana.org\/wp-content\/uploads\/2026\/01\/Claudia-Levine-150x150.jpg 150w, https:\/\/fundacionlobeliana.org\/wp-content\/uploads\/2026\/01\/Claudia-Levine-12x12.jpg 12w, https:\/\/fundacionlobeliana.org\/wp-content\/uploads\/2026\/01\/Claudia-Levine-100x100.jpg 100w\" sizes=\"(max-width: 400px) 100vw, 400px\" \/><\/figure><div class=\"elementor-image-box-content\"><h3 class=\"elementor-image-box-title\">Claudia Levine<\/h3><p class=\"elementor-image-box-description\">Legal Advice<\/p><\/div><\/div>\t\t\t\t<\/div>\n\t\t\t\t<div class=\"elementor-element elementor-element-b07ffef elementor-align-center elementor-widget elementor-widget-button\" data-id=\"b07ffef\" data-element_type=\"widget\" data-e-type=\"widget\" data-widget_type=\"button.default\">\n\t\t\t\t\t\t\t\t\t\t<a class=\"elementor-button elementor-button-link elementor-size-sm\" href=\"https:\/\/fundacionlobeliana.org\/en\/claudia-levine\/\">\n\t\t\t\t\t\t<span class=\"elementor-button-content-wrapper\">\n\t\t\t\t\t\t\t\t\t<span class=\"elementor-button-text\">See more<\/span>\n\t\t\t\t\t<\/span>\n\t\t\t\t\t<\/a>\n\t\t\t\t\t\t\t\t<\/div>\n\t\t\t\t<\/div>\n\t\t<div class=\"elementor-element elementor-element-0cba0c0 e-con-full e-flex e-con e-child\" data-id=\"0cba0c0\" data-element_type=\"container\" data-e-type=\"container\">\n\t\t\t\t<div class=\"elementor-element elementor-element-e8b45a9 elementor-position-top elementor-widget elementor-widget-image-box\" data-id=\"e8b45a9\" data-element_type=\"widget\" data-e-type=\"widget\" data-widget_type=\"image-box.default\">\n\t\t\t\t\t<div class=\"elementor-image-box-wrapper\"><figure class=\"elementor-image-box-img\"><img loading=\"lazy\" decoding=\"async\" width=\"400\" height=\"400\" src=\"https:\/\/fundacionlobeliana.org\/wp-content\/uploads\/2026\/01\/Ximena-Faunes.jpg\" class=\"attachment-full size-full wp-image-1260\" alt=\"\" srcset=\"https:\/\/fundacionlobeliana.org\/wp-content\/uploads\/2026\/01\/Ximena-Faunes.jpg 400w, https:\/\/fundacionlobeliana.org\/wp-content\/uploads\/2026\/01\/Ximena-Faunes-300x300.jpg 300w, https:\/\/fundacionlobeliana.org\/wp-content\/uploads\/2026\/01\/Ximena-Faunes-150x150.jpg 150w, https:\/\/fundacionlobeliana.org\/wp-content\/uploads\/2026\/01\/Ximena-Faunes-12x12.jpg 12w, https:\/\/fundacionlobeliana.org\/wp-content\/uploads\/2026\/01\/Ximena-Faunes-100x100.jpg 100w\" sizes=\"(max-width: 400px) 100vw, 400px\" \/><\/figure><div class=\"elementor-image-box-content\"><h3 class=\"elementor-image-box-title\">Ximena Faunes<\/h3><p class=\"elementor-image-box-description\">Directora del Archivo Audiovisual<\/p><\/div><\/div>\t\t\t\t<\/div>\n\t\t\t\t<div class=\"elementor-element elementor-element-df1609e elementor-align-center elementor-widget elementor-widget-button\" data-id=\"df1609e\" data-element_type=\"widget\" data-e-type=\"widget\" data-widget_type=\"button.default\">\n\t\t\t\t\t\t\t\t\t\t<a class=\"elementor-button elementor-button-link elementor-size-sm\" href=\"https:\/\/fundacionlobeliana.org\/en\/ximena-faunes\/\">\n\t\t\t\t\t\t<span class=\"elementor-button-content-wrapper\">\n\t\t\t\t\t\t\t\t\t<span class=\"elementor-button-text\">See more<\/span>\n\t\t\t\t\t<\/span>\n\t\t\t\t\t<\/a>\n\t\t\t\t\t\t\t\t<\/div>\n\t\t\t\t<\/div>\n\t\t<div class=\"elementor-element elementor-element-80601f5 e-con-full e-flex e-con e-child\" data-id=\"80601f5\" data-element_type=\"container\" data-e-type=\"container\">\n\t\t\t\t<div class=\"elementor-element elementor-element-b0404e3 elementor-position-top elementor-widget elementor-widget-image-box\" data-id=\"b0404e3\" data-element_type=\"widget\" data-e-type=\"widget\" data-widget_type=\"image-box.default\">\n\t\t\t\t\t<div class=\"elementor-image-box-wrapper\"><figure class=\"elementor-image-box-img\"><img loading=\"lazy\" decoding=\"async\" width=\"400\" height=\"400\" src=\"https:\/\/fundacionlobeliana.org\/wp-content\/uploads\/2026\/01\/Isbelio-Godoy.jpg\" class=\"attachment-full size-full wp-image-1261\" alt=\"\" srcset=\"https:\/\/fundacionlobeliana.org\/wp-content\/uploads\/2026\/01\/Isbelio-Godoy.jpg 400w, https:\/\/fundacionlobeliana.org\/wp-content\/uploads\/2026\/01\/Isbelio-Godoy-300x300.jpg 300w, https:\/\/fundacionlobeliana.org\/wp-content\/uploads\/2026\/01\/Isbelio-Godoy-150x150.jpg 150w, https:\/\/fundacionlobeliana.org\/wp-content\/uploads\/2026\/01\/Isbelio-Godoy-12x12.jpg 12w, https:\/\/fundacionlobeliana.org\/wp-content\/uploads\/2026\/01\/Isbelio-Godoy-100x100.jpg 100w\" sizes=\"(max-width: 400px) 100vw, 400px\" \/><\/figure><div class=\"elementor-image-box-content\"><h3 class=\"elementor-image-box-title\">Isbelio Godoy<\/h3><p class=\"elementor-image-box-description\">Researcher<\/p><\/div><\/div>\t\t\t\t<\/div>\n\t\t\t\t<div class=\"elementor-element elementor-element-a6bcce7 elementor-align-center elementor-widget elementor-widget-button\" data-id=\"a6bcce7\" data-element_type=\"widget\" data-e-type=\"widget\" data-widget_type=\"button.default\">\n\t\t\t\t\t\t\t\t\t\t<a class=\"elementor-button elementor-button-link elementor-size-sm\" href=\"https:\/\/fundacionlobeliana.org\/en\/isbelio-godoy\/\">\n\t\t\t\t\t\t<span class=\"elementor-button-content-wrapper\">\n\t\t\t\t\t\t\t\t\t<span class=\"elementor-button-text\">See more<\/span>\n\t\t\t\t\t<\/span>\n\t\t\t\t\t<\/a>\n\t\t\t\t\t\t\t\t<\/div>\n\t\t\t\t<\/div>\n\t\t<div class=\"elementor-element elementor-element-0faef00 e-con-full e-flex e-con e-child\" data-id=\"0faef00\" data-element_type=\"container\" data-e-type=\"container\">\n\t\t\t\t<div class=\"elementor-element elementor-element-2a9c2c9 elementor-position-top elementor-widget elementor-widget-image-box\" data-id=\"2a9c2c9\" data-element_type=\"widget\" data-e-type=\"widget\" data-widget_type=\"image-box.default\">\n\t\t\t\t\t<div class=\"elementor-image-box-wrapper\"><figure class=\"elementor-image-box-img\"><img loading=\"lazy\" decoding=\"async\" width=\"400\" height=\"400\" src=\"https:\/\/fundacionlobeliana.org\/wp-content\/uploads\/2026\/01\/Luis-Solarat.png\" class=\"attachment-full size-full wp-image-1262\" alt=\"\" srcset=\"https:\/\/fundacionlobeliana.org\/wp-content\/uploads\/2026\/01\/Luis-Solarat.png 400w, https:\/\/fundacionlobeliana.org\/wp-content\/uploads\/2026\/01\/Luis-Solarat-300x300.png 300w, https:\/\/fundacionlobeliana.org\/wp-content\/uploads\/2026\/01\/Luis-Solarat-150x150.png 150w, https:\/\/fundacionlobeliana.org\/wp-content\/uploads\/2026\/01\/Luis-Solarat-12x12.png 12w, https:\/\/fundacionlobeliana.org\/wp-content\/uploads\/2026\/01\/Luis-Solarat-100x100.png 100w\" sizes=\"(max-width: 400px) 100vw, 400px\" \/><\/figure><div class=\"elementor-image-box-content\"><h3 class=\"elementor-image-box-title\">Luis Solarat<\/h3><p class=\"elementor-image-box-description\">Audiovisual<\/p><\/div><\/div>\t\t\t\t<\/div>\n\t\t\t\t<div class=\"elementor-element elementor-element-21abe38 elementor-align-center elementor-widget elementor-widget-button\" data-id=\"21abe38\" data-element_type=\"widget\" data-e-type=\"widget\" data-widget_type=\"button.default\">\n\t\t\t\t\t\t\t\t\t\t<a class=\"elementor-button elementor-button-link elementor-size-sm\" href=\"https:\/\/fundacionlobeliana.org\/en\/luis-solarat\/\">\n\t\t\t\t\t\t<span class=\"elementor-button-content-wrapper\">\n\t\t\t\t\t\t\t\t\t<span class=\"elementor-button-text\">See more<\/span>\n\t\t\t\t\t<\/span>\n\t\t\t\t\t<\/a>\n\t\t\t\t\t\t\t\t<\/div>\n\t\t\t\t<\/div>\n\t\t<div class=\"elementor-element elementor-element-4424e6c e-con-full e-flex e-con e-child\" data-id=\"4424e6c\" data-element_type=\"container\" data-e-type=\"container\">\n\t\t\t\t<div class=\"elementor-element elementor-element-44e4dab elementor-position-top elementor-widget elementor-widget-image-box\" data-id=\"44e4dab\" data-element_type=\"widget\" data-e-type=\"widget\" data-widget_type=\"image-box.default\">\n\t\t\t\t\t<div class=\"elementor-image-box-wrapper\"><figure class=\"elementor-image-box-img\"><img loading=\"lazy\" decoding=\"async\" width=\"400\" height=\"400\" src=\"https:\/\/fundacionlobeliana.org\/wp-content\/uploads\/2026\/01\/Leo-Anconantani.jpg\" class=\"attachment-full size-full wp-image-1263\" alt=\"\" srcset=\"https:\/\/fundacionlobeliana.org\/wp-content\/uploads\/2026\/01\/Leo-Anconantani.jpg 400w, https:\/\/fundacionlobeliana.org\/wp-content\/uploads\/2026\/01\/Leo-Anconantani-300x300.jpg 300w, https:\/\/fundacionlobeliana.org\/wp-content\/uploads\/2026\/01\/Leo-Anconantani-150x150.jpg 150w, https:\/\/fundacionlobeliana.org\/wp-content\/uploads\/2026\/01\/Leo-Anconantani-12x12.jpg 12w, https:\/\/fundacionlobeliana.org\/wp-content\/uploads\/2026\/01\/Leo-Anconantani-100x100.jpg 100w\" sizes=\"(max-width: 400px) 100vw, 400px\" \/><\/figure><div class=\"elementor-image-box-content\"><h3 class=\"elementor-image-box-title\">Leonardo Anconatani<\/h3><p class=\"elementor-image-box-description\">Pharmacist<\/p><\/div><\/div>\t\t\t\t<\/div>\n\t\t\t\t<div class=\"elementor-element elementor-element-616db86 elementor-align-center elementor-widget elementor-widget-button\" data-id=\"616db86\" data-element_type=\"widget\" data-e-type=\"widget\" data-widget_type=\"button.default\">\n\t\t\t\t\t\t\t\t\t\t<a class=\"elementor-button elementor-button-link elementor-size-sm\" href=\"https:\/\/fundacionlobeliana.org\/en\/leonardo-anconatani\/\">\n\t\t\t\t\t\t<span class=\"elementor-button-content-wrapper\">\n\t\t\t\t\t\t\t\t\t<span class=\"elementor-button-text\">See more<\/span>\n\t\t\t\t\t<\/span>\n\t\t\t\t\t<\/a>\n\t\t\t\t\t\t\t\t<\/div>\n\t\t\t\t<\/div>\n\t\t<div class=\"elementor-element elementor-element-ee3a1a0 e-con-full e-flex e-con e-child\" data-id=\"ee3a1a0\" data-element_type=\"container\" data-e-type=\"container\">\n\t\t\t\t<\/div>\n\t\t\t\t\t<\/div>\n\t\t\t\t<\/div>\n\t\t<div class=\"elementor-element elementor-element-e9ec7f0 e-flex e-con-boxed e-con e-parent\" data-id=\"e9ec7f0\" data-element_type=\"container\" data-e-type=\"container\" data-settings=\"{&quot;background_background&quot;:&quot;classic&quot;}\">\n\t\t\t\t\t<div class=\"e-con-inner\">\n\t\t\t\t<div class=\"elementor-element elementor-element-0195a97 elementor-widget elementor-widget-heading\" data-id=\"0195a97\" data-element_type=\"widget\" data-e-type=\"widget\" data-widget_type=\"heading.default\">\n\t\t\t\t\t<h2 class=\"elementor-heading-title elementor-size-default\">Colaboradores<\/h2>\t\t\t\t<\/div>\n\t\t\t\t<div class=\"elementor-element elementor-element-84f08ec carrusel-logos elementor-arrows-position-inside elementor-pagination-position-outside elementor-widget elementor-widget-image-carousel\" data-id=\"84f08ec\" data-element_type=\"widget\" data-e-type=\"widget\" data-settings=\"{&quot;navigation&quot;:&quot;both&quot;,&quot;autoplay&quot;:&quot;yes&quot;,&quot;pause_on_hover&quot;:&quot;yes&quot;,&quot;pause_on_interaction&quot;:&quot;yes&quot;,&quot;autoplay_speed&quot;:5000,&quot;infinite&quot;:&quot;yes&quot;,&quot;speed&quot;:500,&quot;image_spacing_custom&quot;:{&quot;unit&quot;:&quot;px&quot;,&quot;size&quot;:20,&quot;sizes&quot;:[]},&quot;image_spacing_custom_tablet&quot;:{&quot;unit&quot;:&quot;px&quot;,&quot;size&quot;:&quot;&quot;,&quot;sizes&quot;:[]},&quot;image_spacing_custom_mobile&quot;:{&quot;unit&quot;:&quot;px&quot;,&quot;size&quot;:&quot;&quot;,&quot;sizes&quot;:[]}}\" data-widget_type=\"image-carousel.default\">\n\t\t\t\t\t\t\t<div class=\"elementor-image-carousel-wrapper swiper\" role=\"region\" aria-roledescription=\"carousel\" aria-label=\"Carrusel de im\u00e1genes\" dir=\"ltr\">\n\t\t\t<div class=\"elementor-image-carousel swiper-wrapper\" aria-live=\"off\">\n\t\t\t\t\t\t\t\t<div class=\"swiper-slide\" role=\"group\" aria-roledescription=\"slide\" aria-label=\"1 de 11\"><figure class=\"swiper-slide-inner\"><img decoding=\"async\" class=\"swiper-slide-image\" src=\"https:\/\/fundacionlobeliana.org\/wp-content\/uploads\/2026\/02\/logo-precolombino.png\" alt=\"logo precolombino\" \/><\/figure><\/div><div class=\"swiper-slide\" role=\"group\" aria-roledescription=\"slide\" aria-label=\"2 de 11\"><figure class=\"swiper-slide-inner\"><img decoding=\"async\" class=\"swiper-slide-image\" src=\"https:\/\/fundacionlobeliana.org\/wp-content\/uploads\/2026\/02\/Copia-de-logo-revista-mate.png\" alt=\"Copia de logo revista mate\" \/><\/figure><\/div><div class=\"swiper-slide\" role=\"group\" aria-roledescription=\"slide\" aria-label=\"3 de 11\"><figure class=\"swiper-slide-inner\"><img decoding=\"async\" class=\"swiper-slide-image\" src=\"https:\/\/fundacionlobeliana.org\/wp-content\/uploads\/2026\/02\/Copia-de-azul-micelio-logo1-scaled.png\" alt=\"Copia de azul micelio logo1\" \/><\/figure><\/div><div class=\"swiper-slide\" role=\"group\" aria-roledescription=\"slide\" aria-label=\"4 de 11\"><figure class=\"swiper-slide-inner\"><img decoding=\"async\" class=\"swiper-slide-image\" src=\"https:\/\/fundacionlobeliana.org\/wp-content\/uploads\/2026\/02\/logo-vasos-comunicantes-1.png\" alt=\"logo-vasos-comunicantes\" \/><\/figure><\/div><div class=\"swiper-slide\" role=\"group\" aria-roledescription=\"slide\" aria-label=\"5 de 11\"><figure class=\"swiper-slide-inner\"><img decoding=\"async\" class=\"swiper-slide-image\" src=\"https:\/\/fundacionlobeliana.org\/wp-content\/uploads\/2026\/02\/Circulo-Manna.png\" alt=\"Circulo Manna\" \/><\/figure><\/div><div class=\"swiper-slide\" role=\"group\" aria-roledescription=\"slide\" aria-label=\"6 de 11\"><figure class=\"swiper-slide-inner\"><img decoding=\"async\" class=\"swiper-slide-image\" src=\"https:\/\/fundacionlobeliana.org\/wp-content\/uploads\/2026\/02\/F.MANDRAGORA-Logo.png\" alt=\"F.MANDRA\u0301GORA Logo\" \/><\/figure><\/div><div class=\"swiper-slide\" role=\"group\" aria-roledescription=\"slide\" aria-label=\"7 de 11\"><figure class=\"swiper-slide-inner\"><img decoding=\"async\" class=\"swiper-slide-image\" src=\"https:\/\/fundacionlobeliana.org\/wp-content\/uploads\/2026\/02\/Ulises-LOGO-negro.jpeg\" alt=\"Ulises LOGO negro\" \/><\/figure><\/div><div class=\"swiper-slide\" role=\"group\" aria-roledescription=\"slide\" aria-label=\"8 de 11\"><figure class=\"swiper-slide-inner\"><img decoding=\"async\" class=\"swiper-slide-image\" src=\"https:\/\/fundacionlobeliana.org\/wp-content\/uploads\/2026\/02\/logo-fundacion-fungi_fb.png\" alt=\"logo fundacion fungi_fb\" \/><\/figure><\/div><div class=\"swiper-slide\" role=\"group\" aria-roledescription=\"slide\" aria-label=\"9 de 11\"><figure class=\"swiper-slide-inner\"><img decoding=\"async\" class=\"swiper-slide-image\" src=\"https:\/\/fundacionlobeliana.org\/wp-content\/uploads\/2026\/02\/wasiwaska.jpg\" alt=\"wasiwaska\" \/><\/figure><\/div><div class=\"swiper-slide\" role=\"group\" aria-roledescription=\"slide\" aria-label=\"10 de 11\"><figure class=\"swiper-slide-inner\"><img decoding=\"async\" class=\"swiper-slide-image\" src=\"https:\/\/fundacionlobeliana.org\/wp-content\/uploads\/2026\/03\/psychedelia-foundation.png\" alt=\"psychedelia foundation\" \/><\/figure><\/div><div class=\"swiper-slide\" role=\"group\" aria-roledescription=\"slide\" aria-label=\"11 de 11\"><figure class=\"swiper-slide-inner\"><img decoding=\"async\" class=\"swiper-slide-image\" src=\"https:\/\/fundacionlobeliana.org\/wp-content\/uploads\/2026\/03\/LOGO-Libros-enteogenos-PNG.png\" alt=\"LOGO Libros enteogenos PNG\" \/><\/figure><\/div>\t\t\t<\/div>\n\t\t\t\t\t\t\t\t\t\t\t\t<div class=\"elementor-swiper-button elementor-swiper-button-prev\" role=\"button\" tabindex=\"0\">\n\t\t\t\t\t\t<svg aria-hidden=\"true\" class=\"e-font-icon-svg e-eicon-chevron-left\" viewbox=\"0 0 1000 1000\" xmlns=\"http:\/\/www.w3.org\/2000\/svg\"><path d=\"M646 125C629 125 613 133 604 142L308 442C296 454 292 471 292 487 292 504 296 521 308 533L604 854C617 867 629 875 646 875 663 875 679 871 692 858 704 846 713 829 713 812 713 796 708 779 692 767L438 487 692 225C700 217 708 204 708 187 708 171 704 154 692 142 675 129 663 125 646 125Z\"><\/path><\/svg>\t\t\t\t\t<\/div>\n\t\t\t\t\t<div class=\"elementor-swiper-button elementor-swiper-button-next\" role=\"button\" tabindex=\"0\">\n\t\t\t\t\t\t<svg aria-hidden=\"true\" class=\"e-font-icon-svg e-eicon-chevron-right\" viewbox=\"0 0 1000 1000\" xmlns=\"http:\/\/www.w3.org\/2000\/svg\"><path d=\"M696 533C708 521 713 504 713 487 713 471 708 454 696 446L400 146C388 133 375 125 354 125 338 125 325 129 313 142 300 154 292 171 292 187 292 204 296 221 308 233L563 492 304 771C292 783 288 800 288 817 288 833 296 850 308 863 321 871 338 875 354 875 371 875 388 867 400 854L696 533Z\"><\/path><\/svg>\t\t\t\t\t<\/div>\n\t\t\t\t\n\t\t\t\t\t\t\t\t\t<div class=\"swiper-pagination\"><\/div>\n\t\t\t\t\t\t\t\t\t<\/div>\n\t\t\t\t\t\t<\/div>\n\t\t\t\t\t<\/div>\n\t\t\t\t<\/div>\n\t\t\t\t<\/div>","protected":false},"excerpt":{"rendered":"<p>Fundaci\u00f3n Lobeliana nace en 2022 en Santiago de Chile con la misi\u00f3n de conservar, investigar y poner en di\u00e1logo el vasto conocimiento sobre plantas y hongos psicoactivos, as\u00ed como la historia cultural de las drogas en todas sus dimensiones. Nuestro proyecto se articula en torno a la construcci\u00f3n de la Biblioteca Lobeliana de libre acceso [&hellip;]<\/p>","protected":false},"author":1,"featured_media":0,"parent":0,"menu_order":0,"comment_status":"closed","ping_status":"closed","template":"","meta":{"footnotes":""},"class_list":["post-1129","page","type-page","status-publish","hentry"],"yoast_head":"<!-- This site is optimized with the Yoast SEO plugin v27.2 - https:\/\/yoast.com\/product\/yoast-seo-wordpress\/ -->\n<title>Nuestro Equipo - Fundacion Lobeliana<\/title>\n<meta name=\"robots\" content=\"index, follow, max-snippet:-1, max-image-preview:large, max-video-preview:-1\" \/>\n<link rel=\"canonical\" href=\"https:\/\/fundacionlobeliana.org\/en\/nuestro-equipo\/\" \/>\n<meta property=\"og:locale\" content=\"en_GB\" \/>\n<meta property=\"og:type\" content=\"article\" \/>\n<meta property=\"og:title\" content=\"Nuestro Equipo - Fundacion Lobeliana\" \/>\n<meta property=\"og:description\" content=\"Fundaci\u00f3n Lobeliana nace en 2022 en Santiago de Chile con la misi\u00f3n de conservar, investigar y poner en di\u00e1logo el vasto conocimiento sobre plantas y hongos psicoactivos, as\u00ed como la historia cultural de las drogas en todas sus dimensiones. Nuestro proyecto se articula en torno a la construcci\u00f3n de la Biblioteca Lobeliana de libre acceso [&hellip;]\" \/>\n<meta property=\"og:url\" content=\"https:\/\/fundacionlobeliana.org\/en\/nuestro-equipo\/\" \/>\n<meta property=\"og:site_name\" content=\"Fundacion Lobeliana\" \/>\n<meta property=\"article:modified_time\" content=\"2026-04-20T17:35:57+00:00\" \/>\n<meta property=\"og:image\" content=\"https:\/\/fundacionlobeliana.org\/wp-content\/uploads\/2026\/01\/Benjamin-Gelcich-1.jpg\" \/>\n\t<meta property=\"og:image:width\" content=\"400\" \/>\n\t<meta property=\"og:image:height\" content=\"400\" \/>\n\t<meta property=\"og:image:type\" content=\"image\/jpeg\" \/>\n<meta name=\"twitter:card\" content=\"summary_large_image\" \/>\n<meta name=\"twitter:label1\" content=\"Estimated reading time\" \/>\n\t<meta name=\"twitter:data1\" content=\"8 minutes\" \/>\n<script type=\"application\/ld+json\" class=\"yoast-schema-graph\">{\"@context\":\"https:\/\/schema.org\",\"@graph\":[{\"@type\":\"WebPage\",\"@id\":\"https:\/\/fundacionlobeliana.org\/nuestro-equipo\/\",\"url\":\"https:\/\/fundacionlobeliana.org\/nuestro-equipo\/\",\"name\":\"Nuestro Equipo - Fundacion Lobeliana\",\"isPartOf\":{\"@id\":\"https:\/\/fundacionlobeliana.org\/#website\"},\"primaryImageOfPage\":{\"@id\":\"https:\/\/fundacionlobeliana.org\/nuestro-equipo\/#primaryimage\"},\"image\":{\"@id\":\"https:\/\/fundacionlobeliana.org\/nuestro-equipo\/#primaryimage\"},\"thumbnailUrl\":\"https:\/\/fundacionlobeliana.org\/wp-content\/uploads\/2026\/01\/Benjamin-Gelcich-1.jpg\",\"datePublished\":\"2025-12-17T00:59:05+00:00\",\"dateModified\":\"2026-04-20T17:35:57+00:00\",\"breadcrumb\":{\"@id\":\"https:\/\/fundacionlobeliana.org\/nuestro-equipo\/#breadcrumb\"},\"inLanguage\":\"en-GB\",\"potentialAction\":[{\"@type\":\"ReadAction\",\"target\":[\"https:\/\/fundacionlobeliana.org\/nuestro-equipo\/\"]}]},{\"@type\":\"ImageObject\",\"inLanguage\":\"en-GB\",\"@id\":\"https:\/\/fundacionlobeliana.org\/nuestro-equipo\/#primaryimage\",\"url\":\"https:\/\/fundacionlobeliana.org\/wp-content\/uploads\/2026\/01\/Benjamin-Gelcich-1.jpg\",\"contentUrl\":\"https:\/\/fundacionlobeliana.org\/wp-content\/uploads\/2026\/01\/Benjamin-Gelcich-1.jpg\"},{\"@type\":\"BreadcrumbList\",\"@id\":\"https:\/\/fundacionlobeliana.org\/nuestro-equipo\/#breadcrumb\",\"itemListElement\":[{\"@type\":\"ListItem\",\"position\":1,\"name\":\"Portada\",\"item\":\"https:\/\/fundacionlobeliana.org\/\"},{\"@type\":\"ListItem\",\"position\":2,\"name\":\"Nuestro Equipo\"}]},{\"@type\":\"WebSite\",\"@id\":\"https:\/\/fundacionlobeliana.org\/#website\",\"url\":\"https:\/\/fundacionlobeliana.org\/\",\"name\":\"Fundacion Lobeliana\",\"description\":\"Organizaci\u00f3n sin fines de lucro que tiene como misi\u00f3n el rescatar, actualizar, visibilizar y hacer disponible el conocimiento acumulado hasta hoy sobre f\u00e1rmacos naturales y psicoactivos\",\"publisher\":{\"@id\":\"https:\/\/fundacionlobeliana.org\/#organization\"},\"potentialAction\":[{\"@type\":\"SearchAction\",\"target\":{\"@type\":\"EntryPoint\",\"urlTemplate\":\"https:\/\/fundacionlobeliana.org\/?s={search_term_string}\"},\"query-input\":{\"@type\":\"PropertyValueSpecification\",\"valueRequired\":true,\"valueName\":\"search_term_string\"}}],\"inLanguage\":\"en-GB\"},{\"@type\":\"Organization\",\"@id\":\"https:\/\/fundacionlobeliana.org\/#organization\",\"name\":\"Fundacion Lobeliana\",\"url\":\"https:\/\/fundacionlobeliana.org\/\",\"logo\":{\"@type\":\"ImageObject\",\"inLanguage\":\"en-GB\",\"@id\":\"https:\/\/fundacionlobeliana.org\/#\/schema\/logo\/image\/\",\"url\":\"https:\/\/fundacionlobeliana.org\/wp-content\/uploads\/2025\/09\/logo_fundacion_lobeliana-02.png\",\"contentUrl\":\"https:\/\/fundacionlobeliana.org\/wp-content\/uploads\/2025\/09\/logo_fundacion_lobeliana-02.png\",\"width\":571,\"height\":718,\"caption\":\"Fundacion Lobeliana\"},\"image\":{\"@id\":\"https:\/\/fundacionlobeliana.org\/#\/schema\/logo\/image\/\"}}]}<\/script>\n<!-- \/ Yoast SEO plugin. -->","yoast_head_json":{"title":"Nuestro Equipo - Fundacion Lobeliana","robots":{"index":"index","follow":"follow","max-snippet":"max-snippet:-1","max-image-preview":"max-image-preview:large","max-video-preview":"max-video-preview:-1"},"canonical":"https:\/\/fundacionlobeliana.org\/en\/nuestro-equipo\/","og_locale":"en_GB","og_type":"article","og_title":"Nuestro Equipo - Fundacion Lobeliana","og_description":"Fundaci\u00f3n Lobeliana nace en 2022 en Santiago de Chile con la misi\u00f3n de conservar, investigar y poner en di\u00e1logo el vasto conocimiento sobre plantas y hongos psicoactivos, as\u00ed como la historia cultural de las drogas en todas sus dimensiones. Nuestro proyecto se articula en torno a la construcci\u00f3n de la Biblioteca Lobeliana de libre acceso [&hellip;]","og_url":"https:\/\/fundacionlobeliana.org\/en\/nuestro-equipo\/","og_site_name":"Fundacion Lobeliana","article_modified_time":"2026-04-20T17:35:57+00:00","og_image":[{"width":400,"height":400,"url":"https:\/\/fundacionlobeliana.org\/wp-content\/uploads\/2026\/01\/Benjamin-Gelcich-1.jpg","type":"image\/jpeg"}],"twitter_card":"summary_large_image","twitter_misc":{"Estimated reading time":"8 minutes"},"schema":{"@context":"https:\/\/schema.org","@graph":[{"@type":"WebPage","@id":"https:\/\/fundacionlobeliana.org\/nuestro-equipo\/","url":"https:\/\/fundacionlobeliana.org\/nuestro-equipo\/","name":"Nuestro Equipo - Fundacion Lobeliana","isPartOf":{"@id":"https:\/\/fundacionlobeliana.org\/#website"},"primaryImageOfPage":{"@id":"https:\/\/fundacionlobeliana.org\/nuestro-equipo\/#primaryimage"},"image":{"@id":"https:\/\/fundacionlobeliana.org\/nuestro-equipo\/#primaryimage"},"thumbnailUrl":"https:\/\/fundacionlobeliana.org\/wp-content\/uploads\/2026\/01\/Benjamin-Gelcich-1.jpg","datePublished":"2025-12-17T00:59:05+00:00","dateModified":"2026-04-20T17:35:57+00:00","breadcrumb":{"@id":"https:\/\/fundacionlobeliana.org\/nuestro-equipo\/#breadcrumb"},"inLanguage":"en-GB","potentialAction":[{"@type":"ReadAction","target":["https:\/\/fundacionlobeliana.org\/nuestro-equipo\/"]}]},{"@type":"ImageObject","inLanguage":"en-GB","@id":"https:\/\/fundacionlobeliana.org\/nuestro-equipo\/#primaryimage","url":"https:\/\/fundacionlobeliana.org\/wp-content\/uploads\/2026\/01\/Benjamin-Gelcich-1.jpg","contentUrl":"https:\/\/fundacionlobeliana.org\/wp-content\/uploads\/2026\/01\/Benjamin-Gelcich-1.jpg"},{"@type":"BreadcrumbList","@id":"https:\/\/fundacionlobeliana.org\/nuestro-equipo\/#breadcrumb","itemListElement":[{"@type":"ListItem","position":1,"name":"Portada","item":"https:\/\/fundacionlobeliana.org\/"},{"@type":"ListItem","position":2,"name":"Nuestro Equipo"}]},{"@type":"WebSite","@id":"https:\/\/fundacionlobeliana.org\/#website","url":"https:\/\/fundacionlobeliana.org\/","name":"Fundacion Lobeliana","description":"Organizaci\u00f3n sin fines de lucro que tiene como misi\u00f3n el rescatar, actualizar, visibilizar y hacer disponible el conocimiento acumulado hasta hoy sobre f\u00e1rmacos naturales y psicoactivos","publisher":{"@id":"https:\/\/fundacionlobeliana.org\/#organization"},"potentialAction":[{"@type":"SearchAction","target":{"@type":"EntryPoint","urlTemplate":"https:\/\/fundacionlobeliana.org\/?s={search_term_string}"},"query-input":{"@type":"PropertyValueSpecification","valueRequired":true,"valueName":"search_term_string"}}],"inLanguage":"en-GB"},{"@type":"Organization","@id":"https:\/\/fundacionlobeliana.org\/#organization","name":"Fundacion Lobeliana","url":"https:\/\/fundacionlobeliana.org\/","logo":{"@type":"ImageObject","inLanguage":"en-GB","@id":"https:\/\/fundacionlobeliana.org\/#\/schema\/logo\/image\/","url":"https:\/\/fundacionlobeliana.org\/wp-content\/uploads\/2025\/09\/logo_fundacion_lobeliana-02.png","contentUrl":"https:\/\/fundacionlobeliana.org\/wp-content\/uploads\/2025\/09\/logo_fundacion_lobeliana-02.png","width":571,"height":718,"caption":"Fundacion Lobeliana"},"image":{"@id":"https:\/\/fundacionlobeliana.org\/#\/schema\/logo\/image\/"}}]}},"_links":{"self":[{"href":"https:\/\/fundacionlobeliana.org\/en\/wp-json\/wp\/v2\/pages\/1129","targetHints":{"allow":["GET"]}}],"collection":[{"href":"https:\/\/fundacionlobeliana.org\/en\/wp-json\/wp\/v2\/pages"}],"about":[{"href":"https:\/\/fundacionlobeliana.org\/en\/wp-json\/wp\/v2\/types\/page"}],"author":[{"embeddable":true,"href":"https:\/\/fundacionlobeliana.org\/en\/wp-json\/wp\/v2\/users\/1"}],"replies":[{"embeddable":true,"href":"https:\/\/fundacionlobeliana.org\/en\/wp-json\/wp\/v2\/comments?post=1129"}],"version-history":[{"count":88,"href":"https:\/\/fundacionlobeliana.org\/en\/wp-json\/wp\/v2\/pages\/1129\/revisions"}],"predecessor-version":[{"id":2126,"href":"https:\/\/fundacionlobeliana.org\/en\/wp-json\/wp\/v2\/pages\/1129\/revisions\/2126"}],"wp:attachment":[{"href":"https:\/\/fundacionlobeliana.org\/en\/wp-json\/wp\/v2\/media?parent=1129"}],"curies":[{"name":"wp","href":"https:\/\/api.w.org\/{rel}","templated":true}]}}