{"id":1279,"date":"2026-01-09T00:45:50","date_gmt":"2026-01-09T00:45:50","guid":{"rendered":"https:\/\/fundacionlobeliana.org\/?page_id=1279"},"modified":"2026-02-04T20:41:47","modified_gmt":"2026-02-04T20:41:47","slug":"blog","status":"publish","type":"page","link":"https:\/\/fundacionlobeliana.org\/en\/blog\/","title":{"rendered":"Blog"},"content":{"rendered":"<div data-elementor-type=\"wp-page\" data-elementor-id=\"1279\" class=\"elementor elementor-1279\" data-elementor-post-type=\"page\">\n\t\t\t\t<div class=\"elementor-element elementor-element-bed4225 e-flex e-con-boxed e-con e-parent\" data-id=\"bed4225\" data-element_type=\"container\" data-e-type=\"container\">\n\t\t\t\t\t<div class=\"e-con-inner\">\n\t\t<div class=\"elementor-element elementor-element-021f3fd e-con-full e-flex e-con e-child\" data-id=\"021f3fd\" data-element_type=\"container\" data-e-type=\"container\">\n\t\t\t\t<div class=\"elementor-element elementor-element-17bc0f7 elementor-widget elementor-widget-heading\" data-id=\"17bc0f7\" data-element_type=\"widget\" data-e-type=\"widget\" data-widget_type=\"heading.default\">\n\t\t\t\t\t<h1 class=\"elementor-heading-title elementor-size-default\">Blog<\/h1>\t\t\t\t<\/div>\n\t\t\t\t<\/div>\n\t\t\t\t\t<\/div>\n\t\t\t\t<\/div>\n\t\t<div class=\"elementor-element elementor-element-bfac23c e-flex e-con-boxed e-con e-parent\" data-id=\"bfac23c\" data-element_type=\"container\" data-e-type=\"container\" data-settings=\"{&quot;background_background&quot;:&quot;classic&quot;}\">\n\t\t\t\t\t<div class=\"e-con-inner\">\n\t\t\t\t<div class=\"elementor-element elementor-element-68f30d8 elementor-widget elementor-widget-heading\" data-id=\"68f30d8\" data-element_type=\"widget\" data-e-type=\"widget\" data-widget_type=\"heading.default\">\n\t\t\t\t\t<h3 class=\"elementor-heading-title elementor-size-default\">En este espacio est\u00e1n disponibles los distintos art\u00edculos y ensayos escritos por miembros de Fundaci\u00f3n Lobeliana y otros colaboradores.  Adem\u00e1s de las distintas actividades que realiza y participa la fundaci\u00f3n, informaci\u00f3n de los seminarios, entrevistas, podcast y otras noticias.<\/h3>\t\t\t\t<\/div>\n\t\t\t\t<div class=\"elementor-element elementor-element-18e80d1 tabs e-n-tabs-mobile elementor-widget elementor-widget-n-tabs\" data-id=\"18e80d1\" data-element_type=\"widget\" data-e-type=\"widget\" id=\"tabsBlog\" data-settings=\"{&quot;tabs_justify_horizontal_mobile&quot;:&quot;center&quot;,&quot;horizontal_scroll&quot;:&quot;disable&quot;}\" data-widget_type=\"nested-tabs.default\">\n\t\t\t\t\t\t\t<div class=\"e-n-tabs\" data-widget-number=\"26116305\" aria-label=\"Tabs. Open items with Enter or Space, close with Escape and navigate using the Arrow keys.\" data-no-translation-aria-label=\"\">\n\t\t\t<div class=\"e-n-tabs-heading\" role=\"tablist\">\n\t\t\t\t\t<button id=\"e-n-tab-title-261163051\" data-tab-title-id=\"e-n-tab-title-261163051\" class=\"e-n-tab-title\" aria-selected=\"true\" data-tab-index=\"1\" role=\"tab\" tabindex=\"0\" aria-controls=\"e-n-tab-content-261163051\" style=\"--n-tabs-title-order: 1;\">\n\t\t\t\t\t\t<span class=\"e-n-tab-title-text\">\n\t\t\t\tArticles\t\t\t<\/span>\n\t\t<\/button>\n\t\t\t\t<button id=\"e-n-tab-title-261163052\" data-tab-title-id=\"e-n-tab-title-261163052\" class=\"e-n-tab-title\" aria-selected=\"false\" data-tab-index=\"2\" role=\"tab\" tabindex=\"-1\" aria-controls=\"e-n-tab-content-261163052\" style=\"--n-tabs-title-order: 2;\">\n\t\t\t\t\t\t<span class=\"e-n-tab-title-text\">\n\t\t\t\tNews\t\t\t<\/span>\n\t\t<\/button>\n\t\t\t\t\t<\/div>\n\t\t\t<div class=\"e-n-tabs-content\">\n\t\t\t\t<div id=\"e-n-tab-content-261163051\" role=\"tabpanel\" aria-labelledby=\"e-n-tab-title-261163051\" data-tab-index=\"1\" style=\"--n-tabs-title-order: 1;\" class=\"e-active elementor-element elementor-element-6fdd636 e-con-full e-flex e-con e-child\" data-id=\"6fdd636\" data-element_type=\"container\" data-e-type=\"container\">\n\t\t\t\t<div class=\"elementor-element elementor-element-5e01800 elementor-grid-3 elementor-grid-tablet-2 elementor-grid-mobile-1 elementor-posts--thumbnail-top elementor-widget elementor-widget-posts\" data-id=\"5e01800\" data-element_type=\"widget\" data-e-type=\"widget\" data-settings=\"{&quot;classic_columns&quot;:&quot;3&quot;,&quot;classic_columns_tablet&quot;:&quot;2&quot;,&quot;classic_columns_mobile&quot;:&quot;1&quot;,&quot;classic_row_gap&quot;:{&quot;unit&quot;:&quot;px&quot;,&quot;size&quot;:35,&quot;sizes&quot;:[]},&quot;classic_row_gap_tablet&quot;:{&quot;unit&quot;:&quot;px&quot;,&quot;size&quot;:&quot;&quot;,&quot;sizes&quot;:[]},&quot;classic_row_gap_mobile&quot;:{&quot;unit&quot;:&quot;px&quot;,&quot;size&quot;:&quot;&quot;,&quot;sizes&quot;:[]}}\" data-widget_type=\"posts.classic\">\n\t\t\t\t<div class=\"elementor-widget-container\">\n\t\t\t\t\t\t\t<div class=\"elementor-posts-container elementor-posts elementor-posts--skin-classic elementor-grid\" role=\"list\">\n\t\t\t\t<article class=\"elementor-post elementor-grid-item post-2033 post type-post status-publish format-standard has-post-thumbnail hentry category-articulos\" role=\"listitem\">\n\t\t\t\t<a class=\"elementor-post__thumbnail__link\" href=\"https:\/\/fundacionlobeliana.org\/en\/la-hoja-de-coca-frente-a-la-guerra-contra-las-drogas-crnica-de-una-planta-perseguida\/\" tabindex=\"-1\" >\n\t\t\t<div class=\"elementor-post__thumbnail\"><img fetchpriority=\"high\" decoding=\"async\" width=\"300\" height=\"182\" src=\"https:\/\/fundacionlobeliana.org\/wp-content\/uploads\/2026\/04\/WhatsApp-Image-2025-02-11-at-16.32.07-300x182.jpg\" class=\"attachment-medium size-medium wp-image-2047\" alt=\"\" srcset=\"https:\/\/fundacionlobeliana.org\/wp-content\/uploads\/2026\/04\/WhatsApp-Image-2025-02-11-at-16.32.07-300x182.jpg 300w, https:\/\/fundacionlobeliana.org\/wp-content\/uploads\/2026\/04\/WhatsApp-Image-2025-02-11-at-16.32.07-1024x621.jpg 1024w, https:\/\/fundacionlobeliana.org\/wp-content\/uploads\/2026\/04\/WhatsApp-Image-2025-02-11-at-16.32.07-768x466.jpg 768w, https:\/\/fundacionlobeliana.org\/wp-content\/uploads\/2026\/04\/WhatsApp-Image-2025-02-11-at-16.32.07-1536x932.jpg 1536w, https:\/\/fundacionlobeliana.org\/wp-content\/uploads\/2026\/04\/WhatsApp-Image-2025-02-11-at-16.32.07-18x12.jpg 18w, https:\/\/fundacionlobeliana.org\/wp-content\/uploads\/2026\/04\/WhatsApp-Image-2025-02-11-at-16.32.07-600x364.jpg 600w, https:\/\/fundacionlobeliana.org\/wp-content\/uploads\/2026\/04\/WhatsApp-Image-2025-02-11-at-16.32.07.jpg 1600w\" sizes=\"(max-width: 300px) 100vw, 300px\" \/><\/div>\n\t\t<\/a>\n\t\t\t\t<div class=\"elementor-post__text\">\n\t\t\t\t<h3 class=\"elementor-post__title\">\n\t\t\t<a href=\"https:\/\/fundacionlobeliana.org\/en\/la-hoja-de-coca-frente-a-la-guerra-contra-las-drogas-crnica-de-una-planta-perseguida\/\" >\n\t\t\t\tLa hoja de coca frente a la guerra contra las drogas: cr\u00f3nica de una planta perseguida\t\t\t<\/a>\n\t\t<\/h3>\n\t\t\t\t<div class=\"elementor-post__meta-data\">\n\t\t\t\t\t<span class=\"elementor-post-date\">\n\t\t\tApril 13, 2026\t\t<\/span>\n\t\t\t\t<span class=\"elementor-post-avatar\">\n\t\t\tNo Comments\t\t<\/span>\n\t\t\t\t<\/div>\n\t\t\n\t\t<a class=\"elementor-post__read-more\" href=\"https:\/\/fundacionlobeliana.org\/en\/la-hoja-de-coca-frente-a-la-guerra-contra-las-drogas-crnica-de-una-planta-perseguida\/\" aria-label=\"Read more about La hoja de coca frente a la guerra contra las drogas: cr\u00f3nica de una planta perseguida\" tabindex=\"-1\" >\n\t\t\tSee more\t\t<\/a>\n\n\t\t\t\t<\/div>\n\t\t\t\t<\/article>\n\t\t\t\t<article class=\"elementor-post elementor-grid-item post-1792 post type-post status-publish format-standard has-post-thumbnail hentry category-articulos\" role=\"listitem\">\n\t\t\t\t<a class=\"elementor-post__thumbnail__link\" href=\"https:\/\/fundacionlobeliana.org\/en\/la-hoja-de-coca-en-chile\/\" tabindex=\"-1\" >\n\t\t\t<div class=\"elementor-post__thumbnail\"><img decoding=\"async\" width=\"300\" height=\"169\" src=\"https:\/\/fundacionlobeliana.org\/wp-content\/uploads\/2026\/02\/007_1.85.2-300x169.jpg\" class=\"attachment-medium size-medium wp-image-1841\" alt=\"\" srcset=\"https:\/\/fundacionlobeliana.org\/wp-content\/uploads\/2026\/02\/007_1.85.2-300x169.jpg 300w, https:\/\/fundacionlobeliana.org\/wp-content\/uploads\/2026\/02\/007_1.85.2-1024x576.jpg 1024w, https:\/\/fundacionlobeliana.org\/wp-content\/uploads\/2026\/02\/007_1.85.2-768x432.jpg 768w, https:\/\/fundacionlobeliana.org\/wp-content\/uploads\/2026\/02\/007_1.85.2-1536x864.jpg 1536w, https:\/\/fundacionlobeliana.org\/wp-content\/uploads\/2026\/02\/007_1.85.2-18x10.jpg 18w, https:\/\/fundacionlobeliana.org\/wp-content\/uploads\/2026\/02\/007_1.85.2-600x338.jpg 600w, https:\/\/fundacionlobeliana.org\/wp-content\/uploads\/2026\/02\/007_1.85.2.jpg 1920w\" sizes=\"(max-width: 300px) 100vw, 300px\" \/><\/div>\n\t\t<\/a>\n\t\t\t\t<div class=\"elementor-post__text\">\n\t\t\t\t<h3 class=\"elementor-post__title\">\n\t\t\t<a href=\"https:\/\/fundacionlobeliana.org\/en\/la-hoja-de-coca-en-chile\/\" >\n\t\t\t\tLA HOJA DE COCA EN CHILE\t\t\t<\/a>\n\t\t<\/h3>\n\t\t\t\t<div class=\"elementor-post__meta-data\">\n\t\t\t\t\t<span class=\"elementor-post-date\">\n\t\t\tFebruary 3, 2026\t\t<\/span>\n\t\t\t\t<span class=\"elementor-post-avatar\">\n\t\t\tNo Comments\t\t<\/span>\n\t\t\t\t<\/div>\n\t\t\n\t\t<a class=\"elementor-post__read-more\" href=\"https:\/\/fundacionlobeliana.org\/en\/la-hoja-de-coca-en-chile\/\" aria-label=\"Read more about LA HOJA DE COCA EN CHILE\" tabindex=\"-1\" >\n\t\t\tSee more\t\t<\/a>\n\n\t\t\t\t<\/div>\n\t\t\t\t<\/article>\n\t\t\t\t<article class=\"elementor-post elementor-grid-item post-1285 post type-post status-publish format-standard has-post-thumbnail hentry category-articulos\" role=\"listitem\">\n\t\t\t\t<a class=\"elementor-post__thumbnail__link\" href=\"https:\/\/fundacionlobeliana.org\/en\/bajo-el-faro-de-un-ojo\/\" tabindex=\"-1\" >\n\t\t\t<div class=\"elementor-post__thumbnail\"><img decoding=\"async\" width=\"300\" height=\"131\" src=\"https:\/\/fundacionlobeliana.org\/wp-content\/uploads\/2026\/01\/bajo-faro-ojo-300x131.jpg\" class=\"attachment-medium size-medium wp-image-1835\" alt=\"\" srcset=\"https:\/\/fundacionlobeliana.org\/wp-content\/uploads\/2026\/01\/bajo-faro-ojo-300x131.jpg 300w, https:\/\/fundacionlobeliana.org\/wp-content\/uploads\/2026\/01\/bajo-faro-ojo-1024x449.jpg 1024w, https:\/\/fundacionlobeliana.org\/wp-content\/uploads\/2026\/01\/bajo-faro-ojo-768x336.jpg 768w, https:\/\/fundacionlobeliana.org\/wp-content\/uploads\/2026\/01\/bajo-faro-ojo-1536x673.jpg 1536w, https:\/\/fundacionlobeliana.org\/wp-content\/uploads\/2026\/01\/bajo-faro-ojo-18x8.jpg 18w, https:\/\/fundacionlobeliana.org\/wp-content\/uploads\/2026\/01\/bajo-faro-ojo-600x263.jpg 600w, https:\/\/fundacionlobeliana.org\/wp-content\/uploads\/2026\/01\/bajo-faro-ojo.jpg 1792w\" sizes=\"(max-width: 300px) 100vw, 300px\" \/><\/div>\n\t\t<\/a>\n\t\t\t\t<div class=\"elementor-post__text\">\n\t\t\t\t<h3 class=\"elementor-post__title\">\n\t\t\t<a href=\"https:\/\/fundacionlobeliana.org\/en\/bajo-el-faro-de-un-ojo\/\" >\n\t\t\t\tBAJO EL FARO DE UN OJO\t\t\t<\/a>\n\t\t<\/h3>\n\t\t\t\t<div class=\"elementor-post__meta-data\">\n\t\t\t\t\t<span class=\"elementor-post-date\">\n\t\t\tJanuary 9, 2026\t\t<\/span>\n\t\t\t\t<span class=\"elementor-post-avatar\">\n\t\t\tNo Comments\t\t<\/span>\n\t\t\t\t<\/div>\n\t\t\n\t\t<a class=\"elementor-post__read-more\" href=\"https:\/\/fundacionlobeliana.org\/en\/bajo-el-faro-de-un-ojo\/\" aria-label=\"Read more about BAJO EL FARO DE UN OJO\" tabindex=\"-1\" >\n\t\t\tSee more\t\t<\/a>\n\n\t\t\t\t<\/div>\n\t\t\t\t<\/article>\n\t\t\t\t<\/div>\n\t\t\n\t\t\t\t\t\t<\/div>\n\t\t\t\t<\/div>\n\t\t\t\t<\/div>\n\t\t<div id=\"e-n-tab-content-261163052\" role=\"tabpanel\" aria-labelledby=\"e-n-tab-title-261163052\" data-tab-index=\"2\" style=\"--n-tabs-title-order: 2;\" class=\"elementor-element elementor-element-9f4877a e-con-full e-flex e-con e-child\" data-id=\"9f4877a\" data-element_type=\"container\" data-e-type=\"container\">\n\t\t\t\t<div class=\"elementor-element elementor-element-d41795f elementor-grid-3 elementor-grid-tablet-2 elementor-grid-mobile-1 elementor-posts--thumbnail-top elementor-widget elementor-widget-posts\" data-id=\"d41795f\" data-element_type=\"widget\" data-e-type=\"widget\" data-settings=\"{&quot;classic_columns&quot;:&quot;3&quot;,&quot;classic_columns_tablet&quot;:&quot;2&quot;,&quot;classic_columns_mobile&quot;:&quot;1&quot;,&quot;classic_row_gap&quot;:{&quot;unit&quot;:&quot;px&quot;,&quot;size&quot;:35,&quot;sizes&quot;:[]},&quot;classic_row_gap_tablet&quot;:{&quot;unit&quot;:&quot;px&quot;,&quot;size&quot;:&quot;&quot;,&quot;sizes&quot;:[]},&quot;classic_row_gap_mobile&quot;:{&quot;unit&quot;:&quot;px&quot;,&quot;size&quot;:&quot;&quot;,&quot;sizes&quot;:[]}}\" data-widget_type=\"posts.classic\">\n\t\t\t\t<div class=\"elementor-widget-container\">\n\t\t\t\t\t\t\t<div class=\"elementor-posts-container elementor-posts elementor-posts--skin-classic elementor-grid\" role=\"list\">\n\t\t\t\t<article class=\"elementor-post elementor-grid-item post-1287 post type-post status-publish format-standard has-post-thumbnail hentry category-noticias\" role=\"listitem\">\n\t\t\t\t<a class=\"elementor-post__thumbnail__link\" href=\"https:\/\/fundacionlobeliana.org\/en\/lorem-imsum-dolor-sit-copy-copy\/\" tabindex=\"-1\" >\n\t\t\t<div class=\"elementor-post__thumbnail\"><img loading=\"lazy\" decoding=\"async\" width=\"200\" height=\"300\" src=\"https:\/\/fundacionlobeliana.org\/wp-content\/uploads\/2025\/09\/5d72af3ff8009444e0fd586f13c84254-200x300.jpg\" class=\"attachment-medium size-medium wp-image-666\" alt=\"\" srcset=\"https:\/\/fundacionlobeliana.org\/wp-content\/uploads\/2025\/09\/5d72af3ff8009444e0fd586f13c84254-200x300.jpg 200w, https:\/\/fundacionlobeliana.org\/wp-content\/uploads\/2025\/09\/5d72af3ff8009444e0fd586f13c84254-8x12.jpg 8w, https:\/\/fundacionlobeliana.org\/wp-content\/uploads\/2025\/09\/5d72af3ff8009444e0fd586f13c84254.jpg 333w\" sizes=\"(max-width: 200px) 100vw, 200px\" \/><\/div>\n\t\t<\/a>\n\t\t\t\t<div class=\"elementor-post__text\">\n\t\t\t\t<h3 class=\"elementor-post__title\">\n\t\t\t<a href=\"https:\/\/fundacionlobeliana.org\/en\/lorem-imsum-dolor-sit-copy-copy\/\" >\n\t\t\t\tLorem imsum dolor sit Copiar Copiar\t\t\t<\/a>\n\t\t<\/h3>\n\t\t\t\t<div class=\"elementor-post__meta-data\">\n\t\t\t\t\t<span class=\"elementor-post-date\">\n\t\t\tJanuary 9, 2026\t\t<\/span>\n\t\t\t\t<span class=\"elementor-post-avatar\">\n\t\t\tNo Comments\t\t<\/span>\n\t\t\t\t<\/div>\n\t\t\n\t\t<a class=\"elementor-post__read-more\" href=\"https:\/\/fundacionlobeliana.org\/en\/lorem-imsum-dolor-sit-copy-copy\/\" aria-label=\"Read more about Lorem imsum dolor sit Copiar Copiar\" tabindex=\"-1\" >\n\t\t\tSee more\t\t<\/a>\n\n\t\t\t\t<\/div>\n\t\t\t\t<\/article>\n\t\t\t\t<\/div>\n\t\t\n\t\t\t\t\t\t<\/div>\n\t\t\t\t<\/div>\n\t\t\t\t<\/div>\n\t\t\t\t\t<\/div>\n\t\t<\/div>\n\t\t\t\t\t\t<\/div>\n\t\t\t\t\t<\/div>\n\t\t\t\t<\/div>\n\t\t\t\t<\/div>","protected":false},"excerpt":{"rendered":"<p>En este espacio est\u00e1n disponibles los distintos art\u00edculos y ensayos escritos por miembros de Fundaci\u00f3n Lobeliana y otros colaboradores. Adem\u00e1s de las distintas actividades que<\/p>","protected":false},"author":1,"featured_media":0,"parent":0,"menu_order":0,"comment_status":"closed","ping_status":"closed","template":"","meta":{"footnotes":""},"class_list":["post-1279","page","type-page","status-publish","hentry"],"yoast_head":"<!-- This site is optimized with the Yoast SEO plugin v27.2 - https:\/\/yoast.com\/product\/yoast-seo-wordpress\/ -->\n<title>Blog - Fundacion Lobeliana<\/title>\n<meta name=\"robots\" content=\"index, follow, max-snippet:-1, max-image-preview:large, max-video-preview:-1\" \/>\n<link rel=\"canonical\" href=\"https:\/\/fundacionlobeliana.org\/en\/blog\/\" \/>\n<meta property=\"og:locale\" content=\"en_GB\" \/>\n<meta property=\"og:type\" content=\"article\" \/>\n<meta property=\"og:title\" content=\"Blog - Fundacion Lobeliana\" \/>\n<meta property=\"og:description\" content=\"En este espacio est\u00e1n disponibles los distintos art\u00edculos y ensayos escritos por miembros de Fundaci\u00f3n Lobeliana y otros colaboradores. Adem\u00e1s de las distintas actividades que\" \/>\n<meta property=\"og:url\" content=\"https:\/\/fundacionlobeliana.org\/en\/blog\/\" \/>\n<meta property=\"og:site_name\" content=\"Fundacion Lobeliana\" \/>\n<meta property=\"article:modified_time\" content=\"2026-02-04T20:41:47+00:00\" \/>\n<meta property=\"og:image\" content=\"https:\/\/fundacionlobeliana.org\/wp-content\/uploads\/2026\/02\/007_1.85.2.jpg\" \/>\n\t<meta property=\"og:image:width\" content=\"1920\" \/>\n\t<meta property=\"og:image:height\" content=\"1080\" \/>\n\t<meta property=\"og:image:type\" content=\"image\/jpeg\" \/>\n<meta name=\"twitter:card\" content=\"summary_large_image\" \/>\n<meta name=\"twitter:label1\" content=\"Estimated reading time\" \/>\n\t<meta name=\"twitter:data1\" content=\"1 minute\" \/>\n<script type=\"application\/ld+json\" class=\"yoast-schema-graph\">{\"@context\":\"https:\/\/schema.org\",\"@graph\":[{\"@type\":\"WebPage\",\"@id\":\"https:\/\/fundacionlobeliana.org\/blog\/\",\"url\":\"https:\/\/fundacionlobeliana.org\/blog\/\",\"name\":\"Blog - Fundacion Lobeliana\",\"isPartOf\":{\"@id\":\"https:\/\/fundacionlobeliana.org\/#website\"},\"primaryImageOfPage\":{\"@id\":\"https:\/\/fundacionlobeliana.org\/blog\/#primaryimage\"},\"image\":{\"@id\":\"https:\/\/fundacionlobeliana.org\/blog\/#primaryimage\"},\"thumbnailUrl\":\"https:\/\/fundacionlobeliana.org\/wp-content\/uploads\/2026\/02\/007_1.85.2-300x169.jpg\",\"datePublished\":\"2026-01-09T00:45:50+00:00\",\"dateModified\":\"2026-02-04T20:41:47+00:00\",\"breadcrumb\":{\"@id\":\"https:\/\/fundacionlobeliana.org\/blog\/#breadcrumb\"},\"inLanguage\":\"en-GB\",\"potentialAction\":[{\"@type\":\"ReadAction\",\"target\":[\"https:\/\/fundacionlobeliana.org\/blog\/\"]}]},{\"@type\":\"ImageObject\",\"inLanguage\":\"en-GB\",\"@id\":\"https:\/\/fundacionlobeliana.org\/blog\/#primaryimage\",\"url\":\"https:\/\/fundacionlobeliana.org\/wp-content\/uploads\/2026\/02\/007_1.85.2-300x169.jpg\",\"contentUrl\":\"https:\/\/fundacionlobeliana.org\/wp-content\/uploads\/2026\/02\/007_1.85.2-300x169.jpg\"},{\"@type\":\"BreadcrumbList\",\"@id\":\"https:\/\/fundacionlobeliana.org\/blog\/#breadcrumb\",\"itemListElement\":[{\"@type\":\"ListItem\",\"position\":1,\"name\":\"Portada\",\"item\":\"https:\/\/fundacionlobeliana.org\/\"},{\"@type\":\"ListItem\",\"position\":2,\"name\":\"Blog\"}]},{\"@type\":\"WebSite\",\"@id\":\"https:\/\/fundacionlobeliana.org\/#website\",\"url\":\"https:\/\/fundacionlobeliana.org\/\",\"name\":\"Fundacion Lobeliana\",\"description\":\"Organizaci\u00f3n sin fines de lucro que tiene como misi\u00f3n el rescatar, actualizar, visibilizar y hacer disponible el conocimiento acumulado hasta hoy sobre f\u00e1rmacos naturales y psicoactivos\",\"publisher\":{\"@id\":\"https:\/\/fundacionlobeliana.org\/#organization\"},\"potentialAction\":[{\"@type\":\"SearchAction\",\"target\":{\"@type\":\"EntryPoint\",\"urlTemplate\":\"https:\/\/fundacionlobeliana.org\/?s={search_term_string}\"},\"query-input\":{\"@type\":\"PropertyValueSpecification\",\"valueRequired\":true,\"valueName\":\"search_term_string\"}}],\"inLanguage\":\"en-GB\"},{\"@type\":\"Organization\",\"@id\":\"https:\/\/fundacionlobeliana.org\/#organization\",\"name\":\"Fundacion Lobeliana\",\"url\":\"https:\/\/fundacionlobeliana.org\/\",\"logo\":{\"@type\":\"ImageObject\",\"inLanguage\":\"en-GB\",\"@id\":\"https:\/\/fundacionlobeliana.org\/#\/schema\/logo\/image\/\",\"url\":\"https:\/\/fundacionlobeliana.org\/wp-content\/uploads\/2025\/09\/logo_fundacion_lobeliana-02.png\",\"contentUrl\":\"https:\/\/fundacionlobeliana.org\/wp-content\/uploads\/2025\/09\/logo_fundacion_lobeliana-02.png\",\"width\":571,\"height\":718,\"caption\":\"Fundacion Lobeliana\"},\"image\":{\"@id\":\"https:\/\/fundacionlobeliana.org\/#\/schema\/logo\/image\/\"}}]}<\/script>\n<!-- \/ Yoast SEO plugin. -->","yoast_head_json":{"title":"Blog - Fundacion Lobeliana","robots":{"index":"index","follow":"follow","max-snippet":"max-snippet:-1","max-image-preview":"max-image-preview:large","max-video-preview":"max-video-preview:-1"},"canonical":"https:\/\/fundacionlobeliana.org\/en\/blog\/","og_locale":"en_GB","og_type":"article","og_title":"Blog - Fundacion Lobeliana","og_description":"En este espacio est\u00e1n disponibles los distintos art\u00edculos y ensayos escritos por miembros de Fundaci\u00f3n Lobeliana y otros colaboradores. Adem\u00e1s de las distintas actividades que","og_url":"https:\/\/fundacionlobeliana.org\/en\/blog\/","og_site_name":"Fundacion Lobeliana","article_modified_time":"2026-02-04T20:41:47+00:00","og_image":[{"width":1920,"height":1080,"url":"https:\/\/fundacionlobeliana.org\/wp-content\/uploads\/2026\/02\/007_1.85.2.jpg","type":"image\/jpeg"}],"twitter_card":"summary_large_image","twitter_misc":{"Estimated reading time":"1 minute"},"schema":{"@context":"https:\/\/schema.org","@graph":[{"@type":"WebPage","@id":"https:\/\/fundacionlobeliana.org\/blog\/","url":"https:\/\/fundacionlobeliana.org\/blog\/","name":"Blog - Fundacion Lobeliana","isPartOf":{"@id":"https:\/\/fundacionlobeliana.org\/#website"},"primaryImageOfPage":{"@id":"https:\/\/fundacionlobeliana.org\/blog\/#primaryimage"},"image":{"@id":"https:\/\/fundacionlobeliana.org\/blog\/#primaryimage"},"thumbnailUrl":"https:\/\/fundacionlobeliana.org\/wp-content\/uploads\/2026\/02\/007_1.85.2-300x169.jpg","datePublished":"2026-01-09T00:45:50+00:00","dateModified":"2026-02-04T20:41:47+00:00","breadcrumb":{"@id":"https:\/\/fundacionlobeliana.org\/blog\/#breadcrumb"},"inLanguage":"en-GB","potentialAction":[{"@type":"ReadAction","target":["https:\/\/fundacionlobeliana.org\/blog\/"]}]},{"@type":"ImageObject","inLanguage":"en-GB","@id":"https:\/\/fundacionlobeliana.org\/blog\/#primaryimage","url":"https:\/\/fundacionlobeliana.org\/wp-content\/uploads\/2026\/02\/007_1.85.2-300x169.jpg","contentUrl":"https:\/\/fundacionlobeliana.org\/wp-content\/uploads\/2026\/02\/007_1.85.2-300x169.jpg"},{"@type":"BreadcrumbList","@id":"https:\/\/fundacionlobeliana.org\/blog\/#breadcrumb","itemListElement":[{"@type":"ListItem","position":1,"name":"Portada","item":"https:\/\/fundacionlobeliana.org\/"},{"@type":"ListItem","position":2,"name":"Blog"}]},{"@type":"WebSite","@id":"https:\/\/fundacionlobeliana.org\/#website","url":"https:\/\/fundacionlobeliana.org\/","name":"Fundacion Lobeliana","description":"Organizaci\u00f3n sin fines de lucro que tiene como misi\u00f3n el rescatar, actualizar, visibilizar y hacer disponible el conocimiento acumulado hasta hoy sobre f\u00e1rmacos naturales y psicoactivos","publisher":{"@id":"https:\/\/fundacionlobeliana.org\/#organization"},"potentialAction":[{"@type":"SearchAction","target":{"@type":"EntryPoint","urlTemplate":"https:\/\/fundacionlobeliana.org\/?s={search_term_string}"},"query-input":{"@type":"PropertyValueSpecification","valueRequired":true,"valueName":"search_term_string"}}],"inLanguage":"en-GB"},{"@type":"Organization","@id":"https:\/\/fundacionlobeliana.org\/#organization","name":"Fundacion Lobeliana","url":"https:\/\/fundacionlobeliana.org\/","logo":{"@type":"ImageObject","inLanguage":"en-GB","@id":"https:\/\/fundacionlobeliana.org\/#\/schema\/logo\/image\/","url":"https:\/\/fundacionlobeliana.org\/wp-content\/uploads\/2025\/09\/logo_fundacion_lobeliana-02.png","contentUrl":"https:\/\/fundacionlobeliana.org\/wp-content\/uploads\/2025\/09\/logo_fundacion_lobeliana-02.png","width":571,"height":718,"caption":"Fundacion Lobeliana"},"image":{"@id":"https:\/\/fundacionlobeliana.org\/#\/schema\/logo\/image\/"}}]}},"_links":{"self":[{"href":"https:\/\/fundacionlobeliana.org\/en\/wp-json\/wp\/v2\/pages\/1279","targetHints":{"allow":["GET"]}}],"collection":[{"href":"https:\/\/fundacionlobeliana.org\/en\/wp-json\/wp\/v2\/pages"}],"about":[{"href":"https:\/\/fundacionlobeliana.org\/en\/wp-json\/wp\/v2\/types\/page"}],"author":[{"embeddable":true,"href":"https:\/\/fundacionlobeliana.org\/en\/wp-json\/wp\/v2\/users\/1"}],"replies":[{"embeddable":true,"href":"https:\/\/fundacionlobeliana.org\/en\/wp-json\/wp\/v2\/comments?post=1279"}],"version-history":[{"count":40,"href":"https:\/\/fundacionlobeliana.org\/en\/wp-json\/wp\/v2\/pages\/1279\/revisions"}],"predecessor-version":[{"id":1933,"href":"https:\/\/fundacionlobeliana.org\/en\/wp-json\/wp\/v2\/pages\/1279\/revisions\/1933"}],"wp:attachment":[{"href":"https:\/\/fundacionlobeliana.org\/en\/wp-json\/wp\/v2\/media?parent=1279"}],"curies":[{"name":"wp","href":"https:\/\/api.w.org\/{rel}","templated":true}]}}