{"id":1435,"date":"2026-01-16T19:00:45","date_gmt":"2026-01-16T19:00:45","guid":{"rendered":"https:\/\/fundacionlobeliana.org\/?page_id=1435"},"modified":"2026-01-21T15:17:20","modified_gmt":"2026-01-21T15:17:20","slug":"herbario","status":"publish","type":"page","link":"https:\/\/fundacionlobeliana.org\/en\/herbario\/","title":{"rendered":"Herbarium"},"content":{"rendered":"<div data-elementor-type=\"wp-page\" data-elementor-id=\"1435\" class=\"elementor elementor-1435\" data-elementor-post-type=\"page\">\n\t\t\t\t<div class=\"elementor-element elementor-element-bed4225 e-flex e-con-boxed e-con e-parent\" data-id=\"bed4225\" data-element_type=\"container\" data-e-type=\"container\">\n\t\t\t\t\t<div class=\"e-con-inner\">\n\t\t<div class=\"elementor-element elementor-element-021f3fd e-con-full e-flex e-con e-child\" data-id=\"021f3fd\" data-element_type=\"container\" data-e-type=\"container\">\n\t\t\t\t<div class=\"elementor-element elementor-element-17bc0f7 elementor-widget elementor-widget-heading\" data-id=\"17bc0f7\" data-element_type=\"widget\" data-e-type=\"widget\" data-widget_type=\"heading.default\">\n\t\t\t\t\t<h1 class=\"elementor-heading-title elementor-size-default\">Herbarium<\/h1>\t\t\t\t<\/div>\n\t\t\t\t<\/div>\n\t\t\t\t\t<\/div>\n\t\t\t\t<\/div>\n\t\t<div class=\"elementor-element elementor-element-bfac23c e-flex e-con-boxed e-con e-parent\" data-id=\"bfac23c\" data-element_type=\"container\" data-e-type=\"container\" data-settings=\"{&quot;background_background&quot;:&quot;classic&quot;}\">\n\t\t\t\t\t<div class=\"e-con-inner\">\n\t\t\t\t<div class=\"elementor-element elementor-element-68f30d8 elementor-widget elementor-widget-heading\" data-id=\"68f30d8\" data-element_type=\"widget\" data-e-type=\"widget\" data-widget_type=\"heading.default\">\n\t\t\t\t\t<h3 class=\"elementor-heading-title elementor-size-default\">The Lobeliana Herbarium brings together plant species that accompany our research and projects. Each record seeks to reflect not only the botanical characteristics of a plant, but also its history, its uses, and the links that connect it to people and territories. This space is not a catalog of objects, but a developing archive where plants are presented as bearers of knowledge, memory, and connection.<\/h3>\t\t\t\t<\/div>\n\t\t\t\t\t<\/div>\n\t\t\t\t<\/div>\n\t\t<div class=\"elementor-element elementor-element-5ea09c2 e-flex e-con-boxed e-con e-parent\" data-id=\"5ea09c2\" data-element_type=\"container\" data-e-type=\"container\" data-settings=\"{&quot;background_background&quot;:&quot;classic&quot;}\">\n\t\t\t\t\t<div class=\"e-con-inner\">\n\t\t\t\t<div class=\"elementor-element elementor-element-f5468de elementor-grid-3 elementor-grid-tablet-2 elementor-grid-mobile-1 elementor-posts--thumbnail-top elementor-widget elementor-widget-posts\" data-id=\"f5468de\" data-element_type=\"widget\" data-e-type=\"widget\" data-settings=\"{&quot;classic_columns&quot;:&quot;3&quot;,&quot;classic_columns_tablet&quot;:&quot;2&quot;,&quot;classic_columns_mobile&quot;:&quot;1&quot;,&quot;classic_row_gap&quot;:{&quot;unit&quot;:&quot;px&quot;,&quot;size&quot;:35,&quot;sizes&quot;:[]},&quot;classic_row_gap_tablet&quot;:{&quot;unit&quot;:&quot;px&quot;,&quot;size&quot;:&quot;&quot;,&quot;sizes&quot;:[]},&quot;classic_row_gap_mobile&quot;:{&quot;unit&quot;:&quot;px&quot;,&quot;size&quot;:&quot;&quot;,&quot;sizes&quot;:[]}}\" data-widget_type=\"posts.classic\">\n\t\t\t\t<div class=\"elementor-widget-container\">\n\t\t\t\t\t\t\t<div class=\"elementor-posts-container elementor-posts elementor-posts--skin-classic elementor-grid\" role=\"list\">\n\t\t\t\t<article class=\"elementor-post elementor-grid-item post-1449 post type-post status-publish format-standard has-post-thumbnail hentry category-herbario tag-herbario\" role=\"listitem\">\n\t\t\t\t<a class=\"elementor-post__thumbnail__link\" href=\"https:\/\/fundacionlobeliana.org\/en\/lorem-imsum-dolor-sit-herbario-copy-copy\/\" tabindex=\"-1\" >\n\t\t\t<div class=\"elementor-post__thumbnail\"><img fetchpriority=\"high\" decoding=\"async\" width=\"200\" height=\"300\" src=\"https:\/\/fundacionlobeliana.org\/wp-content\/uploads\/2025\/09\/5d72af3ff8009444e0fd586f13c84254-200x300.jpg\" class=\"attachment-medium size-medium wp-image-666\" alt=\"\" srcset=\"https:\/\/fundacionlobeliana.org\/wp-content\/uploads\/2025\/09\/5d72af3ff8009444e0fd586f13c84254-200x300.jpg 200w, https:\/\/fundacionlobeliana.org\/wp-content\/uploads\/2025\/09\/5d72af3ff8009444e0fd586f13c84254-8x12.jpg 8w, https:\/\/fundacionlobeliana.org\/wp-content\/uploads\/2025\/09\/5d72af3ff8009444e0fd586f13c84254.jpg 333w\" sizes=\"(max-width: 200px) 100vw, 200px\" \/><\/div>\n\t\t<\/a>\n\t\t\t\t<div class=\"elementor-post__text\">\n\t\t\t\t<h3 class=\"elementor-post__title\">\n\t\t\t<a href=\"https:\/\/fundacionlobeliana.org\/en\/lorem-imsum-dolor-sit-herbario-copy-copy\/\" >\n\t\t\t\tLorem imsum dolor sit Herbario Copiar Copiar\t\t\t<\/a>\n\t\t<\/h3>\n\t\t\t\t<div class=\"elementor-post__meta-data\">\n\t\t\t\t\t<span class=\"elementor-post-date\">\n\t\t\tJanuary 16, 2026\t\t<\/span>\n\t\t\t\t<span class=\"elementor-post-avatar\">\n\t\t\tNo Comments\t\t<\/span>\n\t\t\t\t<\/div>\n\t\t\n\t\t<a class=\"elementor-post__read-more\" href=\"https:\/\/fundacionlobeliana.org\/en\/lorem-imsum-dolor-sit-herbario-copy-copy\/\" aria-label=\"Read more about Lorem imsum dolor sit Herbario Copiar Copiar\" tabindex=\"-1\" >\n\t\t\tSee more\t\t<\/a>\n\n\t\t\t\t<\/div>\n\t\t\t\t<\/article>\n\t\t\t\t<article class=\"elementor-post elementor-grid-item post-1447 post type-post status-publish format-standard has-post-thumbnail hentry category-herbario tag-herbario\" role=\"listitem\">\n\t\t\t\t<a class=\"elementor-post__thumbnail__link\" href=\"https:\/\/fundacionlobeliana.org\/en\/lorem-imsum-dolor-sit-herbario-copy\/\" tabindex=\"-1\" >\n\t\t\t<div class=\"elementor-post__thumbnail\"><img fetchpriority=\"high\" decoding=\"async\" width=\"200\" height=\"300\" src=\"https:\/\/fundacionlobeliana.org\/wp-content\/uploads\/2025\/09\/5d72af3ff8009444e0fd586f13c84254-200x300.jpg\" class=\"attachment-medium size-medium wp-image-666\" alt=\"\" srcset=\"https:\/\/fundacionlobeliana.org\/wp-content\/uploads\/2025\/09\/5d72af3ff8009444e0fd586f13c84254-200x300.jpg 200w, https:\/\/fundacionlobeliana.org\/wp-content\/uploads\/2025\/09\/5d72af3ff8009444e0fd586f13c84254-8x12.jpg 8w, https:\/\/fundacionlobeliana.org\/wp-content\/uploads\/2025\/09\/5d72af3ff8009444e0fd586f13c84254.jpg 333w\" sizes=\"(max-width: 200px) 100vw, 200px\" \/><\/div>\n\t\t<\/a>\n\t\t\t\t<div class=\"elementor-post__text\">\n\t\t\t\t<h3 class=\"elementor-post__title\">\n\t\t\t<a href=\"https:\/\/fundacionlobeliana.org\/en\/lorem-imsum-dolor-sit-herbario-copy\/\" >\n\t\t\t\tLorem imsum dolor sit Herbario Copiar\t\t\t<\/a>\n\t\t<\/h3>\n\t\t\t\t<div class=\"elementor-post__meta-data\">\n\t\t\t\t\t<span class=\"elementor-post-date\">\n\t\t\tJanuary 16, 2026\t\t<\/span>\n\t\t\t\t<span class=\"elementor-post-avatar\">\n\t\t\tNo Comments\t\t<\/span>\n\t\t\t\t<\/div>\n\t\t\n\t\t<a class=\"elementor-post__read-more\" href=\"https:\/\/fundacionlobeliana.org\/en\/lorem-imsum-dolor-sit-herbario-copy\/\" aria-label=\"Read more about Lorem imsum dolor sit Herbario Copiar\" tabindex=\"-1\" >\n\t\t\tSee more\t\t<\/a>\n\n\t\t\t\t<\/div>\n\t\t\t\t<\/article>\n\t\t\t\t<article class=\"elementor-post elementor-grid-item post-1441 post type-post status-publish format-standard has-post-thumbnail hentry category-herbario tag-herbario\" role=\"listitem\">\n\t\t\t\t<a class=\"elementor-post__thumbnail__link\" href=\"https:\/\/fundacionlobeliana.org\/en\/lorem-imsum-dolor-sit-herbario\/\" tabindex=\"-1\" >\n\t\t\t<div class=\"elementor-post__thumbnail\"><img fetchpriority=\"high\" decoding=\"async\" width=\"200\" height=\"300\" src=\"https:\/\/fundacionlobeliana.org\/wp-content\/uploads\/2025\/09\/5d72af3ff8009444e0fd586f13c84254-200x300.jpg\" class=\"attachment-medium size-medium wp-image-666\" alt=\"\" srcset=\"https:\/\/fundacionlobeliana.org\/wp-content\/uploads\/2025\/09\/5d72af3ff8009444e0fd586f13c84254-200x300.jpg 200w, https:\/\/fundacionlobeliana.org\/wp-content\/uploads\/2025\/09\/5d72af3ff8009444e0fd586f13c84254-8x12.jpg 8w, https:\/\/fundacionlobeliana.org\/wp-content\/uploads\/2025\/09\/5d72af3ff8009444e0fd586f13c84254.jpg 333w\" sizes=\"(max-width: 200px) 100vw, 200px\" \/><\/div>\n\t\t<\/a>\n\t\t\t\t<div class=\"elementor-post__text\">\n\t\t\t\t<h3 class=\"elementor-post__title\">\n\t\t\t<a href=\"https:\/\/fundacionlobeliana.org\/en\/lorem-imsum-dolor-sit-herbario\/\" >\n\t\t\t\tLorem imsum dolor sit Herbario\t\t\t<\/a>\n\t\t<\/h3>\n\t\t\t\t<div class=\"elementor-post__meta-data\">\n\t\t\t\t\t<span class=\"elementor-post-date\">\n\t\t\tJanuary 16, 2026\t\t<\/span>\n\t\t\t\t<span class=\"elementor-post-avatar\">\n\t\t\tNo Comments\t\t<\/span>\n\t\t\t\t<\/div>\n\t\t\n\t\t<a class=\"elementor-post__read-more\" href=\"https:\/\/fundacionlobeliana.org\/en\/lorem-imsum-dolor-sit-herbario\/\" aria-label=\"Read more about Lorem imsum dolor sit Herbario\" tabindex=\"-1\" >\n\t\t\tSee more\t\t<\/a>\n\n\t\t\t\t<\/div>\n\t\t\t\t<\/article>\n\t\t\t\t<\/div>\n\t\t\n\t\t\t\t\t\t<\/div>\n\t\t\t\t<\/div>\n\t\t\t\t\t<\/div>\n\t\t\t\t<\/div>\n\t\t\t\t<\/div>","protected":false},"excerpt":{"rendered":"<p>El Herbario Lobeliana re\u00fane especies vegetales que acompa\u00f1an nuestras investigaciones y proyectos. Cada registro busca reflejar no solo las caracter\u00edsticas bot\u00e1nicas de una planta, sino<\/p>","protected":false},"author":1,"featured_media":0,"parent":0,"menu_order":0,"comment_status":"closed","ping_status":"closed","template":"","meta":{"footnotes":""},"class_list":["post-1435","page","type-page","status-publish","hentry"],"yoast_head":"<!-- This site is optimized with the Yoast SEO plugin v27.2 - https:\/\/yoast.com\/product\/yoast-seo-wordpress\/ -->\n<title>Herbario - Fundacion Lobeliana<\/title>\n<meta name=\"robots\" content=\"index, follow, max-snippet:-1, max-image-preview:large, max-video-preview:-1\" \/>\n<link rel=\"canonical\" href=\"https:\/\/fundacionlobeliana.org\/en\/herbario\/\" \/>\n<meta property=\"og:locale\" content=\"en_GB\" \/>\n<meta property=\"og:type\" content=\"article\" \/>\n<meta property=\"og:title\" content=\"Herbario - Fundacion Lobeliana\" \/>\n<meta property=\"og:description\" content=\"El Herbario Lobeliana re\u00fane especies vegetales que acompa\u00f1an nuestras investigaciones y proyectos. Cada registro busca reflejar no solo las caracter\u00edsticas bot\u00e1nicas de una planta, sino\" \/>\n<meta property=\"og:url\" content=\"https:\/\/fundacionlobeliana.org\/en\/herbario\/\" \/>\n<meta property=\"og:site_name\" content=\"Fundacion Lobeliana\" \/>\n<meta property=\"article:modified_time\" content=\"2026-01-21T15:17:20+00:00\" \/>\n<meta name=\"twitter:card\" content=\"summary_large_image\" \/>\n<meta name=\"twitter:label1\" content=\"Estimated reading time\" \/>\n\t<meta name=\"twitter:data1\" content=\"1 minute\" \/>\n<script type=\"application\/ld+json\" class=\"yoast-schema-graph\">{\"@context\":\"https:\/\/schema.org\",\"@graph\":[{\"@type\":\"WebPage\",\"@id\":\"https:\/\/fundacionlobeliana.org\/herbario\/\",\"url\":\"https:\/\/fundacionlobeliana.org\/herbario\/\",\"name\":\"Herbario - Fundacion Lobeliana\",\"isPartOf\":{\"@id\":\"https:\/\/fundacionlobeliana.org\/#website\"},\"datePublished\":\"2026-01-16T19:00:45+00:00\",\"dateModified\":\"2026-01-21T15:17:20+00:00\",\"breadcrumb\":{\"@id\":\"https:\/\/fundacionlobeliana.org\/herbario\/#breadcrumb\"},\"inLanguage\":\"en-GB\",\"potentialAction\":[{\"@type\":\"ReadAction\",\"target\":[\"https:\/\/fundacionlobeliana.org\/herbario\/\"]}]},{\"@type\":\"BreadcrumbList\",\"@id\":\"https:\/\/fundacionlobeliana.org\/herbario\/#breadcrumb\",\"itemListElement\":[{\"@type\":\"ListItem\",\"position\":1,\"name\":\"Portada\",\"item\":\"https:\/\/fundacionlobeliana.org\/\"},{\"@type\":\"ListItem\",\"position\":2,\"name\":\"Herbario\"}]},{\"@type\":\"WebSite\",\"@id\":\"https:\/\/fundacionlobeliana.org\/#website\",\"url\":\"https:\/\/fundacionlobeliana.org\/\",\"name\":\"Fundacion Lobeliana\",\"description\":\"Organizaci\u00f3n sin fines de lucro que tiene como misi\u00f3n el rescatar, actualizar, visibilizar y hacer disponible el conocimiento acumulado hasta hoy sobre f\u00e1rmacos naturales y psicoactivos\",\"publisher\":{\"@id\":\"https:\/\/fundacionlobeliana.org\/#organization\"},\"potentialAction\":[{\"@type\":\"SearchAction\",\"target\":{\"@type\":\"EntryPoint\",\"urlTemplate\":\"https:\/\/fundacionlobeliana.org\/?s={search_term_string}\"},\"query-input\":{\"@type\":\"PropertyValueSpecification\",\"valueRequired\":true,\"valueName\":\"search_term_string\"}}],\"inLanguage\":\"en-GB\"},{\"@type\":\"Organization\",\"@id\":\"https:\/\/fundacionlobeliana.org\/#organization\",\"name\":\"Fundacion Lobeliana\",\"url\":\"https:\/\/fundacionlobeliana.org\/\",\"logo\":{\"@type\":\"ImageObject\",\"inLanguage\":\"en-GB\",\"@id\":\"https:\/\/fundacionlobeliana.org\/#\/schema\/logo\/image\/\",\"url\":\"https:\/\/fundacionlobeliana.org\/wp-content\/uploads\/2025\/09\/logo_fundacion_lobeliana-02.png\",\"contentUrl\":\"https:\/\/fundacionlobeliana.org\/wp-content\/uploads\/2025\/09\/logo_fundacion_lobeliana-02.png\",\"width\":571,\"height\":718,\"caption\":\"Fundacion Lobeliana\"},\"image\":{\"@id\":\"https:\/\/fundacionlobeliana.org\/#\/schema\/logo\/image\/\"}}]}<\/script>\n<!-- \/ Yoast SEO plugin. -->","yoast_head_json":{"title":"Herbario - Fundacion Lobeliana","robots":{"index":"index","follow":"follow","max-snippet":"max-snippet:-1","max-image-preview":"max-image-preview:large","max-video-preview":"max-video-preview:-1"},"canonical":"https:\/\/fundacionlobeliana.org\/en\/herbario\/","og_locale":"en_GB","og_type":"article","og_title":"Herbario - Fundacion Lobeliana","og_description":"El Herbario Lobeliana re\u00fane especies vegetales que acompa\u00f1an nuestras investigaciones y proyectos. Cada registro busca reflejar no solo las caracter\u00edsticas bot\u00e1nicas de una planta, sino","og_url":"https:\/\/fundacionlobeliana.org\/en\/herbario\/","og_site_name":"Fundacion Lobeliana","article_modified_time":"2026-01-21T15:17:20+00:00","twitter_card":"summary_large_image","twitter_misc":{"Estimated reading time":"1 minute"},"schema":{"@context":"https:\/\/schema.org","@graph":[{"@type":"WebPage","@id":"https:\/\/fundacionlobeliana.org\/herbario\/","url":"https:\/\/fundacionlobeliana.org\/herbario\/","name":"Herbario - Fundacion Lobeliana","isPartOf":{"@id":"https:\/\/fundacionlobeliana.org\/#website"},"datePublished":"2026-01-16T19:00:45+00:00","dateModified":"2026-01-21T15:17:20+00:00","breadcrumb":{"@id":"https:\/\/fundacionlobeliana.org\/herbario\/#breadcrumb"},"inLanguage":"en-GB","potentialAction":[{"@type":"ReadAction","target":["https:\/\/fundacionlobeliana.org\/herbario\/"]}]},{"@type":"BreadcrumbList","@id":"https:\/\/fundacionlobeliana.org\/herbario\/#breadcrumb","itemListElement":[{"@type":"ListItem","position":1,"name":"Portada","item":"https:\/\/fundacionlobeliana.org\/"},{"@type":"ListItem","position":2,"name":"Herbario"}]},{"@type":"WebSite","@id":"https:\/\/fundacionlobeliana.org\/#website","url":"https:\/\/fundacionlobeliana.org\/","name":"Fundacion Lobeliana","description":"Organizaci\u00f3n sin fines de lucro que tiene como misi\u00f3n el rescatar, actualizar, visibilizar y hacer disponible el conocimiento acumulado hasta hoy sobre f\u00e1rmacos naturales y psicoactivos","publisher":{"@id":"https:\/\/fundacionlobeliana.org\/#organization"},"potentialAction":[{"@type":"SearchAction","target":{"@type":"EntryPoint","urlTemplate":"https:\/\/fundacionlobeliana.org\/?s={search_term_string}"},"query-input":{"@type":"PropertyValueSpecification","valueRequired":true,"valueName":"search_term_string"}}],"inLanguage":"en-GB"},{"@type":"Organization","@id":"https:\/\/fundacionlobeliana.org\/#organization","name":"Fundacion Lobeliana","url":"https:\/\/fundacionlobeliana.org\/","logo":{"@type":"ImageObject","inLanguage":"en-GB","@id":"https:\/\/fundacionlobeliana.org\/#\/schema\/logo\/image\/","url":"https:\/\/fundacionlobeliana.org\/wp-content\/uploads\/2025\/09\/logo_fundacion_lobeliana-02.png","contentUrl":"https:\/\/fundacionlobeliana.org\/wp-content\/uploads\/2025\/09\/logo_fundacion_lobeliana-02.png","width":571,"height":718,"caption":"Fundacion Lobeliana"},"image":{"@id":"https:\/\/fundacionlobeliana.org\/#\/schema\/logo\/image\/"}}]}},"_links":{"self":[{"href":"https:\/\/fundacionlobeliana.org\/en\/wp-json\/wp\/v2\/pages\/1435","targetHints":{"allow":["GET"]}}],"collection":[{"href":"https:\/\/fundacionlobeliana.org\/en\/wp-json\/wp\/v2\/pages"}],"about":[{"href":"https:\/\/fundacionlobeliana.org\/en\/wp-json\/wp\/v2\/types\/page"}],"author":[{"embeddable":true,"href":"https:\/\/fundacionlobeliana.org\/en\/wp-json\/wp\/v2\/users\/1"}],"replies":[{"embeddable":true,"href":"https:\/\/fundacionlobeliana.org\/en\/wp-json\/wp\/v2\/comments?post=1435"}],"version-history":[{"count":16,"href":"https:\/\/fundacionlobeliana.org\/en\/wp-json\/wp\/v2\/pages\/1435\/revisions"}],"predecessor-version":[{"id":1549,"href":"https:\/\/fundacionlobeliana.org\/en\/wp-json\/wp\/v2\/pages\/1435\/revisions\/1549"}],"wp:attachment":[{"href":"https:\/\/fundacionlobeliana.org\/en\/wp-json\/wp\/v2\/media?parent=1435"}],"curies":[{"name":"wp","href":"https:\/\/api.w.org\/{rel}","templated":true}]}}