{"id":1476,"date":"2026-01-16T19:59:30","date_gmt":"2026-01-16T19:59:30","guid":{"rendered":"https:\/\/fundacionlobeliana.org\/?page_id=1476"},"modified":"2026-01-21T15:20:12","modified_gmt":"2026-01-21T15:20:12","slug":"podcast","status":"publish","type":"page","link":"https:\/\/fundacionlobeliana.org\/en\/podcast\/","title":{"rendered":"Podcast"},"content":{"rendered":"<div data-elementor-type=\"wp-page\" data-elementor-id=\"1476\" class=\"elementor elementor-1476\" data-elementor-post-type=\"page\">\n\t\t\t\t<div class=\"elementor-element elementor-element-a72f82e e-flex e-con-boxed e-con e-parent\" data-id=\"a72f82e\" data-element_type=\"container\" data-e-type=\"container\">\n\t\t\t\t\t<div class=\"e-con-inner\">\n\t\t<div class=\"elementor-element elementor-element-fd98255 e-con-full e-flex e-con e-child\" data-id=\"fd98255\" data-element_type=\"container\" data-e-type=\"container\">\n\t\t\t\t<\/div>\n\t\t\t\t\t<\/div>\n\t\t\t\t<\/div>\n\t\t<div class=\"elementor-element elementor-element-c604030 e-flex e-con-boxed e-con e-parent\" data-id=\"c604030\" data-element_type=\"container\" data-e-type=\"container\" data-settings=\"{&quot;background_background&quot;:&quot;classic&quot;}\">\n\t\t\t\t\t<div class=\"e-con-inner\">\n\t\t\t\t<div class=\"elementor-element elementor-element-e846694 elementor-widget elementor-widget-text-editor\" data-id=\"e846694\" data-element_type=\"widget\" data-e-type=\"widget\" data-widget_type=\"text-editor.default\">\n\t\t\t\t\t\t\t\t\tEl Podcast Lobeliana es un espacio de conversaci\u00f3n y escucha\ncr\u00edtica que explora las distintas formas en que las sustancias\npsicoactivas, los sue\u00f1os y las plantas han modelado la experiencia\nhumana.\nCada episodio propone un recorrido por saberes, voces y\nperspectivas que ampl\u00edan nuestra comprensi\u00f3n del mundo\npsicoactivo, reuniendo a investigadores, artistas y pensadores en\ntorno a un di\u00e1logo abierto y profundo.\t\t\t\t\t\t\t\t<\/div>\n\t\t<div class=\"elementor-element elementor-element-4078701 e-con-full e-grid e-con e-child\" data-id=\"4078701\" data-element_type=\"container\" data-e-type=\"container\">\n\t\t<div class=\"elementor-element elementor-element-928d396 e-con-full e-flex e-con e-child\" data-id=\"928d396\" data-element_type=\"container\" data-e-type=\"container\" data-settings=\"{&quot;background_background&quot;:&quot;classic&quot;}\">\n\t\t\t\t<div class=\"elementor-element elementor-element-209fbd1 elementor-widget elementor-widget-image\" data-id=\"209fbd1\" data-element_type=\"widget\" data-e-type=\"widget\" data-widget_type=\"image.default\">\n\t\t\t\t\t\t\t\t\t\t\t\t\t\t\t<img fetchpriority=\"high\" decoding=\"async\" width=\"800\" height=\"444\" src=\"https:\/\/fundacionlobeliana.org\/wp-content\/uploads\/2026\/01\/Podcast-ep-1.png\" class=\"attachment-large size-large wp-image-1477\" alt=\"\" srcset=\"https:\/\/fundacionlobeliana.org\/wp-content\/uploads\/2026\/01\/Podcast-ep-1.png 886w, https:\/\/fundacionlobeliana.org\/wp-content\/uploads\/2026\/01\/Podcast-ep-1-300x167.png 300w, https:\/\/fundacionlobeliana.org\/wp-content\/uploads\/2026\/01\/Podcast-ep-1-768x426.png 768w, https:\/\/fundacionlobeliana.org\/wp-content\/uploads\/2026\/01\/Podcast-ep-1-18x10.png 18w, https:\/\/fundacionlobeliana.org\/wp-content\/uploads\/2026\/01\/Podcast-ep-1-600x333.png 600w\" sizes=\"(max-width: 800px) 100vw, 800px\" \/>\t\t\t\t\t\t\t\t\t\t\t\t\t\t\t<\/div>\n\t\t\t\t<\/div>\n\t\t<div class=\"elementor-element elementor-element-c49c2a6 e-con-full e-flex e-con e-child\" data-id=\"c49c2a6\" data-element_type=\"container\" data-e-type=\"container\">\n\t\t\t\t<div class=\"elementor-element elementor-element-3f150f3 elementor-widget elementor-widget-heading\" data-id=\"3f150f3\" data-element_type=\"widget\" data-e-type=\"widget\" data-widget_type=\"heading.default\">\n\t\t\t\t\t<h5 class=\"elementor-heading-title elementor-size-default\">episode 1<\/h5>\t\t\t\t<\/div>\n\t\t\t\t<div class=\"elementor-element elementor-element-86e0989 elementor-widget elementor-widget-heading\" data-id=\"86e0989\" data-element_type=\"widget\" data-e-type=\"widget\" data-widget_type=\"heading.default\">\n\t\t\t\t\t<h2 class=\"elementor-heading-title elementor-size-default\">What is Drugology?<\/h2>\t\t\t\t<\/div>\n\t\t\t\t<div class=\"elementor-element elementor-element-ea6bf3a elementor-widget elementor-widget-text-editor\" data-id=\"ea6bf3a\" data-element_type=\"widget\" data-e-type=\"widget\" data-widget_type=\"text-editor.default\">\n\t\t\t\t\t\t\t\t\tIn this first episode, we explore the science of drugology, a field that seeks to understand psychoactive substances in their biological, cultural, and historical complexity. We speak with Giorgio Samorini, Luis Eduardo Luna, and Constantino Manuel Torres, three international experts who have dedicated their lives to the study of visionary plants and the ritual contexts of their use.\t\t\t\t\t\t\t\t<\/div>\n\t\t\t\t<div class=\"elementor-element elementor-element-d1feb04 elementor-widget elementor-widget-button\" data-id=\"d1feb04\" data-element_type=\"widget\" data-e-type=\"widget\" data-widget_type=\"button.default\">\n\t\t\t\t\t\t\t\t\t\t<a class=\"elementor-button elementor-button-link elementor-size-sm\" href=\"https:\/\/www.youtube.com\/watch?v=jacHq4aiHTY&#038;t=1081s\" target=\"_blank\">\n\t\t\t\t\t\t<span class=\"elementor-button-content-wrapper\">\n\t\t\t\t\t\t\t\t\t<span class=\"elementor-button-text\">LISTEN TO EPISODE<\/span>\n\t\t\t\t\t<\/span>\n\t\t\t\t\t<\/a>\n\t\t\t\t\t\t\t\t<\/div>\n\t\t\t\t<\/div>\n\t\t\t\t<\/div>\n\t\t<div class=\"elementor-element elementor-element-556b092 e-con-full e-grid e-con e-child\" data-id=\"556b092\" data-element_type=\"container\" data-e-type=\"container\">\n\t\t<div class=\"elementor-element elementor-element-99d4c16 e-con-full e-flex e-con e-child\" data-id=\"99d4c16\" data-element_type=\"container\" data-e-type=\"container\" data-settings=\"{&quot;background_background&quot;:&quot;classic&quot;}\">\n\t\t\t\t<div class=\"elementor-element elementor-element-d83efcc elementor-widget elementor-widget-image\" data-id=\"d83efcc\" data-element_type=\"widget\" data-e-type=\"widget\" data-widget_type=\"image.default\">\n\t\t\t\t\t\t\t\t\t\t\t\t\t\t\t<img decoding=\"async\" width=\"800\" height=\"447\" src=\"https:\/\/fundacionlobeliana.org\/wp-content\/uploads\/2026\/01\/Podcast-ep-2.png\" class=\"attachment-large size-large wp-image-1478\" alt=\"\" srcset=\"https:\/\/fundacionlobeliana.org\/wp-content\/uploads\/2026\/01\/Podcast-ep-2.png 886w, https:\/\/fundacionlobeliana.org\/wp-content\/uploads\/2026\/01\/Podcast-ep-2-300x168.png 300w, https:\/\/fundacionlobeliana.org\/wp-content\/uploads\/2026\/01\/Podcast-ep-2-768x429.png 768w, https:\/\/fundacionlobeliana.org\/wp-content\/uploads\/2026\/01\/Podcast-ep-2-18x10.png 18w, https:\/\/fundacionlobeliana.org\/wp-content\/uploads\/2026\/01\/Podcast-ep-2-600x335.png 600w\" sizes=\"(max-width: 800px) 100vw, 800px\" \/>\t\t\t\t\t\t\t\t\t\t\t\t\t\t\t<\/div>\n\t\t\t\t<\/div>\n\t\t<div class=\"elementor-element elementor-element-b478744 e-con-full e-flex e-con e-child\" data-id=\"b478744\" data-element_type=\"container\" data-e-type=\"container\">\n\t\t\t\t<div class=\"elementor-element elementor-element-446331e elementor-widget elementor-widget-heading\" data-id=\"446331e\" data-element_type=\"widget\" data-e-type=\"widget\" data-widget_type=\"heading.default\">\n\t\t\t\t\t<h5 class=\"elementor-heading-title elementor-size-default\">episode 2<\/h5>\t\t\t\t<\/div>\n\t\t\t\t<div class=\"elementor-element elementor-element-71b2e68 elementor-widget elementor-widget-heading\" data-id=\"71b2e68\" data-element_type=\"widget\" data-e-type=\"widget\" data-widget_type=\"heading.default\">\n\t\t\t\t\t<h2 class=\"elementor-heading-title elementor-size-default\">Minga Koka: Leaf words to\ncare for the south<\/h2>\t\t\t\t<\/div>\n\t\t\t\t<div class=\"elementor-element elementor-element-34a15ee elementor-widget elementor-widget-text-editor\" data-id=\"34a15ee\" data-element_type=\"widget\" data-e-type=\"widget\" data-widget_type=\"text-editor.default\">\n\t\t\t\t\t\t\t\t\tThis episode introduces the virtual conversation Minga Koka, a free and open space that seeks to dignify the coca leaf and recognize those who have cared for it for millennia. We speak with Eugenio Figueroa, an independent researcher, and Alejandra Andrade, an anthropologist specializing in ethnobotany, the organizers of the event. We explore why this is a historic moment for the plant and why it is urgent to open a dialogue from the Global South, for the world.\t\t\t\t\t\t\t\t<\/div>\n\t\t\t\t<div class=\"elementor-element elementor-element-5959200 elementor-widget elementor-widget-button\" data-id=\"5959200\" data-element_type=\"widget\" data-e-type=\"widget\" data-widget_type=\"button.default\">\n\t\t\t\t\t\t\t\t\t\t<a class=\"elementor-button elementor-button-link elementor-size-sm\" href=\"https:\/\/www.youtube.com\/watch?v=q8LqSxfEBl8&#038;t=21s\" target=\"_blank\">\n\t\t\t\t\t\t<span class=\"elementor-button-content-wrapper\">\n\t\t\t\t\t\t\t\t\t<span class=\"elementor-button-text\">LISTEN TO EPISODE<\/span>\n\t\t\t\t\t<\/span>\n\t\t\t\t\t<\/a>\n\t\t\t\t\t\t\t\t<\/div>\n\t\t\t\t<\/div>\n\t\t\t\t<\/div>\n\t\t<div class=\"elementor-element elementor-element-7266bc0 e-con-full e-grid e-con e-child\" data-id=\"7266bc0\" data-element_type=\"container\" data-e-type=\"container\">\n\t\t<div class=\"elementor-element elementor-element-30e6d02 e-con-full e-flex e-con e-child\" data-id=\"30e6d02\" data-element_type=\"container\" data-e-type=\"container\" data-settings=\"{&quot;background_background&quot;:&quot;classic&quot;}\">\n\t\t\t\t<div class=\"elementor-element elementor-element-bfda2c9 elementor-widget elementor-widget-image\" data-id=\"bfda2c9\" data-element_type=\"widget\" data-e-type=\"widget\" data-widget_type=\"image.default\">\n\t\t\t\t\t\t\t\t\t\t\t\t\t\t\t<img decoding=\"async\" width=\"800\" height=\"448\" src=\"https:\/\/fundacionlobeliana.org\/wp-content\/uploads\/2026\/01\/Podcast-ep-3.png\" class=\"attachment-large size-large wp-image-1479\" alt=\"\" srcset=\"https:\/\/fundacionlobeliana.org\/wp-content\/uploads\/2026\/01\/Podcast-ep-3.png 886w, https:\/\/fundacionlobeliana.org\/wp-content\/uploads\/2026\/01\/Podcast-ep-3-300x168.png 300w, https:\/\/fundacionlobeliana.org\/wp-content\/uploads\/2026\/01\/Podcast-ep-3-768x430.png 768w, https:\/\/fundacionlobeliana.org\/wp-content\/uploads\/2026\/01\/Podcast-ep-3-18x10.png 18w, https:\/\/fundacionlobeliana.org\/wp-content\/uploads\/2026\/01\/Podcast-ep-3-600x336.png 600w\" sizes=\"(max-width: 800px) 100vw, 800px\" \/>\t\t\t\t\t\t\t\t\t\t\t\t\t\t\t<\/div>\n\t\t\t\t<\/div>\n\t\t<div class=\"elementor-element elementor-element-fb09f27 e-con-full e-flex e-con e-child\" data-id=\"fb09f27\" data-element_type=\"container\" data-e-type=\"container\">\n\t\t\t\t<div class=\"elementor-element elementor-element-08abf59 elementor-widget elementor-widget-heading\" data-id=\"08abf59\" data-element_type=\"widget\" data-e-type=\"widget\" data-widget_type=\"heading.default\">\n\t\t\t\t\t<h5 class=\"elementor-heading-title elementor-size-default\">episode 3<\/h5>\t\t\t\t<\/div>\n\t\t\t\t<div class=\"elementor-element elementor-element-d07b036 elementor-widget elementor-widget-heading\" data-id=\"d07b036\" data-element_type=\"widget\" data-e-type=\"widget\" data-widget_type=\"heading.default\">\n\t\t\t\t\t<h2 class=\"elementor-heading-title elementor-size-default\">Oneironautics: The art of navigating dreams<\/h2>\t\t\t\t<\/div>\n\t\t\t\t<div class=\"elementor-element elementor-element-da438b7 elementor-widget elementor-widget-text-editor\" data-id=\"da438b7\" data-element_type=\"widget\" data-e-type=\"widget\" data-widget_type=\"text-editor.default\">\n\t\t\t\t\t\t\t\t\tIn this episode, we explore oneironautics,\nthe art of consciously navigating the dream world\nas a path to self-knowledge and\nexpansion of consciousness. We speak with\nOneiros Speculum, researcher of altered states\nand author of Onirocosmos and\nPsychedelic Revelations, along with Benjamin\nGelcich. Through personal experiences and\nconcrete practices, we share\nadvanced techniques for dream work and\nexploring inner landscapes.\t\t\t\t\t\t\t\t<\/div>\n\t\t\t\t<div class=\"elementor-element elementor-element-ddee15c elementor-widget elementor-widget-button\" data-id=\"ddee15c\" data-element_type=\"widget\" data-e-type=\"widget\" data-widget_type=\"button.default\">\n\t\t\t\t\t\t\t\t\t\t<a class=\"elementor-button elementor-button-link elementor-size-sm\" href=\"https:\/\/www.youtube.com\/watch?v=tO5jrYVCAiE\" target=\"_blank\">\n\t\t\t\t\t\t<span class=\"elementor-button-content-wrapper\">\n\t\t\t\t\t\t\t\t\t<span class=\"elementor-button-text\">LISTEN TO EPISODE<\/span>\n\t\t\t\t\t<\/span>\n\t\t\t\t\t<\/a>\n\t\t\t\t\t\t\t\t<\/div>\n\t\t\t\t<\/div>\n\t\t\t\t<\/div>\n\t\t\t\t\t<\/div>\n\t\t\t\t<\/div>\n\t\t\t\t<\/div>","protected":false},"excerpt":{"rendered":"<p>El Podcast Lobeliana es un espacio de conversaci\u00f3n y escucha cr\u00edtica que explora las distintas formas en que las sustancias psicoactivas, los sue\u00f1os y las plantas han modelado la experiencia humana. Cada episodio propone un recorrido por saberes, voces y perspectivas que ampl\u00edan nuestra comprensi\u00f3n del mundo psicoactivo, reuniendo a investigadores, artistas y pensadores en [&hellip;]<\/p>","protected":false},"author":1,"featured_media":0,"parent":0,"menu_order":0,"comment_status":"closed","ping_status":"closed","template":"","meta":{"footnotes":""},"class_list":["post-1476","page","type-page","status-publish","hentry"],"yoast_head":"<!-- This site is optimized with the Yoast SEO plugin v27.2 - https:\/\/yoast.com\/product\/yoast-seo-wordpress\/ -->\n<title>Podcast - Fundacion Lobeliana<\/title>\n<meta name=\"robots\" content=\"index, follow, max-snippet:-1, max-image-preview:large, max-video-preview:-1\" \/>\n<link rel=\"canonical\" href=\"https:\/\/fundacionlobeliana.org\/en\/podcast\/\" \/>\n<meta property=\"og:locale\" content=\"en_GB\" \/>\n<meta property=\"og:type\" content=\"article\" \/>\n<meta property=\"og:title\" content=\"Podcast - Fundacion Lobeliana\" \/>\n<meta property=\"og:description\" content=\"El Podcast Lobeliana es un espacio de conversaci\u00f3n y escucha cr\u00edtica que explora las distintas formas en que las sustancias psicoactivas, los sue\u00f1os y las plantas han modelado la experiencia humana. Cada episodio propone un recorrido por saberes, voces y perspectivas que ampl\u00edan nuestra comprensi\u00f3n del mundo psicoactivo, reuniendo a investigadores, artistas y pensadores en [&hellip;]\" \/>\n<meta property=\"og:url\" content=\"https:\/\/fundacionlobeliana.org\/en\/podcast\/\" \/>\n<meta property=\"og:site_name\" content=\"Fundacion Lobeliana\" \/>\n<meta property=\"article:modified_time\" content=\"2026-01-21T15:20:12+00:00\" \/>\n<meta property=\"og:image\" content=\"https:\/\/fundacionlobeliana.org\/wp-content\/uploads\/2026\/01\/Podcast-ep-1.png\" \/>\n\t<meta property=\"og:image:width\" content=\"886\" \/>\n\t<meta property=\"og:image:height\" content=\"492\" \/>\n\t<meta property=\"og:image:type\" content=\"image\/png\" \/>\n<meta name=\"twitter:card\" content=\"summary_large_image\" \/>\n<meta name=\"twitter:label1\" content=\"Estimated reading time\" \/>\n\t<meta name=\"twitter:data1\" content=\"2 minutes\" \/>\n<script type=\"application\/ld+json\" class=\"yoast-schema-graph\">{\"@context\":\"https:\/\/schema.org\",\"@graph\":[{\"@type\":\"WebPage\",\"@id\":\"https:\/\/fundacionlobeliana.org\/podcast\/\",\"url\":\"https:\/\/fundacionlobeliana.org\/podcast\/\",\"name\":\"Podcast - Fundacion Lobeliana\",\"isPartOf\":{\"@id\":\"https:\/\/fundacionlobeliana.org\/#website\"},\"primaryImageOfPage\":{\"@id\":\"https:\/\/fundacionlobeliana.org\/podcast\/#primaryimage\"},\"image\":{\"@id\":\"https:\/\/fundacionlobeliana.org\/podcast\/#primaryimage\"},\"thumbnailUrl\":\"https:\/\/fundacionlobeliana.org\/wp-content\/uploads\/2026\/01\/Podcast-ep-1.png\",\"datePublished\":\"2026-01-16T19:59:30+00:00\",\"dateModified\":\"2026-01-21T15:20:12+00:00\",\"breadcrumb\":{\"@id\":\"https:\/\/fundacionlobeliana.org\/podcast\/#breadcrumb\"},\"inLanguage\":\"en-GB\",\"potentialAction\":[{\"@type\":\"ReadAction\",\"target\":[\"https:\/\/fundacionlobeliana.org\/podcast\/\"]}]},{\"@type\":\"ImageObject\",\"inLanguage\":\"en-GB\",\"@id\":\"https:\/\/fundacionlobeliana.org\/podcast\/#primaryimage\",\"url\":\"https:\/\/fundacionlobeliana.org\/wp-content\/uploads\/2026\/01\/Podcast-ep-1.png\",\"contentUrl\":\"https:\/\/fundacionlobeliana.org\/wp-content\/uploads\/2026\/01\/Podcast-ep-1.png\"},{\"@type\":\"BreadcrumbList\",\"@id\":\"https:\/\/fundacionlobeliana.org\/podcast\/#breadcrumb\",\"itemListElement\":[{\"@type\":\"ListItem\",\"position\":1,\"name\":\"Portada\",\"item\":\"https:\/\/fundacionlobeliana.org\/\"},{\"@type\":\"ListItem\",\"position\":2,\"name\":\"Podcast\"}]},{\"@type\":\"WebSite\",\"@id\":\"https:\/\/fundacionlobeliana.org\/#website\",\"url\":\"https:\/\/fundacionlobeliana.org\/\",\"name\":\"Fundacion Lobeliana\",\"description\":\"Organizaci\u00f3n sin fines de lucro que tiene como misi\u00f3n el rescatar, actualizar, visibilizar y hacer disponible el conocimiento acumulado hasta hoy sobre f\u00e1rmacos naturales y psicoactivos\",\"publisher\":{\"@id\":\"https:\/\/fundacionlobeliana.org\/#organization\"},\"potentialAction\":[{\"@type\":\"SearchAction\",\"target\":{\"@type\":\"EntryPoint\",\"urlTemplate\":\"https:\/\/fundacionlobeliana.org\/?s={search_term_string}\"},\"query-input\":{\"@type\":\"PropertyValueSpecification\",\"valueRequired\":true,\"valueName\":\"search_term_string\"}}],\"inLanguage\":\"en-GB\"},{\"@type\":\"Organization\",\"@id\":\"https:\/\/fundacionlobeliana.org\/#organization\",\"name\":\"Fundacion Lobeliana\",\"url\":\"https:\/\/fundacionlobeliana.org\/\",\"logo\":{\"@type\":\"ImageObject\",\"inLanguage\":\"en-GB\",\"@id\":\"https:\/\/fundacionlobeliana.org\/#\/schema\/logo\/image\/\",\"url\":\"https:\/\/fundacionlobeliana.org\/wp-content\/uploads\/2025\/09\/logo_fundacion_lobeliana-02.png\",\"contentUrl\":\"https:\/\/fundacionlobeliana.org\/wp-content\/uploads\/2025\/09\/logo_fundacion_lobeliana-02.png\",\"width\":571,\"height\":718,\"caption\":\"Fundacion Lobeliana\"},\"image\":{\"@id\":\"https:\/\/fundacionlobeliana.org\/#\/schema\/logo\/image\/\"}}]}<\/script>\n<!-- \/ Yoast SEO plugin. -->","yoast_head_json":{"title":"Podcast - Fundacion Lobeliana","robots":{"index":"index","follow":"follow","max-snippet":"max-snippet:-1","max-image-preview":"max-image-preview:large","max-video-preview":"max-video-preview:-1"},"canonical":"https:\/\/fundacionlobeliana.org\/en\/podcast\/","og_locale":"en_GB","og_type":"article","og_title":"Podcast - Fundacion Lobeliana","og_description":"El Podcast Lobeliana es un espacio de conversaci\u00f3n y escucha cr\u00edtica que explora las distintas formas en que las sustancias psicoactivas, los sue\u00f1os y las plantas han modelado la experiencia humana. Cada episodio propone un recorrido por saberes, voces y perspectivas que ampl\u00edan nuestra comprensi\u00f3n del mundo psicoactivo, reuniendo a investigadores, artistas y pensadores en [&hellip;]","og_url":"https:\/\/fundacionlobeliana.org\/en\/podcast\/","og_site_name":"Fundacion Lobeliana","article_modified_time":"2026-01-21T15:20:12+00:00","og_image":[{"width":886,"height":492,"url":"https:\/\/fundacionlobeliana.org\/wp-content\/uploads\/2026\/01\/Podcast-ep-1.png","type":"image\/png"}],"twitter_card":"summary_large_image","twitter_misc":{"Estimated reading time":"2 minutes"},"schema":{"@context":"https:\/\/schema.org","@graph":[{"@type":"WebPage","@id":"https:\/\/fundacionlobeliana.org\/podcast\/","url":"https:\/\/fundacionlobeliana.org\/podcast\/","name":"Podcast - Fundacion Lobeliana","isPartOf":{"@id":"https:\/\/fundacionlobeliana.org\/#website"},"primaryImageOfPage":{"@id":"https:\/\/fundacionlobeliana.org\/podcast\/#primaryimage"},"image":{"@id":"https:\/\/fundacionlobeliana.org\/podcast\/#primaryimage"},"thumbnailUrl":"https:\/\/fundacionlobeliana.org\/wp-content\/uploads\/2026\/01\/Podcast-ep-1.png","datePublished":"2026-01-16T19:59:30+00:00","dateModified":"2026-01-21T15:20:12+00:00","breadcrumb":{"@id":"https:\/\/fundacionlobeliana.org\/podcast\/#breadcrumb"},"inLanguage":"en-GB","potentialAction":[{"@type":"ReadAction","target":["https:\/\/fundacionlobeliana.org\/podcast\/"]}]},{"@type":"ImageObject","inLanguage":"en-GB","@id":"https:\/\/fundacionlobeliana.org\/podcast\/#primaryimage","url":"https:\/\/fundacionlobeliana.org\/wp-content\/uploads\/2026\/01\/Podcast-ep-1.png","contentUrl":"https:\/\/fundacionlobeliana.org\/wp-content\/uploads\/2026\/01\/Podcast-ep-1.png"},{"@type":"BreadcrumbList","@id":"https:\/\/fundacionlobeliana.org\/podcast\/#breadcrumb","itemListElement":[{"@type":"ListItem","position":1,"name":"Portada","item":"https:\/\/fundacionlobeliana.org\/"},{"@type":"ListItem","position":2,"name":"Podcast"}]},{"@type":"WebSite","@id":"https:\/\/fundacionlobeliana.org\/#website","url":"https:\/\/fundacionlobeliana.org\/","name":"Fundacion Lobeliana","description":"Organizaci\u00f3n sin fines de lucro que tiene como misi\u00f3n el rescatar, actualizar, visibilizar y hacer disponible el conocimiento acumulado hasta hoy sobre f\u00e1rmacos naturales y psicoactivos","publisher":{"@id":"https:\/\/fundacionlobeliana.org\/#organization"},"potentialAction":[{"@type":"SearchAction","target":{"@type":"EntryPoint","urlTemplate":"https:\/\/fundacionlobeliana.org\/?s={search_term_string}"},"query-input":{"@type":"PropertyValueSpecification","valueRequired":true,"valueName":"search_term_string"}}],"inLanguage":"en-GB"},{"@type":"Organization","@id":"https:\/\/fundacionlobeliana.org\/#organization","name":"Fundacion Lobeliana","url":"https:\/\/fundacionlobeliana.org\/","logo":{"@type":"ImageObject","inLanguage":"en-GB","@id":"https:\/\/fundacionlobeliana.org\/#\/schema\/logo\/image\/","url":"https:\/\/fundacionlobeliana.org\/wp-content\/uploads\/2025\/09\/logo_fundacion_lobeliana-02.png","contentUrl":"https:\/\/fundacionlobeliana.org\/wp-content\/uploads\/2025\/09\/logo_fundacion_lobeliana-02.png","width":571,"height":718,"caption":"Fundacion Lobeliana"},"image":{"@id":"https:\/\/fundacionlobeliana.org\/#\/schema\/logo\/image\/"}}]}},"_links":{"self":[{"href":"https:\/\/fundacionlobeliana.org\/en\/wp-json\/wp\/v2\/pages\/1476","targetHints":{"allow":["GET"]}}],"collection":[{"href":"https:\/\/fundacionlobeliana.org\/en\/wp-json\/wp\/v2\/pages"}],"about":[{"href":"https:\/\/fundacionlobeliana.org\/en\/wp-json\/wp\/v2\/types\/page"}],"author":[{"embeddable":true,"href":"https:\/\/fundacionlobeliana.org\/en\/wp-json\/wp\/v2\/users\/1"}],"replies":[{"embeddable":true,"href":"https:\/\/fundacionlobeliana.org\/en\/wp-json\/wp\/v2\/comments?post=1476"}],"version-history":[{"count":6,"href":"https:\/\/fundacionlobeliana.org\/en\/wp-json\/wp\/v2\/pages\/1476\/revisions"}],"predecessor-version":[{"id":1555,"href":"https:\/\/fundacionlobeliana.org\/en\/wp-json\/wp\/v2\/pages\/1476\/revisions\/1555"}],"wp:attachment":[{"href":"https:\/\/fundacionlobeliana.org\/en\/wp-json\/wp\/v2\/media?parent=1476"}],"curies":[{"name":"wp","href":"https:\/\/api.w.org\/{rel}","templated":true}]}}