{"id":257,"date":"2025-09-08T18:44:54","date_gmt":"2025-09-08T18:44:54","guid":{"rendered":"https:\/\/fundacionlobeliana.org\/?page_id=257"},"modified":"2026-01-27T21:32:07","modified_gmt":"2026-01-27T21:32:07","slug":"cel","status":"publish","type":"page","link":"https:\/\/fundacionlobeliana.org\/en\/cel\/","title":{"rendered":"CEL"},"content":{"rendered":"<div data-elementor-type=\"wp-page\" data-elementor-id=\"257\" class=\"elementor elementor-257\" data-elementor-post-type=\"page\">\n\t\t\t\t<div class=\"elementor-element elementor-element-80ecfb4 e-flex e-con-boxed e-con e-parent\" data-id=\"80ecfb4\" data-element_type=\"container\" data-e-type=\"container\">\n\t\t\t\t\t<div class=\"e-con-inner\">\n\t\t<div class=\"elementor-element elementor-element-ea85e6b e-con-full e-flex e-con e-child\" data-id=\"ea85e6b\" data-element_type=\"container\" data-e-type=\"container\">\n\t\t\t\t<div class=\"elementor-element elementor-element-e91d4d6 elementor-widget elementor-widget-heading\" data-id=\"e91d4d6\" data-element_type=\"widget\" data-e-type=\"widget\" data-widget_type=\"heading.default\">\n\t\t\t\t\t<h1 class=\"elementor-heading-title elementor-size-default\">Lobeliana Study Centre<\/h1>\t\t\t\t<\/div>\n\t\t\t\t<\/div>\n\t\t\t\t\t<\/div>\n\t\t\t\t<\/div>\n\t\t<div class=\"elementor-element elementor-element-1559175 row-cel e-flex e-con-boxed e-con e-parent\" data-id=\"1559175\" data-element_type=\"container\" data-e-type=\"container\">\n\t\t\t\t\t<div class=\"e-con-inner\">\n\t\t<div class=\"elementor-element elementor-element-e4f26d8 e-con-full e-flex e-con e-child\" data-id=\"e4f26d8\" data-element_type=\"container\" data-e-type=\"container\">\n\t\t\t\t<div class=\"elementor-element elementor-element-6df897c elementor-widget elementor-widget-image\" data-id=\"6df897c\" data-element_type=\"widget\" data-e-type=\"widget\" data-widget_type=\"image.default\">\n\t\t\t\t\t\t\t\t\t\t\t\t\t\t\t<img fetchpriority=\"high\" decoding=\"async\" width=\"800\" height=\"991\" src=\"https:\/\/fundacionlobeliana.org\/wp-content\/uploads\/2025\/09\/IMG_20230219_160910-scaled-1-827x1024.png\" class=\"attachment-large size-large wp-image-407\" alt=\"\" srcset=\"https:\/\/fundacionlobeliana.org\/wp-content\/uploads\/2025\/09\/IMG_20230219_160910-scaled-1-827x1024.png 827w, https:\/\/fundacionlobeliana.org\/wp-content\/uploads\/2025\/09\/IMG_20230219_160910-scaled-1-600x743.png 600w, https:\/\/fundacionlobeliana.org\/wp-content\/uploads\/2025\/09\/IMG_20230219_160910-scaled-1-242x300.png 242w, https:\/\/fundacionlobeliana.org\/wp-content\/uploads\/2025\/09\/IMG_20230219_160910-scaled-1-768x951.png 768w, https:\/\/fundacionlobeliana.org\/wp-content\/uploads\/2025\/09\/IMG_20230219_160910-scaled-1-10x12.png 10w, https:\/\/fundacionlobeliana.org\/wp-content\/uploads\/2025\/09\/IMG_20230219_160910-scaled-1.png 1000w\" sizes=\"(max-width: 800px) 100vw, 800px\" \/>\t\t\t\t\t\t\t\t\t\t\t\t\t\t\t<\/div>\n\t\t\t\t<\/div>\n\t\t<div class=\"elementor-element elementor-element-fd377dd e-con-full col-text-cel e-flex e-con e-child\" data-id=\"fd377dd\" data-element_type=\"container\" data-e-type=\"container\" data-settings=\"{&quot;background_background&quot;:&quot;classic&quot;}\">\n\t\t\t\t<div class=\"elementor-element elementor-element-aa83daa elementor-widget elementor-widget-text-editor\" data-id=\"aa83daa\" data-element_type=\"widget\" data-e-type=\"widget\" data-widget_type=\"text-editor.default\">\n\t\t\t\t\t\t\t\t\t<p>El Centro de Estudios Lobeliana (CEL) es el espacio donde converge investigaci\u00f3n,<br \/>experimentaci\u00f3n y di\u00e1logo en torno a plantas, hongos y sustancias psicoactivas.<\/p><p>Re\u00fane <b>La Biblioteca<\/b>, Archivo Tupa, Laboratorio, Fungario, Jard\u00edn Bot\u00e1nico, Editorial, Residencias y Programas de Extensi\u00f3n; impulsando proyectos que exploran estas sustancias en sus dimensiones hist\u00f3ricas, culturales, cient\u00edficas y art\u00edsticas.<\/p><p>El CEL emerge con el prop\u00f3sito de entrelazar saberes ancestrales y contempor\u00e1neos sobre las siete \u00e1reas de investigaci\u00f3n de la Fundaci\u00f3n. En este ambiente colaborativo; agentes cient\u00edficos, culturales y entusiastas por aprender, se re\u00fanen para desarrollar proyectos innovadores, compartir experiencias valiosas y construir un conocimiento colectivo abordado desde diversas perspectivas; fomentando el enriquecimiento del entendimiento global e hist\u00f3rico sobre las drogas.<\/p>\t\t\t\t\t\t\t\t<\/div>\n\t\t\t\t<\/div>\n\t\t\t\t\t<\/div>\n\t\t\t\t<\/div>\n\t\t<div class=\"elementor-element elementor-element-5913ac3 e-flex e-con-boxed e-con e-parent\" data-id=\"5913ac3\" data-element_type=\"container\" data-e-type=\"container\">\n\t\t\t\t\t<div class=\"e-con-inner\">\n\t\t\t\t\t<\/div>\n\t\t\t\t<\/div>\n\t\t<div class=\"elementor-element elementor-element-7c3280f e-flex e-con-boxed e-con e-parent\" data-id=\"7c3280f\" data-element_type=\"container\" data-e-type=\"container\" data-settings=\"{&quot;background_background&quot;:&quot;classic&quot;}\">\n\t\t\t\t\t<div class=\"e-con-inner\">\n\t\t<div class=\"elementor-element elementor-element-0531c55 e-con-full e-flex e-con e-child\" data-id=\"0531c55\" data-element_type=\"container\" data-e-type=\"container\">\n\t\t\t\t<div class=\"elementor-element elementor-element-c20e1e5 elementor-widget elementor-widget-heading\" data-id=\"c20e1e5\" data-element_type=\"widget\" data-e-type=\"widget\" data-widget_type=\"heading.default\">\n\t\t\t\t\t<p class=\"elementor-heading-title elementor-size-default\">CEL RESEARCH LINES\n<br><br>\nHISTORY: Anthropology, mythology,\nreligions and native cultures.\n<br><br>\nBOTANY AND MYCOLOGY: Identification,\ntaxonomy, cultivation and conservation.\n<br><br>\nPHARMACOLOGY AND PHYTOCHEMISTRY: Extraction, synthesis, analysis and dosage.\n<br><br>\nNEUROBIOLOGY: Brain chemistry, sensory effects, and neurogenesis.\n<br><br>\nPSYCHONAUTICS: Travel maps,\ntraditional and modern techniques, study\nof states of consciousness.\n<br><br>\nTHERAPEUTIC: Psychology, psychiatry,\nneurorehabilitation, addictions and\npalliative care.\n<br><br>\nART: Literature, film, music, and theater\nas languages \u200b\u200bof exploration and memory.<\/p>\t\t\t\t<\/div>\n\t\t\t\t<\/div>\n\t\t\t\t\t<\/div>\n\t\t\t\t<\/div>\n\t\t<div class=\"elementor-element elementor-element-ed3aa8f e-flex e-con-boxed e-con e-parent\" data-id=\"ed3aa8f\" data-element_type=\"container\" data-e-type=\"container\" data-settings=\"{&quot;background_background&quot;:&quot;classic&quot;}\">\n\t\t\t\t\t<div class=\"e-con-inner\">\n\t\t\t\t<div class=\"elementor-element elementor-element-7758c5b elementor-widget elementor-widget-text-editor\" data-id=\"7758c5b\" data-element_type=\"widget\" data-e-type=\"widget\" data-widget_type=\"text-editor.default\">\n\t\t\t\t\t\t\t\t\t<a href=\"https:\/\/fundacionlobeliana.org\/en\/tupa-archivo\/\" style=\"COLOR:#000; TEXT-TRANSFORM:UPPERCASE;\">Tupa Archive\u00a0<\/a>\n<br>\nIt consists of the web platform that organizes and makes available the Foundation's seminars, audiovisual recordings, essays, and digital publications. It not only preserves content but also organizes it into a corpus that reflects the diversity of our research.\t\t\t\t\t\t\t\t<\/div>\n\t\t\t\t\t<\/div>\n\t\t\t\t<\/div>\n\t\t<div class=\"elementor-element elementor-element-b991394 e-flex e-con-boxed e-con e-parent\" data-id=\"b991394\" data-element_type=\"container\" data-e-type=\"container\" data-settings=\"{&quot;background_background&quot;:&quot;classic&quot;}\">\n\t\t\t\t\t<div class=\"e-con-inner\">\n\t\t\t\t<div class=\"elementor-element elementor-element-0d7d18c elementor-widget elementor-widget-text-editor\" data-id=\"0d7d18c\" data-element_type=\"widget\" data-e-type=\"widget\" data-widget_type=\"text-editor.default\">\n\t\t\t\t\t\t\t\t\t<span style=\"color: #000; text-transform: UPPERCASE;\" href=\"https:\/\/fundacionlobeliana.org\/tupa-archivo\/\">Laboratory\u00a0<\/span>\n<br>\nThe Lobeliana Laboratory is a research center dedicated to the analysis, experimentation, and scientific practice of botanical knowledge and its pharmacological properties.\n\nThe laboratory presents itself as a state-of-the-art space, equipped with specialized technology and a rigorous approach, whose purpose is to generate evidence and innovative methods for a better understanding of nature's active compounds, their uses, and potential applications.\nProjects are developed that integrate technical analysis, applied research, and the exploration of new methodological approaches, paving the way for deeper and more technical knowledge.\t\t\t\t\t\t\t\t<\/div>\n\t\t\t\t<div class=\"elementor-element elementor-element-4a6711c elementor-vertical-align-middle elementor-widget__width-initial elementor-widget-mobile__width-inherit elementor-widget elementor-widget-image-box\" data-id=\"4a6711c\" data-element_type=\"widget\" data-e-type=\"widget\" data-widget_type=\"image-box.default\">\n\t\t\t\t\t<div class=\"elementor-image-box-wrapper\"><div class=\"elementor-image-box-content\"><h3 class=\"elementor-image-box-title\">Areas of Action:<\/h3><\/div><\/div>\t\t\t\t<\/div>\n\t\t\t\t<div class=\"elementor-element elementor-element-508f411 elementor-position-left elementor-vertical-align-middle elementor-vertical-align-top elementor-widget__width-initial elementor-widget-mobile__width-inherit d-flex elementor-widget elementor-widget-image-box\" data-id=\"508f411\" data-element_type=\"widget\" data-e-type=\"widget\" data-widget_type=\"image-box.default\">\n\t\t\t\t\t<div class=\"elementor-image-box-wrapper\"><figure class=\"elementor-image-box-img\"><img decoding=\"async\" width=\"544\" height=\"572\" src=\"https:\/\/fundacionlobeliana.org\/wp-content\/uploads\/2026\/01\/iconos-03.png\" class=\"attachment-full size-full wp-image-1196\" alt=\"\" srcset=\"https:\/\/fundacionlobeliana.org\/wp-content\/uploads\/2026\/01\/iconos-03.png 544w, https:\/\/fundacionlobeliana.org\/wp-content\/uploads\/2026\/01\/iconos-03-285x300.png 285w, https:\/\/fundacionlobeliana.org\/wp-content\/uploads\/2026\/01\/iconos-03-11x12.png 11w\" sizes=\"(max-width: 544px) 100vw, 544px\" \/><\/figure><div class=\"elementor-image-box-content\"><h3 class=\"elementor-image-box-title\">Extractions and chemical analysis of active ingredients.<\/h3><\/div><\/div>\t\t\t\t<\/div>\n\t\t\t\t<div class=\"elementor-element elementor-element-9265d60 elementor-position-left elementor-vertical-align-middle elementor-vertical-align-top elementor-widget__width-initial elementor-widget-mobile__width-inherit d-flex elementor-widget elementor-widget-image-box\" data-id=\"9265d60\" data-element_type=\"widget\" data-e-type=\"widget\" data-widget_type=\"image-box.default\">\n\t\t\t\t\t<div class=\"elementor-image-box-wrapper\"><figure class=\"elementor-image-box-img\"><img decoding=\"async\" width=\"279\" height=\"573\" src=\"https:\/\/fundacionlobeliana.org\/wp-content\/uploads\/2026\/01\/iconos-04.png\" class=\"attachment-full size-full wp-image-1197\" alt=\"\" srcset=\"https:\/\/fundacionlobeliana.org\/wp-content\/uploads\/2026\/01\/iconos-04.png 279w, https:\/\/fundacionlobeliana.org\/wp-content\/uploads\/2026\/01\/iconos-04-146x300.png 146w, https:\/\/fundacionlobeliana.org\/wp-content\/uploads\/2026\/01\/iconos-04-6x12.png 6w\" sizes=\"(max-width: 279px) 100vw, 279px\" \/><\/figure><div class=\"elementor-image-box-content\"><h3 class=\"elementor-image-box-title\">Cultivation and conservation of species of interest for research.<\/h3><\/div><\/div>\t\t\t\t<\/div>\n\t\t\t\t<div class=\"elementor-element elementor-element-9a191d4 elementor-position-left elementor-vertical-align-middle elementor-vertical-align-top elementor-widget__width-initial elementor-widget-mobile__width-inherit d-flex elementor-widget elementor-widget-image-box\" data-id=\"9a191d4\" data-element_type=\"widget\" data-e-type=\"widget\" data-widget_type=\"image-box.default\">\n\t\t\t\t\t<div class=\"elementor-image-box-wrapper\"><figure class=\"elementor-image-box-img\"><img loading=\"lazy\" decoding=\"async\" width=\"389\" height=\"518\" src=\"https:\/\/fundacionlobeliana.org\/wp-content\/uploads\/2026\/01\/iconos-02.png\" class=\"attachment-full size-full wp-image-1198\" alt=\"\" srcset=\"https:\/\/fundacionlobeliana.org\/wp-content\/uploads\/2026\/01\/iconos-02.png 389w, https:\/\/fundacionlobeliana.org\/wp-content\/uploads\/2026\/01\/iconos-02-225x300.png 225w, https:\/\/fundacionlobeliana.org\/wp-content\/uploads\/2026\/01\/iconos-02-9x12.png 9w\" sizes=\"(max-width: 389px) 100vw, 389px\" \/><\/figure><div class=\"elementor-image-box-content\"><h3 class=\"elementor-image-box-title\">Studies in applied pharmacology and risk reduction.<\/h3><\/div><\/div>\t\t\t\t<\/div>\n\t\t\t\t<div class=\"elementor-element elementor-element-c56145f elementor-position-left elementor-vertical-align-middle elementor-vertical-align-top elementor-widget__width-initial elementor-widget-mobile__width-inherit d-flex elementor-widget elementor-widget-image-box\" data-id=\"c56145f\" data-element_type=\"widget\" data-e-type=\"widget\" data-widget_type=\"image-box.default\">\n\t\t\t\t\t<div class=\"elementor-image-box-wrapper\"><figure class=\"elementor-image-box-img\"><img loading=\"lazy\" decoding=\"async\" width=\"475\" height=\"578\" src=\"https:\/\/fundacionlobeliana.org\/wp-content\/uploads\/2026\/01\/iconos-06.png\" class=\"attachment-full size-full wp-image-1199\" alt=\"\" srcset=\"https:\/\/fundacionlobeliana.org\/wp-content\/uploads\/2026\/01\/iconos-06.png 475w, https:\/\/fundacionlobeliana.org\/wp-content\/uploads\/2026\/01\/iconos-06-247x300.png 247w, https:\/\/fundacionlobeliana.org\/wp-content\/uploads\/2026\/01\/iconos-06-10x12.png 10w\" sizes=\"(max-width: 475px) 100vw, 475px\" \/><\/figure><div class=\"elementor-image-box-content\"><h3 class=\"elementor-image-box-title\">Training and collaboration with students, apprentices, and associated researchers.<\/h3><\/div><\/div>\t\t\t\t<\/div>\n\t\t\t\t\t<\/div>\n\t\t\t\t<\/div>\n\t\t<div class=\"elementor-element elementor-element-fa9f6e1 e-flex e-con-boxed e-con e-parent\" data-id=\"fa9f6e1\" data-element_type=\"container\" data-e-type=\"container\" data-settings=\"{&quot;background_background&quot;:&quot;classic&quot;}\">\n\t\t\t\t\t<div class=\"e-con-inner\">\n\t\t\t\t<div class=\"elementor-element elementor-element-826558f elementor-widget elementor-widget-text-editor\" data-id=\"826558f\" data-element_type=\"widget\" data-e-type=\"widget\" data-widget_type=\"text-editor.default\">\n\t\t\t\t\t\t\t\t\t<span style=\"text-transform: UPPERCASE;\">FUNGARIUM\u00a0<\/span>\n<br>\nThe Lobeliana Fungarium will be a space designed for the cultivation, reproduction, and study of fungi of ethnomycological relevance.\n\nAs a specialized center within the CEL (Center for Environmental Studies), the Fungarium provides the necessary conditions for the conservation, research, and experimentation with fungal diversity. In addition to supporting scientific work, we promote the dissemination of knowledge about fungi, their importance in human life, and their global ecosystemic relevance.\t\t\t\t\t\t\t\t<\/div>\n\t\t\t\t<div class=\"elementor-element elementor-element-6a113bc elementor-vertical-align-middle elementor-widget__width-initial elementor-widget-mobile__width-inherit elementor-widget elementor-widget-image-box\" data-id=\"6a113bc\" data-element_type=\"widget\" data-e-type=\"widget\" data-widget_type=\"image-box.default\">\n\t\t\t\t\t<div class=\"elementor-image-box-wrapper\"><div class=\"elementor-image-box-content\"><h3 class=\"elementor-image-box-title\">Areas of Action:<\/h3><\/div><\/div>\t\t\t\t<\/div>\n\t\t\t\t<div class=\"elementor-element elementor-element-2767a7b elementor-position-left elementor-vertical-align-middle elementor-vertical-align-top elementor-widget__width-initial elementor-widget-mobile__width-inherit d-flex elementor-widget elementor-widget-image-box\" data-id=\"2767a7b\" data-element_type=\"widget\" data-e-type=\"widget\" data-widget_type=\"image-box.default\">\n\t\t\t\t\t<div class=\"elementor-image-box-wrapper\"><figure class=\"elementor-image-box-img\"><img loading=\"lazy\" decoding=\"async\" width=\"279\" height=\"573\" src=\"https:\/\/fundacionlobeliana.org\/wp-content\/uploads\/2026\/01\/iconos-blanco-04.png\" class=\"attachment-full size-full wp-image-1219\" alt=\"\" srcset=\"https:\/\/fundacionlobeliana.org\/wp-content\/uploads\/2026\/01\/iconos-blanco-04.png 279w, https:\/\/fundacionlobeliana.org\/wp-content\/uploads\/2026\/01\/iconos-blanco-04-146x300.png 146w, https:\/\/fundacionlobeliana.org\/wp-content\/uploads\/2026\/01\/iconos-blanco-04-6x12.png 6w\" sizes=\"(max-width: 279px) 100vw, 279px\" \/><\/figure><div class=\"elementor-image-box-content\"><h3 class=\"elementor-image-box-title\">Controlled cultivation of species of medicinal and psychoactive interest.<\/h3><\/div><\/div>\t\t\t\t<\/div>\n\t\t\t\t<div class=\"elementor-element elementor-element-8af1010 elementor-position-left elementor-vertical-align-middle elementor-vertical-align-top elementor-widget__width-initial elementor-widget-mobile__width-inherit d-flex elementor-widget elementor-widget-image-box\" data-id=\"8af1010\" data-element_type=\"widget\" data-e-type=\"widget\" data-widget_type=\"image-box.default\">\n\t\t\t\t\t<div class=\"elementor-image-box-wrapper\"><figure class=\"elementor-image-box-img\"><img loading=\"lazy\" decoding=\"async\" width=\"568\" height=\"564\" src=\"https:\/\/fundacionlobeliana.org\/wp-content\/uploads\/2026\/01\/iconos-blanco-08.png\" class=\"attachment-full size-full wp-image-1222\" alt=\"\" srcset=\"https:\/\/fundacionlobeliana.org\/wp-content\/uploads\/2026\/01\/iconos-blanco-08.png 568w, https:\/\/fundacionlobeliana.org\/wp-content\/uploads\/2026\/01\/iconos-blanco-08-300x298.png 300w, https:\/\/fundacionlobeliana.org\/wp-content\/uploads\/2026\/01\/iconos-blanco-08-150x150.png 150w, https:\/\/fundacionlobeliana.org\/wp-content\/uploads\/2026\/01\/iconos-blanco-08-12x12.png 12w, https:\/\/fundacionlobeliana.org\/wp-content\/uploads\/2026\/01\/iconos-blanco-08-100x100.png 100w\" sizes=\"(max-width: 568px) 100vw, 568px\" \/><\/figure><div class=\"elementor-image-box-content\"><h3 class=\"elementor-image-box-title\">Reproduction and preservation of strains for research.<\/h3><\/div><\/div>\t\t\t\t<\/div>\n\t\t\t\t<div class=\"elementor-element elementor-element-fdceddb elementor-position-left elementor-vertical-align-middle elementor-vertical-align-top elementor-widget__width-initial elementor-widget-mobile__width-inherit d-flex elementor-widget elementor-widget-image-box\" data-id=\"fdceddb\" data-element_type=\"widget\" data-e-type=\"widget\" data-widget_type=\"image-box.default\">\n\t\t\t\t\t<div class=\"elementor-image-box-wrapper\"><figure class=\"elementor-image-box-img\"><img loading=\"lazy\" decoding=\"async\" width=\"563\" height=\"572\" src=\"https:\/\/fundacionlobeliana.org\/wp-content\/uploads\/2026\/01\/iconos-blanco-01.png\" class=\"attachment-full size-full wp-image-1221\" alt=\"\" srcset=\"https:\/\/fundacionlobeliana.org\/wp-content\/uploads\/2026\/01\/iconos-blanco-01.png 563w, https:\/\/fundacionlobeliana.org\/wp-content\/uploads\/2026\/01\/iconos-blanco-01-295x300.png 295w, https:\/\/fundacionlobeliana.org\/wp-content\/uploads\/2026\/01\/iconos-blanco-01-12x12.png 12w\" sizes=\"(max-width: 563px) 100vw, 563px\" \/><\/figure><div class=\"elementor-image-box-content\"><h3 class=\"elementor-image-box-title\">Mycological exploration linked to ecology, conservation and pharmacology.<\/h3><\/div><\/div>\t\t\t\t<\/div>\n\t\t\t\t<div class=\"elementor-element elementor-element-5562c27 elementor-position-left elementor-vertical-align-middle elementor-vertical-align-top elementor-widget__width-initial elementor-widget-mobile__width-inherit d-flex elementor-widget elementor-widget-image-box\" data-id=\"5562c27\" data-element_type=\"widget\" data-e-type=\"widget\" data-widget_type=\"image-box.default\">\n\t\t\t\t\t<div class=\"elementor-image-box-wrapper\"><figure class=\"elementor-image-box-img\"><img loading=\"lazy\" decoding=\"async\" width=\"475\" height=\"578\" src=\"https:\/\/fundacionlobeliana.org\/wp-content\/uploads\/2026\/01\/iconos-blanco-06.png\" class=\"attachment-full size-full wp-image-1220\" alt=\"\" srcset=\"https:\/\/fundacionlobeliana.org\/wp-content\/uploads\/2026\/01\/iconos-blanco-06.png 475w, https:\/\/fundacionlobeliana.org\/wp-content\/uploads\/2026\/01\/iconos-blanco-06-247x300.png 247w, https:\/\/fundacionlobeliana.org\/wp-content\/uploads\/2026\/01\/iconos-blanco-06-10x12.png 10w\" sizes=\"(max-width: 475px) 100vw, 475px\" \/><\/figure><div class=\"elementor-image-box-content\"><h3 class=\"elementor-image-box-title\">Educational collaboration with extension and training programs.<\/h3><\/div><\/div>\t\t\t\t<\/div>\n\t\t\t\t\t<\/div>\n\t\t\t\t<\/div>\n\t\t<div class=\"elementor-element elementor-element-2190d77 e-flex e-con-boxed e-con e-parent\" data-id=\"2190d77\" data-element_type=\"container\" data-e-type=\"container\" data-settings=\"{&quot;background_background&quot;:&quot;classic&quot;}\">\n\t\t\t\t\t<div class=\"e-con-inner\">\n\t\t\t\t<div class=\"elementor-element elementor-element-a707c34 elementor-widget elementor-widget-text-editor\" data-id=\"a707c34\" data-element_type=\"widget\" data-e-type=\"widget\" data-widget_type=\"text-editor.default\">\n\t\t\t\t\t\t\t\t\t<span style=\"text-transform: UPPERCASE;\">BOTANICAL GARDEN<\/span>\n<br>\nThe Lobeliana Botanical Garden will be a space dedicated to the cultivation, conservation, and learning about diverse species. Visitors will be able to observe, record, and experiment with different plants in a living research environment, thus promoting a deep connection between scientific knowledge and the cultural value of plants.\t\t\t\t\t\t\t\t<\/div>\n\t\t\t\t<div class=\"elementor-element elementor-element-89f8210 elementor-vertical-align-middle elementor-widget__width-initial elementor-widget-mobile__width-inherit elementor-widget elementor-widget-image-box\" data-id=\"89f8210\" data-element_type=\"widget\" data-e-type=\"widget\" data-widget_type=\"image-box.default\">\n\t\t\t\t\t<div class=\"elementor-image-box-wrapper\"><div class=\"elementor-image-box-content\"><h3 class=\"elementor-image-box-title\">Areas of Action:<\/h3><\/div><\/div>\t\t\t\t<\/div>\n\t\t\t\t<div class=\"elementor-element elementor-element-29ba232 elementor-position-left elementor-vertical-align-middle elementor-vertical-align-top elementor-widget__width-initial elementor-widget-mobile__width-inherit d-flex elementor-widget elementor-widget-image-box\" data-id=\"29ba232\" data-element_type=\"widget\" data-e-type=\"widget\" data-widget_type=\"image-box.default\">\n\t\t\t\t\t<div class=\"elementor-image-box-wrapper\"><figure class=\"elementor-image-box-img\"><img loading=\"lazy\" decoding=\"async\" width=\"279\" height=\"573\" src=\"https:\/\/fundacionlobeliana.org\/wp-content\/uploads\/2026\/01\/iconos-blanco-04.png\" class=\"attachment-full size-full wp-image-1219\" alt=\"\" srcset=\"https:\/\/fundacionlobeliana.org\/wp-content\/uploads\/2026\/01\/iconos-blanco-04.png 279w, https:\/\/fundacionlobeliana.org\/wp-content\/uploads\/2026\/01\/iconos-blanco-04-146x300.png 146w, https:\/\/fundacionlobeliana.org\/wp-content\/uploads\/2026\/01\/iconos-blanco-04-6x12.png 6w\" sizes=\"(max-width: 279px) 100vw, 279px\" \/><\/figure><div class=\"elementor-image-box-content\"><h3 class=\"elementor-image-box-title\">Collection of local species from Araucan\u00eda, with special attention to their ecological and cultural value.<\/h3><\/div><\/div>\t\t\t\t<\/div>\n\t\t\t\t<div class=\"elementor-element elementor-element-679ed4a elementor-position-left elementor-vertical-align-middle elementor-vertical-align-top elementor-widget__width-initial elementor-widget-mobile__width-inherit d-flex elementor-widget elementor-widget-image-box\" data-id=\"679ed4a\" data-element_type=\"widget\" data-e-type=\"widget\" data-widget_type=\"image-box.default\">\n\t\t\t\t\t<div class=\"elementor-image-box-wrapper\"><figure class=\"elementor-image-box-img\"><img loading=\"lazy\" decoding=\"async\" width=\"573\" height=\"566\" src=\"https:\/\/fundacionlobeliana.org\/wp-content\/uploads\/2026\/01\/iconos-blanco-18.png\" class=\"attachment-full size-full wp-image-1223\" alt=\"\" srcset=\"https:\/\/fundacionlobeliana.org\/wp-content\/uploads\/2026\/01\/iconos-blanco-18.png 573w, https:\/\/fundacionlobeliana.org\/wp-content\/uploads\/2026\/01\/iconos-blanco-18-300x296.png 300w, https:\/\/fundacionlobeliana.org\/wp-content\/uploads\/2026\/01\/iconos-blanco-18-12x12.png 12w, https:\/\/fundacionlobeliana.org\/wp-content\/uploads\/2026\/01\/iconos-blanco-18-100x100.png 100w\" sizes=\"(max-width: 573px) 100vw, 573px\" \/><\/figure><div class=\"elementor-image-box-content\"><h3 class=\"elementor-image-box-title\">Climate-controlled greenhouses, which will allow the reproduction of tropical and desert climate environments.<\/h3><\/div><\/div>\t\t\t\t<\/div>\n\t\t\t\t<div class=\"elementor-element elementor-element-b730930 elementor-position-left elementor-vertical-align-middle elementor-vertical-align-top elementor-widget__width-initial elementor-widget-mobile__width-inherit d-flex elementor-widget elementor-widget-image-box\" data-id=\"b730930\" data-element_type=\"widget\" data-e-type=\"widget\" data-widget_type=\"image-box.default\">\n\t\t\t\t\t<div class=\"elementor-image-box-wrapper\"><figure class=\"elementor-image-box-img\"><img loading=\"lazy\" decoding=\"async\" width=\"355\" height=\"570\" src=\"https:\/\/fundacionlobeliana.org\/wp-content\/uploads\/2026\/01\/iconos-blanco-09.png\" class=\"attachment-full size-full wp-image-1224\" alt=\"\" srcset=\"https:\/\/fundacionlobeliana.org\/wp-content\/uploads\/2026\/01\/iconos-blanco-09.png 355w, https:\/\/fundacionlobeliana.org\/wp-content\/uploads\/2026\/01\/iconos-blanco-09-187x300.png 187w, https:\/\/fundacionlobeliana.org\/wp-content\/uploads\/2026\/01\/iconos-blanco-09-7x12.png 7w\" sizes=\"(max-width: 355px) 100vw, 355px\" \/><\/figure><div class=\"elementor-image-box-content\"><h3 class=\"elementor-image-box-title\">Propagation and cultivation of plants relevant to CEL research.<\/h3><\/div><\/div>\t\t\t\t<\/div>\n\t\t\t\t<div class=\"elementor-element elementor-element-726b091 elementor-position-left elementor-vertical-align-middle elementor-vertical-align-top elementor-widget__width-initial elementor-widget-mobile__width-inherit d-flex elementor-widget elementor-widget-image-box\" data-id=\"726b091\" data-element_type=\"widget\" data-e-type=\"widget\" data-widget_type=\"image-box.default\">\n\t\t\t\t\t<div class=\"elementor-image-box-wrapper\"><figure class=\"elementor-image-box-img\"><img loading=\"lazy\" decoding=\"async\" width=\"475\" height=\"578\" src=\"https:\/\/fundacionlobeliana.org\/wp-content\/uploads\/2026\/01\/iconos-blanco-06.png\" class=\"attachment-full size-full wp-image-1220\" alt=\"\" srcset=\"https:\/\/fundacionlobeliana.org\/wp-content\/uploads\/2026\/01\/iconos-blanco-06.png 475w, https:\/\/fundacionlobeliana.org\/wp-content\/uploads\/2026\/01\/iconos-blanco-06-247x300.png 247w, https:\/\/fundacionlobeliana.org\/wp-content\/uploads\/2026\/01\/iconos-blanco-06-10x12.png 10w\" sizes=\"(max-width: 475px) 100vw, 475px\" \/><\/figure><div class=\"elementor-image-box-content\"><h3 class=\"elementor-image-box-title\">Educational and residential space, open to researchers and visitors seeking to learn directly from the botanical experience.<\/h3><\/div><\/div>\t\t\t\t<\/div>\n\t\t\t\t<div class=\"elementor-element elementor-element-845a1af elementor-widget elementor-widget-text-editor\" data-id=\"845a1af\" data-element_type=\"widget\" data-e-type=\"widget\" data-widget_type=\"text-editor.default\">\n\t\t\t\t\t\t\t\t\tThe Botanical Garden is integrated into the CEL as a place of observation and care, extending the CEL's research into the living environment.\t\t\t\t\t\t\t\t<\/div>\n\t\t\t\t\t<\/div>\n\t\t\t\t<\/div>\n\t\t<div class=\"elementor-element elementor-element-5bbbff9 e-flex e-con-boxed e-con e-parent\" data-id=\"5bbbff9\" data-element_type=\"container\" data-e-type=\"container\" data-settings=\"{&quot;background_background&quot;:&quot;classic&quot;}\">\n\t\t\t\t\t<div class=\"e-con-inner\">\n\t\t\t\t<div class=\"elementor-element elementor-element-dfd3597 elementor-widget elementor-widget-text-editor\" data-id=\"dfd3597\" data-element_type=\"widget\" data-e-type=\"widget\" data-widget_type=\"text-editor.default\">\n\t\t\t\t\t\t\t\t\t<p><a style=\"text-transform: UPPERCASE; color: #fff;\" href=\"https:\/\/fundacionlobeliana.org\/en\/editorial\/\">publisher<\/a><\/p><p>\u00c1rea del CEL dedicada a publicar y difundir investigaciones, ensayos y ediciones cr\u00edticas. Su prop\u00f3sito es dar continuidad a los proyectos de la Fundaci\u00f3n a trav\u00e9s de libros y todo tipo de publicaciones.<\/p>\t\t\t\t\t\t\t\t<\/div>\n\t\t\t\t\t<\/div>\n\t\t\t\t<\/div>\n\t\t<div class=\"elementor-element elementor-element-7005991 e-flex e-con-boxed e-con e-parent\" data-id=\"7005991\" data-element_type=\"container\" data-e-type=\"container\" data-settings=\"{&quot;background_background&quot;:&quot;classic&quot;}\">\n\t\t\t\t\t<div class=\"e-con-inner\">\n\t\t\t\t<div class=\"elementor-element elementor-element-f9ee263 elementor-widget elementor-widget-text-editor\" data-id=\"f9ee263\" data-element_type=\"widget\" data-e-type=\"widget\" data-widget_type=\"text-editor.default\">\n\t\t\t\t\t\t\t\t\t<span style=\"text-transform: UPPERCASE;\">Residences<\/span> <br>\n\nThe Lobeliana Residencies are designed as immersive experiences at the CEL, where researchers, artists, and students can develop projects related to our lines of work.\n\nThe program combines access to the Library, Audiovisual Archive, Laboratory, Fungarium, and Botanical Garden with a natural environment that fosters concentration and creativity. Each residency is tailored to the needs of the participants, offering spaces for study, experimentation, and interdisciplinary dialogue, which opens new networks of collaboration and discovery among those involved.\t\t\t\t\t\t\t\t<\/div>\n\t\t\t\t\t<\/div>\n\t\t\t\t<\/div>\n\t\t<div class=\"elementor-element elementor-element-2815899 e-flex e-con-boxed e-con e-parent\" data-id=\"2815899\" data-element_type=\"container\" data-e-type=\"container\" data-settings=\"{&quot;background_background&quot;:&quot;classic&quot;}\">\n\t\t\t\t\t<div class=\"e-con-inner\">\n\t\t\t\t<div class=\"elementor-element elementor-element-3428339 elementor-widget elementor-widget-text-editor\" data-id=\"3428339\" data-element_type=\"widget\" data-e-type=\"widget\" data-widget_type=\"text-editor.default\">\n\t\t\t\t\t\t\t\t\t<p><a style=\"text-transform: UPPERCASE; color: #fff;\" href=\"http:\/\/fundacionlobeliana.org\/en\/seminarios\/\">Extension Programs<\/a><br \/><br \/>Los Programas de Extensi\u00f3n buscan abrir el CEL hacia la comunidad, compartiendo el conocimiento generado a trav\u00e9s de diversas formas de encuentro. Incluyen seminarios especializados, talleres de formaci\u00f3n, ciclos de cine y actividades en colaboraci\u00f3n con universidades, centros de investigaci\u00f3n y organizaciones culturales, pero siempre favoreciendo espacios independientes. A trav\u00e9s de estas iniciativas, la Fundaci\u00f3n promueve el di\u00e1logo cr\u00edtico y la circulaci\u00f3n de saberes entre p\u00fablicos diversos, promoviendo as\u00ed la reflexi\u00f3n y surgimiento de nuevas narrativas.<\/p>\t\t\t\t\t\t\t\t<\/div>\n\t\t\t\t\t<\/div>\n\t\t\t\t<\/div>\n\t\t<div class=\"elementor-element elementor-element-9d6507e e-flex e-con-boxed e-con e-parent\" data-id=\"9d6507e\" data-element_type=\"container\" data-e-type=\"container\">\n\t\t\t\t\t<div class=\"e-con-inner\">\n\t\t\t\t\t<\/div>\n\t\t\t\t<\/div>\n\t\t\t\t<\/div>","protected":false},"excerpt":{"rendered":"<p>Centro de Estudios Lobeliana El Centro de Estudios Lobeliana (CEL) es el espacio donde converge investigaci\u00f3n,experimentaci\u00f3n y di\u00e1logo en torno a plantas, hongos y sustancias psicoactivas. Re\u00fane La Biblioteca, Archivo Tupa, Laboratorio, Fungario, Jard\u00edn Bot\u00e1nico, Editorial, Residencias y Programas de Extensi\u00f3n; impulsando proyectos que exploran estas sustancias en sus dimensiones hist\u00f3ricas, culturales, cient\u00edficas y art\u00edsticas. [&hellip;]<\/p>","protected":false},"author":1,"featured_media":0,"parent":0,"menu_order":0,"comment_status":"closed","ping_status":"closed","template":"","meta":{"footnotes":""},"class_list":["post-257","page","type-page","status-publish","hentry"],"yoast_head":"<!-- This site is optimized with the Yoast SEO plugin v27.2 - https:\/\/yoast.com\/product\/yoast-seo-wordpress\/ -->\n<title>CEL - Fundacion Lobeliana<\/title>\n<meta name=\"robots\" content=\"index, follow, max-snippet:-1, max-image-preview:large, max-video-preview:-1\" \/>\n<link rel=\"canonical\" href=\"https:\/\/fundacionlobeliana.org\/en\/cel\/\" \/>\n<meta property=\"og:locale\" content=\"en_GB\" \/>\n<meta property=\"og:type\" content=\"article\" \/>\n<meta property=\"og:title\" content=\"CEL - Fundacion Lobeliana\" \/>\n<meta property=\"og:description\" content=\"Centro de Estudios Lobeliana El Centro de Estudios Lobeliana (CEL) es el espacio donde converge investigaci\u00f3n,experimentaci\u00f3n y di\u00e1logo en torno a plantas, hongos y sustancias psicoactivas. Re\u00fane La Biblioteca, Archivo Tupa, Laboratorio, Fungario, Jard\u00edn Bot\u00e1nico, Editorial, Residencias y Programas de Extensi\u00f3n; impulsando proyectos que exploran estas sustancias en sus dimensiones hist\u00f3ricas, culturales, cient\u00edficas y art\u00edsticas. [&hellip;]\" \/>\n<meta property=\"og:url\" content=\"https:\/\/fundacionlobeliana.org\/en\/cel\/\" \/>\n<meta property=\"og:site_name\" content=\"Fundacion Lobeliana\" \/>\n<meta property=\"article:modified_time\" content=\"2026-01-27T21:32:07+00:00\" \/>\n<meta property=\"og:image\" content=\"https:\/\/fundacionlobeliana.org\/wp-content\/uploads\/2025\/09\/IMG_20230219_160910-scaled-1.png\" \/>\n\t<meta property=\"og:image:width\" content=\"1000\" \/>\n\t<meta property=\"og:image:height\" content=\"1238\" \/>\n\t<meta property=\"og:image:type\" content=\"image\/png\" \/>\n<meta name=\"twitter:card\" content=\"summary_large_image\" \/>\n<meta name=\"twitter:label1\" content=\"Estimated reading time\" \/>\n\t<meta name=\"twitter:data1\" content=\"6 minutes\" \/>\n<script type=\"application\/ld+json\" class=\"yoast-schema-graph\">{\"@context\":\"https:\/\/schema.org\",\"@graph\":[{\"@type\":\"WebPage\",\"@id\":\"https:\/\/fundacionlobeliana.org\/cel\/\",\"url\":\"https:\/\/fundacionlobeliana.org\/cel\/\",\"name\":\"CEL - Fundacion Lobeliana\",\"isPartOf\":{\"@id\":\"https:\/\/fundacionlobeliana.org\/#website\"},\"primaryImageOfPage\":{\"@id\":\"https:\/\/fundacionlobeliana.org\/cel\/#primaryimage\"},\"image\":{\"@id\":\"https:\/\/fundacionlobeliana.org\/cel\/#primaryimage\"},\"thumbnailUrl\":\"https:\/\/fundacionlobeliana.org\/wp-content\/uploads\/2025\/09\/IMG_20230219_160910-scaled-1-827x1024.png\",\"datePublished\":\"2025-09-08T18:44:54+00:00\",\"dateModified\":\"2026-01-27T21:32:07+00:00\",\"breadcrumb\":{\"@id\":\"https:\/\/fundacionlobeliana.org\/cel\/#breadcrumb\"},\"inLanguage\":\"en-GB\",\"potentialAction\":[{\"@type\":\"ReadAction\",\"target\":[\"https:\/\/fundacionlobeliana.org\/cel\/\"]}]},{\"@type\":\"ImageObject\",\"inLanguage\":\"en-GB\",\"@id\":\"https:\/\/fundacionlobeliana.org\/cel\/#primaryimage\",\"url\":\"https:\/\/fundacionlobeliana.org\/wp-content\/uploads\/2025\/09\/IMG_20230219_160910-scaled-1-827x1024.png\",\"contentUrl\":\"https:\/\/fundacionlobeliana.org\/wp-content\/uploads\/2025\/09\/IMG_20230219_160910-scaled-1-827x1024.png\"},{\"@type\":\"BreadcrumbList\",\"@id\":\"https:\/\/fundacionlobeliana.org\/cel\/#breadcrumb\",\"itemListElement\":[{\"@type\":\"ListItem\",\"position\":1,\"name\":\"Portada\",\"item\":\"https:\/\/fundacionlobeliana.org\/\"},{\"@type\":\"ListItem\",\"position\":2,\"name\":\"CEL\"}]},{\"@type\":\"WebSite\",\"@id\":\"https:\/\/fundacionlobeliana.org\/#website\",\"url\":\"https:\/\/fundacionlobeliana.org\/\",\"name\":\"Fundacion Lobeliana\",\"description\":\"Organizaci\u00f3n sin fines de lucro que tiene como misi\u00f3n el rescatar, actualizar, visibilizar y hacer disponible el conocimiento acumulado hasta hoy sobre f\u00e1rmacos naturales y psicoactivos\",\"publisher\":{\"@id\":\"https:\/\/fundacionlobeliana.org\/#organization\"},\"potentialAction\":[{\"@type\":\"SearchAction\",\"target\":{\"@type\":\"EntryPoint\",\"urlTemplate\":\"https:\/\/fundacionlobeliana.org\/?s={search_term_string}\"},\"query-input\":{\"@type\":\"PropertyValueSpecification\",\"valueRequired\":true,\"valueName\":\"search_term_string\"}}],\"inLanguage\":\"en-GB\"},{\"@type\":\"Organization\",\"@id\":\"https:\/\/fundacionlobeliana.org\/#organization\",\"name\":\"Fundacion Lobeliana\",\"url\":\"https:\/\/fundacionlobeliana.org\/\",\"logo\":{\"@type\":\"ImageObject\",\"inLanguage\":\"en-GB\",\"@id\":\"https:\/\/fundacionlobeliana.org\/#\/schema\/logo\/image\/\",\"url\":\"https:\/\/fundacionlobeliana.org\/wp-content\/uploads\/2025\/09\/logo_fundacion_lobeliana-02.png\",\"contentUrl\":\"https:\/\/fundacionlobeliana.org\/wp-content\/uploads\/2025\/09\/logo_fundacion_lobeliana-02.png\",\"width\":571,\"height\":718,\"caption\":\"Fundacion Lobeliana\"},\"image\":{\"@id\":\"https:\/\/fundacionlobeliana.org\/#\/schema\/logo\/image\/\"}}]}<\/script>\n<!-- \/ Yoast SEO plugin. -->","yoast_head_json":{"title":"CEL - Fundacion Lobeliana","robots":{"index":"index","follow":"follow","max-snippet":"max-snippet:-1","max-image-preview":"max-image-preview:large","max-video-preview":"max-video-preview:-1"},"canonical":"https:\/\/fundacionlobeliana.org\/en\/cel\/","og_locale":"en_GB","og_type":"article","og_title":"CEL - Fundacion Lobeliana","og_description":"Centro de Estudios Lobeliana El Centro de Estudios Lobeliana (CEL) es el espacio donde converge investigaci\u00f3n,experimentaci\u00f3n y di\u00e1logo en torno a plantas, hongos y sustancias psicoactivas. Re\u00fane La Biblioteca, Archivo Tupa, Laboratorio, Fungario, Jard\u00edn Bot\u00e1nico, Editorial, Residencias y Programas de Extensi\u00f3n; impulsando proyectos que exploran estas sustancias en sus dimensiones hist\u00f3ricas, culturales, cient\u00edficas y art\u00edsticas. [&hellip;]","og_url":"https:\/\/fundacionlobeliana.org\/en\/cel\/","og_site_name":"Fundacion Lobeliana","article_modified_time":"2026-01-27T21:32:07+00:00","og_image":[{"width":1000,"height":1238,"url":"https:\/\/fundacionlobeliana.org\/wp-content\/uploads\/2025\/09\/IMG_20230219_160910-scaled-1.png","type":"image\/png"}],"twitter_card":"summary_large_image","twitter_misc":{"Estimated reading time":"6 minutes"},"schema":{"@context":"https:\/\/schema.org","@graph":[{"@type":"WebPage","@id":"https:\/\/fundacionlobeliana.org\/cel\/","url":"https:\/\/fundacionlobeliana.org\/cel\/","name":"CEL - Fundacion Lobeliana","isPartOf":{"@id":"https:\/\/fundacionlobeliana.org\/#website"},"primaryImageOfPage":{"@id":"https:\/\/fundacionlobeliana.org\/cel\/#primaryimage"},"image":{"@id":"https:\/\/fundacionlobeliana.org\/cel\/#primaryimage"},"thumbnailUrl":"https:\/\/fundacionlobeliana.org\/wp-content\/uploads\/2025\/09\/IMG_20230219_160910-scaled-1-827x1024.png","datePublished":"2025-09-08T18:44:54+00:00","dateModified":"2026-01-27T21:32:07+00:00","breadcrumb":{"@id":"https:\/\/fundacionlobeliana.org\/cel\/#breadcrumb"},"inLanguage":"en-GB","potentialAction":[{"@type":"ReadAction","target":["https:\/\/fundacionlobeliana.org\/cel\/"]}]},{"@type":"ImageObject","inLanguage":"en-GB","@id":"https:\/\/fundacionlobeliana.org\/cel\/#primaryimage","url":"https:\/\/fundacionlobeliana.org\/wp-content\/uploads\/2025\/09\/IMG_20230219_160910-scaled-1-827x1024.png","contentUrl":"https:\/\/fundacionlobeliana.org\/wp-content\/uploads\/2025\/09\/IMG_20230219_160910-scaled-1-827x1024.png"},{"@type":"BreadcrumbList","@id":"https:\/\/fundacionlobeliana.org\/cel\/#breadcrumb","itemListElement":[{"@type":"ListItem","position":1,"name":"Portada","item":"https:\/\/fundacionlobeliana.org\/"},{"@type":"ListItem","position":2,"name":"CEL"}]},{"@type":"WebSite","@id":"https:\/\/fundacionlobeliana.org\/#website","url":"https:\/\/fundacionlobeliana.org\/","name":"Fundacion Lobeliana","description":"Organizaci\u00f3n sin fines de lucro que tiene como misi\u00f3n el rescatar, actualizar, visibilizar y hacer disponible el conocimiento acumulado hasta hoy sobre f\u00e1rmacos naturales y psicoactivos","publisher":{"@id":"https:\/\/fundacionlobeliana.org\/#organization"},"potentialAction":[{"@type":"SearchAction","target":{"@type":"EntryPoint","urlTemplate":"https:\/\/fundacionlobeliana.org\/?s={search_term_string}"},"query-input":{"@type":"PropertyValueSpecification","valueRequired":true,"valueName":"search_term_string"}}],"inLanguage":"en-GB"},{"@type":"Organization","@id":"https:\/\/fundacionlobeliana.org\/#organization","name":"Fundacion Lobeliana","url":"https:\/\/fundacionlobeliana.org\/","logo":{"@type":"ImageObject","inLanguage":"en-GB","@id":"https:\/\/fundacionlobeliana.org\/#\/schema\/logo\/image\/","url":"https:\/\/fundacionlobeliana.org\/wp-content\/uploads\/2025\/09\/logo_fundacion_lobeliana-02.png","contentUrl":"https:\/\/fundacionlobeliana.org\/wp-content\/uploads\/2025\/09\/logo_fundacion_lobeliana-02.png","width":571,"height":718,"caption":"Fundacion Lobeliana"},"image":{"@id":"https:\/\/fundacionlobeliana.org\/#\/schema\/logo\/image\/"}}]}},"_links":{"self":[{"href":"https:\/\/fundacionlobeliana.org\/en\/wp-json\/wp\/v2\/pages\/257","targetHints":{"allow":["GET"]}}],"collection":[{"href":"https:\/\/fundacionlobeliana.org\/en\/wp-json\/wp\/v2\/pages"}],"about":[{"href":"https:\/\/fundacionlobeliana.org\/en\/wp-json\/wp\/v2\/types\/page"}],"author":[{"embeddable":true,"href":"https:\/\/fundacionlobeliana.org\/en\/wp-json\/wp\/v2\/users\/1"}],"replies":[{"embeddable":true,"href":"https:\/\/fundacionlobeliana.org\/en\/wp-json\/wp\/v2\/comments?post=257"}],"version-history":[{"count":115,"href":"https:\/\/fundacionlobeliana.org\/en\/wp-json\/wp\/v2\/pages\/257\/revisions"}],"predecessor-version":[{"id":1613,"href":"https:\/\/fundacionlobeliana.org\/en\/wp-json\/wp\/v2\/pages\/257\/revisions\/1613"}],"wp:attachment":[{"href":"https:\/\/fundacionlobeliana.org\/en\/wp-json\/wp\/v2\/media?parent=257"}],"curies":[{"name":"wp","href":"https:\/\/api.w.org\/{rel}","templated":true}]}}