{"id":427,"date":"2025-09-09T00:55:33","date_gmt":"2025-09-09T00:55:33","guid":{"rendered":"https:\/\/fundacionlobeliana.org\/?page_id=427"},"modified":"2026-02-04T18:50:45","modified_gmt":"2026-02-04T18:50:45","slug":"biblioteca-lobeliana","status":"publish","type":"page","link":"https:\/\/fundacionlobeliana.org\/en\/biblioteca-lobeliana\/","title":{"rendered":"Lobelian Library"},"content":{"rendered":"<div data-elementor-type=\"wp-page\" data-elementor-id=\"427\" class=\"elementor elementor-427\" data-elementor-post-type=\"page\">\n\t\t\t\t<div class=\"elementor-element elementor-element-5ed130a e-flex e-con-boxed e-con e-parent\" data-id=\"5ed130a\" data-element_type=\"container\" data-e-type=\"container\">\n\t\t\t\t\t<div class=\"e-con-inner\">\n\t\t<div class=\"elementor-element elementor-element-41e1b97 e-con-full e-flex e-con e-child\" data-id=\"41e1b97\" data-element_type=\"container\" data-e-type=\"container\">\n\t\t\t\t<div class=\"elementor-element elementor-element-0db41ae elementor-widget elementor-widget-heading\" data-id=\"0db41ae\" data-element_type=\"widget\" data-e-type=\"widget\" data-widget_type=\"heading.default\">\n\t\t\t\t\t<h1 class=\"elementor-heading-title elementor-size-default\">Lobelian Library<\/h1>\t\t\t\t<\/div>\n\t\t\t\t<\/div>\n\t\t\t\t\t<\/div>\n\t\t\t\t<\/div>\n\t\t<div class=\"elementor-element elementor-element-aaf2267 e-flex e-con-boxed e-con e-parent\" data-id=\"aaf2267\" data-element_type=\"container\" data-e-type=\"container\" data-settings=\"{&quot;background_background&quot;:&quot;classic&quot;}\">\n\t\t\t\t\t<div class=\"e-con-inner\">\n\t\t\t\t<div class=\"elementor-element elementor-element-d17e592 elementor-widget elementor-widget-text-editor\" data-id=\"d17e592\" data-element_type=\"widget\" data-e-type=\"widget\" data-widget_type=\"text-editor.default\">\n\t\t\t\t\t\t\t\t\t<p>\u201cThe universe (which others call the Library) is composed of an indefinite, and perhaps infinite, number of hexagonal galleries, with vast ventilation shafts in the middle, enclosed by very low railings\u2026\u201d<\/p>\t\t\t\t\t\t\t\t<\/div>\n\t\t\t\t<div class=\"elementor-element elementor-element-8dadc69 elementor-widget elementor-widget-text-editor\" data-id=\"8dadc69\" data-element_type=\"widget\" data-e-type=\"widget\" data-widget_type=\"text-editor.default\">\n\t\t\t\t\t\t\t\t\t<p>J.L Borges, \u00abLa biblioteca de Babel\u00bb<\/p>\t\t\t\t\t\t\t\t<\/div>\n\t\t\t\t\t<\/div>\n\t\t\t\t<\/div>\n\t\t<div class=\"elementor-element elementor-element-b0fee46 e-flex e-con-boxed e-con e-parent\" data-id=\"b0fee46\" data-element_type=\"container\" data-e-type=\"container\" data-settings=\"{&quot;background_background&quot;:&quot;classic&quot;}\">\n\t\t\t\t\t<div class=\"e-con-inner\">\n\t\t\t\t<div class=\"elementor-element elementor-element-c126310 elementor-widget elementor-widget-text-editor\" data-id=\"c126310\" data-element_type=\"widget\" data-e-type=\"widget\" data-widget_type=\"text-editor.default\">\n\t\t\t\t\t\t\t\t\t<p>La Biblioteca Lobeliana es el n\u00facleo fundacional de nuestro proyecto. Se concibe como una biblioteca de bibliotecas, donde cada colecci\u00f3n mantiene su coherencia curatorial y su unidad original. A diferencia de las bibliotecas tradicionales, aqu\u00ed el orden no<br \/>se establece por categor\u00edas tem\u00e1ticas aisladas, sino por las relaciones internas que cada investigador ha creado en su propia obra. Cada colecci\u00f3n es un mapa en s\u00ed misma, un territorio de conexiones que resguardamos sin fragmentar.<\/p>\t\t\t\t\t\t\t\t<\/div>\n\t\t\t\t\t<\/div>\n\t\t\t\t<\/div>\n\t\t<div class=\"elementor-element elementor-element-b5c1e87 elementor-hidden-mobile e-flex e-con-boxed e-con e-parent\" data-id=\"b5c1e87\" data-element_type=\"container\" data-e-type=\"container\">\n\t\t\t\t\t<div class=\"e-con-inner\">\n\t\t\t\t\t<\/div>\n\t\t\t\t<\/div>\n\t\t<div class=\"elementor-element elementor-element-075552a e-flex e-con-boxed e-con e-parent\" data-id=\"075552a\" data-element_type=\"container\" data-e-type=\"container\" data-settings=\"{&quot;background_background&quot;:&quot;classic&quot;}\">\n\t\t\t\t\t<div class=\"e-con-inner\">\n\t\t\t\t<div class=\"elementor-element elementor-element-ed3c818 elementor-widget elementor-widget-text-editor\" data-id=\"ed3c818\" data-element_type=\"widget\" data-e-type=\"widget\" data-widget_type=\"text-editor.default\">\n\t\t\t\t\t\t\t\t\t<p>Actualmente contamos con cuatro colecciones comprometidas:<\/p><ul><li>Collection of the writer and<br \/>ethnopharmacognosist Jonathan Ott.\u00a0<\/li><li>Collection of the researcher and historian<br \/>by the artist Constantino Manuel Torres.<\/li><li>Selection curated by the ethnopharmacologist<br \/>and writer Dennis McKenna.<\/li><li>Ethnobotanical researcher's collection<br \/>and collector Steven King.<\/li><li>La biblioteca del investigador y escritor Anthony Henman<\/li><\/ul>\t\t\t\t\t\t\t\t<\/div>\n\t\t\t\t<div class=\"elementor-element elementor-element-39ed941 elementor-widget elementor-widget-button\" data-id=\"39ed941\" data-element_type=\"widget\" data-e-type=\"widget\" data-widget_type=\"button.default\">\n\t\t\t\t\t\t\t\t\t\t<a class=\"elementor-button elementor-button-link elementor-size-sm\" href=\"https:\/\/fundacionlobeliana.org\/en\/dona-aqui\/\">\n\t\t\t\t\t\t<span class=\"elementor-button-content-wrapper\">\n\t\t\t\t\t\t\t\t\t<span class=\"elementor-button-text\">DONATE HERE<\/span>\n\t\t\t\t\t<\/span>\n\t\t\t\t\t<\/a>\n\t\t\t\t\t\t\t\t<\/div>\n\t\t\t\t\t<\/div>\n\t\t\t\t<\/div>\n\t\t<div class=\"elementor-element elementor-element-4b82828 e-flex e-con-boxed e-con e-parent\" data-id=\"4b82828\" data-element_type=\"container\" data-e-type=\"container\" data-settings=\"{&quot;background_background&quot;:&quot;classic&quot;}\">\n\t\t\t\t\t<div class=\"e-con-inner\">\n\t\t\t\t<div class=\"elementor-element elementor-element-2590aef elementor-widget elementor-widget-text-editor\" data-id=\"2590aef\" data-element_type=\"widget\" data-e-type=\"widget\" data-widget_type=\"text-editor.default\">\n\t\t\t\t\t\t\t\t\t<p>Ay\u00fadanos a traer de M\u00e9xico la biblioteca de Jonathan Ott<\/p>\t\t\t\t\t\t\t\t<\/div>\n\t\t\t\t<div class=\"elementor-element elementor-element-5d8b3d1 elementor-widget elementor-widget-text-editor\" data-id=\"5d8b3d1\" data-element_type=\"widget\" data-e-type=\"widget\" data-widget_type=\"text-editor.default\">\n\t\t\t\t\t\t\t\t\tAlongside these, the Library will house curated selections from\ninvited researchers and donors, as well as books\nacquired by the Foundation and publications\nfrom Lobeliana Publishing House.\n\nTogether, an initial collection of more than 8,000\nvolumes is projected, which will grow in dialogue with researchers, artists, and\ncommunities, offering a unique space to study the\ncultural history of drugs and the many ways in which they\nhave been intertwined with plants and fungi.\t\t\t\t\t\t\t\t<\/div>\n\t\t\t\t\t<\/div>\n\t\t\t\t<\/div>\n\t\t<div class=\"elementor-element elementor-element-7c83d60 e-flex e-con-boxed e-con e-parent\" data-id=\"7c83d60\" data-element_type=\"container\" data-e-type=\"container\" data-settings=\"{&quot;background_background&quot;:&quot;classic&quot;}\">\n\t\t\t\t\t<div class=\"e-con-inner\">\n\t\t\t\t<div class=\"elementor-element elementor-element-209a91d gallery-spacing-custom elementor-widget elementor-widget-image-gallery\" data-id=\"209a91d\" data-element_type=\"widget\" data-e-type=\"widget\" data-widget_type=\"image-gallery.default\">\n\t\t\t\t\t\t\t<div class=\"elementor-image-gallery\">\n\t\t\t<div id='gallery-1' class='gallery galleryid-427 gallery-columns-3 gallery-size-full'><figure class='gallery-item'>\n\t\t\t<div class='gallery-icon landscape'>\n\t\t\t\t<a data-elementor-open-lightbox=\"no\" href='https:\/\/fundacionlobeliana.org\/wp-content\/uploads\/2025\/12\/Screenshot-2025-12-17-at-22-22-19-WEB-FUNDACION-LOBELIANA-WEB-FUNDACION-LOBELIANA-1.pdf.png'><img fetchpriority=\"high\" decoding=\"async\" width=\"504\" height=\"281\" src=\"https:\/\/fundacionlobeliana.org\/wp-content\/uploads\/2025\/12\/Screenshot-2025-12-17-at-22-22-19-WEB-FUNDACION-LOBELIANA-WEB-FUNDACION-LOBELIANA-1.pdf.png\" class=\"attachment-full size-full\" alt=\"\" srcset=\"https:\/\/fundacionlobeliana.org\/wp-content\/uploads\/2025\/12\/Screenshot-2025-12-17-at-22-22-19-WEB-FUNDACION-LOBELIANA-WEB-FUNDACION-LOBELIANA-1.pdf.png 504w, https:\/\/fundacionlobeliana.org\/wp-content\/uploads\/2025\/12\/Screenshot-2025-12-17-at-22-22-19-WEB-FUNDACION-LOBELIANA-WEB-FUNDACION-LOBELIANA-1.pdf-300x167.png 300w, https:\/\/fundacionlobeliana.org\/wp-content\/uploads\/2025\/12\/Screenshot-2025-12-17-at-22-22-19-WEB-FUNDACION-LOBELIANA-WEB-FUNDACION-LOBELIANA-1.pdf-18x10.png 18w\" sizes=\"(max-width: 504px) 100vw, 504px\" \/><\/a>\n\t\t\t<\/div><\/figure><figure class='gallery-item'>\n\t\t\t<div class='gallery-icon landscape'>\n\t\t\t\t<a data-elementor-open-lightbox=\"no\" href='https:\/\/fundacionlobeliana.org\/wp-content\/uploads\/2025\/12\/Screenshot-2025-12-17-at-22-22-37-WEB-FUNDACION-LOBELIANA-WEB-FUNDACION-LOBELIANA-1.pdf.png'><img decoding=\"async\" width=\"500\" height=\"277\" src=\"https:\/\/fundacionlobeliana.org\/wp-content\/uploads\/2025\/12\/Screenshot-2025-12-17-at-22-22-37-WEB-FUNDACION-LOBELIANA-WEB-FUNDACION-LOBELIANA-1.pdf.png\" class=\"attachment-full size-full\" alt=\"\" srcset=\"https:\/\/fundacionlobeliana.org\/wp-content\/uploads\/2025\/12\/Screenshot-2025-12-17-at-22-22-37-WEB-FUNDACION-LOBELIANA-WEB-FUNDACION-LOBELIANA-1.pdf.png 500w, https:\/\/fundacionlobeliana.org\/wp-content\/uploads\/2025\/12\/Screenshot-2025-12-17-at-22-22-37-WEB-FUNDACION-LOBELIANA-WEB-FUNDACION-LOBELIANA-1.pdf-300x166.png 300w, https:\/\/fundacionlobeliana.org\/wp-content\/uploads\/2025\/12\/Screenshot-2025-12-17-at-22-22-37-WEB-FUNDACION-LOBELIANA-WEB-FUNDACION-LOBELIANA-1.pdf-18x10.png 18w\" sizes=\"(max-width: 500px) 100vw, 500px\" \/><\/a>\n\t\t\t<\/div><\/figure><figure class='gallery-item'>\n\t\t\t<div class='gallery-icon landscape'>\n\t\t\t\t<a data-elementor-open-lightbox=\"no\" href='https:\/\/fundacionlobeliana.org\/wp-content\/uploads\/2025\/12\/Screenshot-2025-12-17-at-22-22-28-WEB-FUNDACION-LOBELIANA-WEB-FUNDACION-LOBELIANA-1.pdf.png'><img decoding=\"async\" width=\"507\" height=\"280\" src=\"https:\/\/fundacionlobeliana.org\/wp-content\/uploads\/2025\/12\/Screenshot-2025-12-17-at-22-22-28-WEB-FUNDACION-LOBELIANA-WEB-FUNDACION-LOBELIANA-1.pdf.png\" class=\"attachment-full size-full\" alt=\"\" srcset=\"https:\/\/fundacionlobeliana.org\/wp-content\/uploads\/2025\/12\/Screenshot-2025-12-17-at-22-22-28-WEB-FUNDACION-LOBELIANA-WEB-FUNDACION-LOBELIANA-1.pdf.png 507w, https:\/\/fundacionlobeliana.org\/wp-content\/uploads\/2025\/12\/Screenshot-2025-12-17-at-22-22-28-WEB-FUNDACION-LOBELIANA-WEB-FUNDACION-LOBELIANA-1.pdf-300x166.png 300w, https:\/\/fundacionlobeliana.org\/wp-content\/uploads\/2025\/12\/Screenshot-2025-12-17-at-22-22-28-WEB-FUNDACION-LOBELIANA-WEB-FUNDACION-LOBELIANA-1.pdf-18x10.png 18w\" sizes=\"(max-width: 507px) 100vw, 507px\" \/><\/a>\n\t\t\t<\/div><\/figure>\n\t\t<\/div>\n\t\t<\/div>\n\t\t\t\t\t\t<\/div>\n\t\t\t\t\t<\/div>\n\t\t\t\t<\/div>\n\t\t<div class=\"elementor-element elementor-element-b8ceda6 e-flex e-con-boxed e-con e-parent\" data-id=\"b8ceda6\" data-element_type=\"container\" data-e-type=\"container\" data-settings=\"{&quot;background_background&quot;:&quot;classic&quot;}\">\n\t\t\t\t\t<div class=\"e-con-inner\">\n\t\t\t\t<div class=\"elementor-element elementor-element-5e2cfe1 elementor-widget elementor-widget-text-editor\" data-id=\"5e2cfe1\" data-element_type=\"widget\" data-e-type=\"widget\" data-widget_type=\"text-editor.default\">\n\t\t\t\t\t\t\t\t\tThe Ethnobotanical Audiovisual Archive is part of the Library, serving as a collection for the preservation of visual and sound records. It brings together field recordings, interviews, documentaries, historical material, and productions created by the Foundation, organized for long-term study and preservation.\nThe circulation of this content is facilitated through...\n<a href=\"https:\/\/fundacionlobeliana.org\/en\/tupa-archivo\/\" style=\"color: #E85E33;\">Tupa Archive<\/a>, la plataforma del\nCentro de Estudios Lobeliana que ofrece seminarios,\ndocumentales y obras audiovisuales en formatos accesibles para\nla comunidad.\t\t\t\t\t\t\t\t<\/div>\n\t\t\t\t\t<\/div>\n\t\t\t\t<\/div>\n\t\t\t\t<\/div>","protected":false},"excerpt":{"rendered":"<p>\u201cEl universo (que otros llaman la Biblioteca) se compone de un n\u00famero indefinido, y tal vez infinito, de galer\u00edas hexagonales, con vastos pozos de ventilaci\u00f3n en el medio, cercados por barandas baj\u00edsimas\u2026 \u201d J.L Borges, \u00abLa biblioteca de Babel\u00bb La Biblioteca Lobeliana es el n\u00facleo fundacional de nuestro proyecto. Se concibe como una biblioteca de [&hellip;]<\/p>","protected":false},"author":1,"featured_media":0,"parent":0,"menu_order":0,"comment_status":"closed","ping_status":"closed","template":"","meta":{"footnotes":""},"class_list":["post-427","page","type-page","status-publish","hentry"],"yoast_head":"<!-- This site is optimized with the Yoast SEO plugin v27.2 - https:\/\/yoast.com\/product\/yoast-seo-wordpress\/ -->\n<title>Biblioteca Lobeliana - Fundacion Lobeliana<\/title>\n<meta name=\"robots\" content=\"index, follow, max-snippet:-1, max-image-preview:large, max-video-preview:-1\" \/>\n<link rel=\"canonical\" href=\"https:\/\/fundacionlobeliana.org\/en\/biblioteca-lobeliana\/\" \/>\n<meta property=\"og:locale\" content=\"en_GB\" \/>\n<meta property=\"og:type\" content=\"article\" \/>\n<meta property=\"og:title\" content=\"Biblioteca Lobeliana - Fundacion Lobeliana\" \/>\n<meta property=\"og:description\" content=\"\u201cEl universo (que otros llaman la Biblioteca) se compone de un n\u00famero indefinido, y tal vez infinito, de galer\u00edas hexagonales, con vastos pozos de ventilaci\u00f3n en el medio, cercados por barandas baj\u00edsimas\u2026 \u201d J.L Borges, \u00abLa biblioteca de Babel\u00bb La Biblioteca Lobeliana es el n\u00facleo fundacional de nuestro proyecto. Se concibe como una biblioteca de [&hellip;]\" \/>\n<meta property=\"og:url\" content=\"https:\/\/fundacionlobeliana.org\/en\/biblioteca-lobeliana\/\" \/>\n<meta property=\"og:site_name\" content=\"Fundacion Lobeliana\" \/>\n<meta property=\"article:modified_time\" content=\"2026-02-04T18:50:45+00:00\" \/>\n<meta property=\"og:image\" content=\"https:\/\/fundacionlobeliana.org\/wp-content\/uploads\/2025\/12\/Screenshot-2025-12-17-at-22-22-19-WEB-FUNDACION-LOBELIANA-WEB-FUNDACION-LOBELIANA-1.pdf.png\" \/>\n<meta name=\"twitter:card\" content=\"summary_large_image\" \/>\n<meta name=\"twitter:label1\" content=\"Estimated reading time\" \/>\n\t<meta name=\"twitter:data1\" content=\"2 minutes\" \/>\n<script type=\"application\/ld+json\" class=\"yoast-schema-graph\">{\"@context\":\"https:\/\/schema.org\",\"@graph\":[{\"@type\":\"WebPage\",\"@id\":\"https:\/\/fundacionlobeliana.org\/biblioteca-lobeliana\/\",\"url\":\"https:\/\/fundacionlobeliana.org\/biblioteca-lobeliana\/\",\"name\":\"Biblioteca Lobeliana - Fundacion Lobeliana\",\"isPartOf\":{\"@id\":\"https:\/\/fundacionlobeliana.org\/#website\"},\"primaryImageOfPage\":{\"@id\":\"https:\/\/fundacionlobeliana.org\/biblioteca-lobeliana\/#primaryimage\"},\"image\":{\"@id\":\"https:\/\/fundacionlobeliana.org\/biblioteca-lobeliana\/#primaryimage\"},\"thumbnailUrl\":\"https:\/\/fundacionlobeliana.org\/wp-content\/uploads\/2025\/12\/Screenshot-2025-12-17-at-22-22-19-WEB-FUNDACION-LOBELIANA-WEB-FUNDACION-LOBELIANA-1.pdf.png\",\"datePublished\":\"2025-09-09T00:55:33+00:00\",\"dateModified\":\"2026-02-04T18:50:45+00:00\",\"breadcrumb\":{\"@id\":\"https:\/\/fundacionlobeliana.org\/biblioteca-lobeliana\/#breadcrumb\"},\"inLanguage\":\"en-GB\",\"potentialAction\":[{\"@type\":\"ReadAction\",\"target\":[\"https:\/\/fundacionlobeliana.org\/biblioteca-lobeliana\/\"]}]},{\"@type\":\"ImageObject\",\"inLanguage\":\"en-GB\",\"@id\":\"https:\/\/fundacionlobeliana.org\/biblioteca-lobeliana\/#primaryimage\",\"url\":\"https:\/\/fundacionlobeliana.org\/wp-content\/uploads\/2025\/12\/Screenshot-2025-12-17-at-22-22-19-WEB-FUNDACION-LOBELIANA-WEB-FUNDACION-LOBELIANA-1.pdf.png\",\"contentUrl\":\"https:\/\/fundacionlobeliana.org\/wp-content\/uploads\/2025\/12\/Screenshot-2025-12-17-at-22-22-19-WEB-FUNDACION-LOBELIANA-WEB-FUNDACION-LOBELIANA-1.pdf.png\"},{\"@type\":\"BreadcrumbList\",\"@id\":\"https:\/\/fundacionlobeliana.org\/biblioteca-lobeliana\/#breadcrumb\",\"itemListElement\":[{\"@type\":\"ListItem\",\"position\":1,\"name\":\"Portada\",\"item\":\"https:\/\/fundacionlobeliana.org\/\"},{\"@type\":\"ListItem\",\"position\":2,\"name\":\"Biblioteca Lobeliana\"}]},{\"@type\":\"WebSite\",\"@id\":\"https:\/\/fundacionlobeliana.org\/#website\",\"url\":\"https:\/\/fundacionlobeliana.org\/\",\"name\":\"Fundacion Lobeliana\",\"description\":\"Organizaci\u00f3n sin fines de lucro que tiene como misi\u00f3n el rescatar, actualizar, visibilizar y hacer disponible el conocimiento acumulado hasta hoy sobre f\u00e1rmacos naturales y psicoactivos\",\"publisher\":{\"@id\":\"https:\/\/fundacionlobeliana.org\/#organization\"},\"potentialAction\":[{\"@type\":\"SearchAction\",\"target\":{\"@type\":\"EntryPoint\",\"urlTemplate\":\"https:\/\/fundacionlobeliana.org\/?s={search_term_string}\"},\"query-input\":{\"@type\":\"PropertyValueSpecification\",\"valueRequired\":true,\"valueName\":\"search_term_string\"}}],\"inLanguage\":\"en-GB\"},{\"@type\":\"Organization\",\"@id\":\"https:\/\/fundacionlobeliana.org\/#organization\",\"name\":\"Fundacion Lobeliana\",\"url\":\"https:\/\/fundacionlobeliana.org\/\",\"logo\":{\"@type\":\"ImageObject\",\"inLanguage\":\"en-GB\",\"@id\":\"https:\/\/fundacionlobeliana.org\/#\/schema\/logo\/image\/\",\"url\":\"https:\/\/fundacionlobeliana.org\/wp-content\/uploads\/2025\/09\/logo_fundacion_lobeliana-02.png\",\"contentUrl\":\"https:\/\/fundacionlobeliana.org\/wp-content\/uploads\/2025\/09\/logo_fundacion_lobeliana-02.png\",\"width\":571,\"height\":718,\"caption\":\"Fundacion Lobeliana\"},\"image\":{\"@id\":\"https:\/\/fundacionlobeliana.org\/#\/schema\/logo\/image\/\"}}]}<\/script>\n<!-- \/ Yoast SEO plugin. -->","yoast_head_json":{"title":"Biblioteca Lobeliana - Fundacion Lobeliana","robots":{"index":"index","follow":"follow","max-snippet":"max-snippet:-1","max-image-preview":"max-image-preview:large","max-video-preview":"max-video-preview:-1"},"canonical":"https:\/\/fundacionlobeliana.org\/en\/biblioteca-lobeliana\/","og_locale":"en_GB","og_type":"article","og_title":"Biblioteca Lobeliana - Fundacion Lobeliana","og_description":"\u201cEl universo (que otros llaman la Biblioteca) se compone de un n\u00famero indefinido, y tal vez infinito, de galer\u00edas hexagonales, con vastos pozos de ventilaci\u00f3n en el medio, cercados por barandas baj\u00edsimas\u2026 \u201d J.L Borges, \u00abLa biblioteca de Babel\u00bb La Biblioteca Lobeliana es el n\u00facleo fundacional de nuestro proyecto. Se concibe como una biblioteca de [&hellip;]","og_url":"https:\/\/fundacionlobeliana.org\/en\/biblioteca-lobeliana\/","og_site_name":"Fundacion Lobeliana","article_modified_time":"2026-02-04T18:50:45+00:00","og_image":[{"url":"https:\/\/fundacionlobeliana.org\/wp-content\/uploads\/2025\/12\/Screenshot-2025-12-17-at-22-22-19-WEB-FUNDACION-LOBELIANA-WEB-FUNDACION-LOBELIANA-1.pdf.png","type":"","width":"","height":""}],"twitter_card":"summary_large_image","twitter_misc":{"Estimated reading time":"2 minutes"},"schema":{"@context":"https:\/\/schema.org","@graph":[{"@type":"WebPage","@id":"https:\/\/fundacionlobeliana.org\/biblioteca-lobeliana\/","url":"https:\/\/fundacionlobeliana.org\/biblioteca-lobeliana\/","name":"Biblioteca Lobeliana - Fundacion Lobeliana","isPartOf":{"@id":"https:\/\/fundacionlobeliana.org\/#website"},"primaryImageOfPage":{"@id":"https:\/\/fundacionlobeliana.org\/biblioteca-lobeliana\/#primaryimage"},"image":{"@id":"https:\/\/fundacionlobeliana.org\/biblioteca-lobeliana\/#primaryimage"},"thumbnailUrl":"https:\/\/fundacionlobeliana.org\/wp-content\/uploads\/2025\/12\/Screenshot-2025-12-17-at-22-22-19-WEB-FUNDACION-LOBELIANA-WEB-FUNDACION-LOBELIANA-1.pdf.png","datePublished":"2025-09-09T00:55:33+00:00","dateModified":"2026-02-04T18:50:45+00:00","breadcrumb":{"@id":"https:\/\/fundacionlobeliana.org\/biblioteca-lobeliana\/#breadcrumb"},"inLanguage":"en-GB","potentialAction":[{"@type":"ReadAction","target":["https:\/\/fundacionlobeliana.org\/biblioteca-lobeliana\/"]}]},{"@type":"ImageObject","inLanguage":"en-GB","@id":"https:\/\/fundacionlobeliana.org\/biblioteca-lobeliana\/#primaryimage","url":"https:\/\/fundacionlobeliana.org\/wp-content\/uploads\/2025\/12\/Screenshot-2025-12-17-at-22-22-19-WEB-FUNDACION-LOBELIANA-WEB-FUNDACION-LOBELIANA-1.pdf.png","contentUrl":"https:\/\/fundacionlobeliana.org\/wp-content\/uploads\/2025\/12\/Screenshot-2025-12-17-at-22-22-19-WEB-FUNDACION-LOBELIANA-WEB-FUNDACION-LOBELIANA-1.pdf.png"},{"@type":"BreadcrumbList","@id":"https:\/\/fundacionlobeliana.org\/biblioteca-lobeliana\/#breadcrumb","itemListElement":[{"@type":"ListItem","position":1,"name":"Portada","item":"https:\/\/fundacionlobeliana.org\/"},{"@type":"ListItem","position":2,"name":"Biblioteca Lobeliana"}]},{"@type":"WebSite","@id":"https:\/\/fundacionlobeliana.org\/#website","url":"https:\/\/fundacionlobeliana.org\/","name":"Fundacion Lobeliana","description":"Organizaci\u00f3n sin fines de lucro que tiene como misi\u00f3n el rescatar, actualizar, visibilizar y hacer disponible el conocimiento acumulado hasta hoy sobre f\u00e1rmacos naturales y psicoactivos","publisher":{"@id":"https:\/\/fundacionlobeliana.org\/#organization"},"potentialAction":[{"@type":"SearchAction","target":{"@type":"EntryPoint","urlTemplate":"https:\/\/fundacionlobeliana.org\/?s={search_term_string}"},"query-input":{"@type":"PropertyValueSpecification","valueRequired":true,"valueName":"search_term_string"}}],"inLanguage":"en-GB"},{"@type":"Organization","@id":"https:\/\/fundacionlobeliana.org\/#organization","name":"Fundacion Lobeliana","url":"https:\/\/fundacionlobeliana.org\/","logo":{"@type":"ImageObject","inLanguage":"en-GB","@id":"https:\/\/fundacionlobeliana.org\/#\/schema\/logo\/image\/","url":"https:\/\/fundacionlobeliana.org\/wp-content\/uploads\/2025\/09\/logo_fundacion_lobeliana-02.png","contentUrl":"https:\/\/fundacionlobeliana.org\/wp-content\/uploads\/2025\/09\/logo_fundacion_lobeliana-02.png","width":571,"height":718,"caption":"Fundacion Lobeliana"},"image":{"@id":"https:\/\/fundacionlobeliana.org\/#\/schema\/logo\/image\/"}}]}},"_links":{"self":[{"href":"https:\/\/fundacionlobeliana.org\/en\/wp-json\/wp\/v2\/pages\/427","targetHints":{"allow":["GET"]}}],"collection":[{"href":"https:\/\/fundacionlobeliana.org\/en\/wp-json\/wp\/v2\/pages"}],"about":[{"href":"https:\/\/fundacionlobeliana.org\/en\/wp-json\/wp\/v2\/types\/page"}],"author":[{"embeddable":true,"href":"https:\/\/fundacionlobeliana.org\/en\/wp-json\/wp\/v2\/users\/1"}],"replies":[{"embeddable":true,"href":"https:\/\/fundacionlobeliana.org\/en\/wp-json\/wp\/v2\/comments?post=427"}],"version-history":[{"count":46,"href":"https:\/\/fundacionlobeliana.org\/en\/wp-json\/wp\/v2\/pages\/427\/revisions"}],"predecessor-version":[{"id":1850,"href":"https:\/\/fundacionlobeliana.org\/en\/wp-json\/wp\/v2\/pages\/427\/revisions\/1850"}],"wp:attachment":[{"href":"https:\/\/fundacionlobeliana.org\/en\/wp-json\/wp\/v2\/media?parent=427"}],"curies":[{"name":"wp","href":"https:\/\/api.w.org\/{rel}","templated":true}]}}