{"id":960,"date":"2025-09-23T20:55:04","date_gmt":"2025-09-23T20:55:04","guid":{"rendered":"https:\/\/fundacionlobeliana.org\/?page_id=960"},"modified":"2026-02-03T19:43:41","modified_gmt":"2026-02-03T19:43:41","slug":"investigacion","status":"publish","type":"page","link":"https:\/\/fundacionlobeliana.org\/en\/investigacion\/","title":{"rendered":"Research"},"content":{"rendered":"<div data-elementor-type=\"wp-page\" data-elementor-id=\"960\" class=\"elementor elementor-960\" data-elementor-post-type=\"page\">\n\t\t\t\t<div class=\"elementor-element elementor-element-a72f82e e-flex e-con-boxed e-con e-parent\" data-id=\"a72f82e\" data-element_type=\"container\" data-e-type=\"container\">\n\t\t\t\t\t<div class=\"e-con-inner\">\n\t\t<div class=\"elementor-element elementor-element-fd98255 e-con-full e-flex e-con e-child\" data-id=\"fd98255\" data-element_type=\"container\" data-e-type=\"container\">\n\t\t\t\t<\/div>\n\t\t\t\t\t<\/div>\n\t\t\t\t<\/div>\n\t\t<div class=\"elementor-element elementor-element-c604030 e-flex e-con-boxed e-con e-parent\" data-id=\"c604030\" data-element_type=\"container\" data-e-type=\"container\" data-settings=\"{&quot;background_background&quot;:&quot;classic&quot;}\">\n\t\t\t\t\t<div class=\"e-con-inner\">\n\t\t\t\t<div class=\"elementor-element elementor-element-e846694 elementor-widget elementor-widget-text-editor\" data-id=\"e846694\" data-element_type=\"widget\" data-e-type=\"widget\" data-widget_type=\"text-editor.default\">\n\t\t\t\t\t\t\t\t\t<p>El \u00e1rea de Investigaci\u00f3n del Centro de Estudios Lobeliana (CEL) impulsa proyectos que combinan ciencia, arte y filosof\u00eda para explorar las relaciones entre los seres humanos y las plantas.<br \/>Desde el an\u00e1lisis fitoqu\u00edmico hasta la experimentaci\u00f3n audiovisual, cada l\u00ednea busca generar conocimiento riguroso, promover colaboraciones interdisciplinares y contribuir al desarrollo de una conciencia ecol\u00f3gica y cultural m\u00e1s profunda.<br \/>La investigaci\u00f3n en Fundaci\u00f3n Lobeliana parte de una convicci\u00f3n simple y profunda: el conocimiento se construye en relaci\u00f3n. Cada proyecto \u2014cient\u00edfico, ecol\u00f3gico o audiovisual\u2014 es una forma de aproximarse al misterio de la materia viva, al lenguaje de las plantas y a las tramas de significados que las conectan con la experiencia humana.<br \/>Desde el rigor de la ciencia hasta la intuici\u00f3n del arte, las investigaciones del CEL buscan abrir espacios donde pensar, experimentar y sentir vuelvan a encontrarse.<\/p>\t\t\t\t\t\t\t\t<\/div>\n\t\t\t\t\t<\/div>\n\t\t\t\t<\/div>\n\t\t<div class=\"elementor-element elementor-element-2e12dd2 e-flex e-con-boxed e-con e-parent\" data-id=\"2e12dd2\" data-element_type=\"container\" data-e-type=\"container\" data-settings=\"{&quot;background_background&quot;:&quot;classic&quot;}\">\n\t\t\t\t\t<div class=\"e-con-inner\">\n\t\t\t\t<div class=\"elementor-element elementor-element-35f523e elementor-grid-1 elementor-posts--thumbnail-left seccion-investigacion elementor-grid-tablet-2 elementor-grid-mobile-1 elementor-widget elementor-widget-posts\" data-id=\"35f523e\" data-element_type=\"widget\" data-e-type=\"widget\" id=\"seccionInvestigacion\" data-settings=\"{&quot;classic_columns&quot;:&quot;1&quot;,&quot;pagination_type&quot;:&quot;load_more_infinite_scroll&quot;,&quot;classic_columns_tablet&quot;:&quot;2&quot;,&quot;classic_columns_mobile&quot;:&quot;1&quot;,&quot;classic_row_gap&quot;:{&quot;unit&quot;:&quot;px&quot;,&quot;size&quot;:35,&quot;sizes&quot;:[]},&quot;classic_row_gap_tablet&quot;:{&quot;unit&quot;:&quot;px&quot;,&quot;size&quot;:&quot;&quot;,&quot;sizes&quot;:[]},&quot;classic_row_gap_mobile&quot;:{&quot;unit&quot;:&quot;px&quot;,&quot;size&quot;:&quot;&quot;,&quot;sizes&quot;:[]},&quot;load_more_spinner&quot;:{&quot;value&quot;:&quot;fas fa-spinner&quot;,&quot;library&quot;:&quot;fa-solid&quot;}}\" data-widget_type=\"posts.classic\">\n\t\t\t\t<div class=\"elementor-widget-container\">\n\t\t\t\t\t\t\t<div class=\"elementor-posts-container elementor-posts elementor-posts--skin-classic elementor-grid\" role=\"list\">\n\t\t\t\t<article class=\"elementor-post elementor-grid-item post-1983 post type-post status-publish format-standard has-post-thumbnail hentry category-investigacion\" role=\"listitem\">\n\t\t\t\t<a class=\"elementor-post__thumbnail__link\" href=\"https:\/\/fundacionlobeliana.org\/en\/entrada-prueba\/\" tabindex=\"-1\" >\n\t\t\t<div class=\"elementor-post__thumbnail\"><img fetchpriority=\"high\" decoding=\"async\" width=\"1920\" height=\"1080\" src=\"https:\/\/fundacionlobeliana.org\/wp-content\/uploads\/2026\/02\/007_1.85.2.jpg\" class=\"attachment-full size-full wp-image-1841\" alt=\"\" srcset=\"https:\/\/fundacionlobeliana.org\/wp-content\/uploads\/2026\/02\/007_1.85.2.jpg 1920w, https:\/\/fundacionlobeliana.org\/wp-content\/uploads\/2026\/02\/007_1.85.2-300x169.jpg 300w, https:\/\/fundacionlobeliana.org\/wp-content\/uploads\/2026\/02\/007_1.85.2-1024x576.jpg 1024w, https:\/\/fundacionlobeliana.org\/wp-content\/uploads\/2026\/02\/007_1.85.2-768x432.jpg 768w, https:\/\/fundacionlobeliana.org\/wp-content\/uploads\/2026\/02\/007_1.85.2-1536x864.jpg 1536w, https:\/\/fundacionlobeliana.org\/wp-content\/uploads\/2026\/02\/007_1.85.2-18x10.jpg 18w, https:\/\/fundacionlobeliana.org\/wp-content\/uploads\/2026\/02\/007_1.85.2-600x338.jpg 600w\" sizes=\"(max-width: 1920px) 100vw, 1920px\" \/><\/div>\n\t\t<\/a>\n\t\t\t\t<div class=\"elementor-post__text\">\n\t\t\t\t<h3 class=\"elementor-post__title\">\n\t\t\t<a href=\"https:\/\/fundacionlobeliana.org\/en\/entrada-prueba\/\" >\n\t\t\t\tEntrada prueba\t\t\t<\/a>\n\t\t<\/h3>\n\t\t\t\t<div class=\"elementor-post__meta-data\">\n\t\t\t\t\t<span class=\"elementor-post-date\">\n\t\t\tFebruary 9, 2026\t\t<\/span>\n\t\t\t\t<\/div>\n\t\t\t\t<div class=\"elementor-post__excerpt\">\n\t\t\t<p>Este es un subtitulo &nbsp; Introducci\u00f3n A pesar de que la hoja de coca en Chile est\u00e1 prohibida, es usual ver en el comercio minorista<\/p>\n\t\t<\/div>\n\t\t\n\t\t<a class=\"elementor-post__read-more\" href=\"https:\/\/fundacionlobeliana.org\/en\/entrada-prueba\/\" aria-label=\"Read more about Entrada prueba\" tabindex=\"-1\" >\n\t\t\tSee more\t\t<\/a>\n\n\t\t\t\t<\/div>\n\t\t\t\t<\/article>\n\t\t\t\t<article class=\"elementor-post elementor-grid-item post-1909 post type-post status-publish format-standard has-post-thumbnail hentry category-investigacion\" role=\"listitem\">\n\t\t\t\t<a class=\"elementor-post__thumbnail__link\" href=\"https:\/\/fundacionlobeliana.org\/en\/hongos-psicoactivos-de-chile\/\" tabindex=\"-1\" >\n\t\t\t<div class=\"elementor-post__thumbnail\"><img decoding=\"async\" width=\"1922\" height=\"2560\" src=\"https:\/\/fundacionlobeliana.org\/wp-content\/uploads\/2026\/01\/Libro001_1.1.1-copia-scaled.jpg\" class=\"attachment-full size-full wp-image-1391\" alt=\"\" srcset=\"https:\/\/fundacionlobeliana.org\/wp-content\/uploads\/2026\/01\/Libro001_1.1.1-copia-scaled.jpg 1922w, https:\/\/fundacionlobeliana.org\/wp-content\/uploads\/2026\/01\/Libro001_1.1.1-copia-225x300.jpg 225w, https:\/\/fundacionlobeliana.org\/wp-content\/uploads\/2026\/01\/Libro001_1.1.1-copia-769x1024.jpg 769w, https:\/\/fundacionlobeliana.org\/wp-content\/uploads\/2026\/01\/Libro001_1.1.1-copia-768x1023.jpg 768w, https:\/\/fundacionlobeliana.org\/wp-content\/uploads\/2026\/01\/Libro001_1.1.1-copia-1153x1536.jpg 1153w, https:\/\/fundacionlobeliana.org\/wp-content\/uploads\/2026\/01\/Libro001_1.1.1-copia-1538x2048.jpg 1538w, https:\/\/fundacionlobeliana.org\/wp-content\/uploads\/2026\/01\/Libro001_1.1.1-copia-9x12.jpg 9w, https:\/\/fundacionlobeliana.org\/wp-content\/uploads\/2026\/01\/Libro001_1.1.1-copia-600x799.jpg 600w\" sizes=\"(max-width: 1922px) 100vw, 1922px\" \/><\/div>\n\t\t<\/a>\n\t\t\t\t<div class=\"elementor-post__text\">\n\t\t\t\t<h3 class=\"elementor-post__title\">\n\t\t\t<a href=\"https:\/\/fundacionlobeliana.org\/en\/hongos-psicoactivos-de-chile\/\" >\n\t\t\t\tPsychoactive Mushrooms from Chile\t\t\t<\/a>\n\t\t<\/h3>\n\t\t\t\t<div class=\"elementor-post__meta-data\">\n\t\t\t\t\t<span class=\"elementor-post-date\">\n\t\t\tFebruary 4, 2026\t\t<\/span>\n\t\t\t\t<\/div>\n\t\t\t\t<div class=\"elementor-post__excerpt\">\n\t\t\t<p>Publicado por la Editorial Lobeliana en 2023, este libro presenta un estudio bibliogr\u00e1fico que cruza el registro de hongos formalmente descritos en Chile con aquellos<\/p>\n\t\t<\/div>\n\t\t\n\t\t<a class=\"elementor-post__read-more\" href=\"https:\/\/fundacionlobeliana.org\/en\/hongos-psicoactivos-de-chile\/\" aria-label=\"Read more about Hongos Psicoactivos de Chile\" tabindex=\"-1\" >\n\t\t\tSee more\t\t<\/a>\n\n\t\t\t\t<\/div>\n\t\t\t\t<\/article>\n\t\t\t\t<article class=\"elementor-post elementor-grid-item post-1412 post type-post status-publish format-standard has-post-thumbnail hentry category-investigacion tag-proyectos\" role=\"listitem\">\n\t\t\t\t<a class=\"elementor-post__thumbnail__link\" href=\"https:\/\/fundacionlobeliana.org\/en\/zero-support\/\" tabindex=\"-1\" >\n\t\t\t<div class=\"elementor-post__thumbnail\"><img decoding=\"async\" width=\"406\" height=\"525\" src=\"https:\/\/fundacionlobeliana.org\/wp-content\/uploads\/2026\/01\/tassili.jpg\" class=\"attachment-full size-full wp-image-1415\" alt=\"\" srcset=\"https:\/\/fundacionlobeliana.org\/wp-content\/uploads\/2026\/01\/tassili.jpg 406w, https:\/\/fundacionlobeliana.org\/wp-content\/uploads\/2026\/01\/tassili-232x300.jpg 232w, https:\/\/fundacionlobeliana.org\/wp-content\/uploads\/2026\/01\/tassili-9x12.jpg 9w\" sizes=\"(max-width: 406px) 100vw, 406px\" \/><\/div>\n\t\t<\/a>\n\t\t\t\t<div class=\"elementor-post__text\">\n\t\t\t\t<h3 class=\"elementor-post__title\">\n\t\t\t<a href=\"https:\/\/fundacionlobeliana.org\/en\/zero-support\/\" >\n\t\t\t\tZero Support\t\t\t<\/a>\n\t\t<\/h3>\n\t\t\t\t<div class=\"elementor-post__meta-data\">\n\t\t\t\t\t<span class=\"elementor-post-date\">\n\t\t\tJanuary 15, 2026\t\t<\/span>\n\t\t\t\t<\/div>\n\t\t\t\t<div class=\"elementor-post__excerpt\">\n\t\t\t<p>It is an experimental investigation into the possibilities of regenerating damaged neuronal connections with the methodical use of a certain combination of plants and the practice of Yoga.<\/p>\n\t\t<\/div>\n\t\t\n\t\t<a class=\"elementor-post__read-more\" href=\"https:\/\/fundacionlobeliana.org\/en\/zero-support\/\" aria-label=\"Read more about Zero Support\" tabindex=\"-1\" >\n\t\t\tSee more\t\t<\/a>\n\n\t\t\t\t<\/div>\n\t\t\t\t<\/article>\n\t\t\t\t<\/div>\n\t\t\t\t\t<span class=\"e-load-more-spinner\">\n\t\t\t\t<svg aria-hidden=\"true\" class=\"e-font-icon-svg e-fas-spinner\" viewbox=\"0 0 512 512\" xmlns=\"http:\/\/www.w3.org\/2000\/svg\"><path d=\"M304 48c0 26.51-21.49 48-48 48s-48-21.49-48-48 21.49-48 48-48 48 21.49 48 48zm-48 368c-26.51 0-48 21.49-48 48s21.49 48 48 48 48-21.49 48-48-21.49-48-48-48zm208-208c-26.51 0-48 21.49-48 48s21.49 48 48 48 48-21.49 48-48-21.49-48-48-48zM96 256c0-26.51-21.49-48-48-48S0 229.49 0 256s21.49 48 48 48 48-21.49 48-48zm12.922 99.078c-26.51 0-48 21.49-48 48s21.49 48 48 48 48-21.49 48-48c0-26.509-21.491-48-48-48zm294.156 0c-26.51 0-48 21.49-48 48s21.49 48 48 48 48-21.49 48-48c0-26.509-21.49-48-48-48zM108.922 60.922c-26.51 0-48 21.49-48 48s21.49 48 48 48 48-21.49 48-48-21.491-48-48-48z\"><\/path><\/svg>\t\t\t<\/span>\n\t\t\n\t\t\t\t<div class=\"e-load-more-anchor\" data-page=\"1\" data-max-page=\"3\" data-next-page=\"https:\/\/fundacionlobeliana.org\/en\/wp-json\/wp\/v2\/pages\/960\/page\/2\/\"><\/div>\n\t\t\t\t<div class=\"e-load-more-message\"><\/div>\n\t\t\t\t\t\t<\/div>\n\t\t\t\t<\/div>\n\t\t\t\t\t<\/div>\n\t\t\t\t<\/div>\n\t\t<div class=\"elementor-element elementor-element-7fdb853 e-flex e-con-boxed e-con e-parent\" data-id=\"7fdb853\" data-element_type=\"container\" data-e-type=\"container\">\n\t\t\t\t\t<div class=\"e-con-inner\">\n\t\t\t\t\t<\/div>\n\t\t\t\t<\/div>\n\t\t\t\t<\/div>","protected":false},"excerpt":{"rendered":"<p>El \u00e1rea de Investigaci\u00f3n del Centro de Estudios Lobeliana (CEL) impulsa proyectos que combinan ciencia, arte y filosof\u00eda para explorar las relaciones entre los seres humanos y las plantas.Desde el an\u00e1lisis fitoqu\u00edmico hasta la experimentaci\u00f3n audiovisual, cada l\u00ednea busca generar conocimiento riguroso, promover colaboraciones interdisciplinares y contribuir al desarrollo de una conciencia ecol\u00f3gica y cultural [&hellip;]<\/p>","protected":false},"author":1,"featured_media":0,"parent":0,"menu_order":0,"comment_status":"closed","ping_status":"closed","template":"","meta":{"footnotes":""},"class_list":["post-960","page","type-page","status-publish","hentry"],"yoast_head":"<!-- This site is optimized with the Yoast SEO plugin v27.2 - https:\/\/yoast.com\/product\/yoast-seo-wordpress\/ -->\n<title>Investigaci\u00f3n - Fundacion Lobeliana<\/title>\n<meta name=\"robots\" content=\"index, follow, max-snippet:-1, max-image-preview:large, max-video-preview:-1\" \/>\n<link rel=\"canonical\" href=\"https:\/\/fundacionlobeliana.org\/en\/investigacion\/\" \/>\n<meta property=\"og:locale\" content=\"en_GB\" \/>\n<meta property=\"og:type\" content=\"article\" \/>\n<meta property=\"og:title\" content=\"Investigaci\u00f3n - Fundacion Lobeliana\" \/>\n<meta property=\"og:description\" content=\"El \u00e1rea de Investigaci\u00f3n del Centro de Estudios Lobeliana (CEL) impulsa proyectos que combinan ciencia, arte y filosof\u00eda para explorar las relaciones entre los seres humanos y las plantas.Desde el an\u00e1lisis fitoqu\u00edmico hasta la experimentaci\u00f3n audiovisual, cada l\u00ednea busca generar conocimiento riguroso, promover colaboraciones interdisciplinares y contribuir al desarrollo de una conciencia ecol\u00f3gica y cultural [&hellip;]\" \/>\n<meta property=\"og:url\" content=\"https:\/\/fundacionlobeliana.org\/en\/investigacion\/\" \/>\n<meta property=\"og:site_name\" content=\"Fundacion Lobeliana\" \/>\n<meta property=\"article:modified_time\" content=\"2026-02-03T19:43:41+00:00\" \/>\n<meta name=\"twitter:card\" content=\"summary_large_image\" \/>\n<meta name=\"twitter:label1\" content=\"Estimated reading time\" \/>\n\t<meta name=\"twitter:data1\" content=\"2 minutes\" \/>\n<script type=\"application\/ld+json\" class=\"yoast-schema-graph\">{\"@context\":\"https:\/\/schema.org\",\"@graph\":[{\"@type\":\"WebPage\",\"@id\":\"https:\/\/fundacionlobeliana.org\/investigacion\/\",\"url\":\"https:\/\/fundacionlobeliana.org\/investigacion\/\",\"name\":\"Investigaci\u00f3n - Fundacion Lobeliana\",\"isPartOf\":{\"@id\":\"https:\/\/fundacionlobeliana.org\/#website\"},\"datePublished\":\"2025-09-23T20:55:04+00:00\",\"dateModified\":\"2026-02-03T19:43:41+00:00\",\"breadcrumb\":{\"@id\":\"https:\/\/fundacionlobeliana.org\/investigacion\/#breadcrumb\"},\"inLanguage\":\"en-GB\",\"potentialAction\":[{\"@type\":\"ReadAction\",\"target\":[\"https:\/\/fundacionlobeliana.org\/investigacion\/\"]}]},{\"@type\":\"BreadcrumbList\",\"@id\":\"https:\/\/fundacionlobeliana.org\/investigacion\/#breadcrumb\",\"itemListElement\":[{\"@type\":\"ListItem\",\"position\":1,\"name\":\"Portada\",\"item\":\"https:\/\/fundacionlobeliana.org\/\"},{\"@type\":\"ListItem\",\"position\":2,\"name\":\"Investigaci\u00f3n\"}]},{\"@type\":\"WebSite\",\"@id\":\"https:\/\/fundacionlobeliana.org\/#website\",\"url\":\"https:\/\/fundacionlobeliana.org\/\",\"name\":\"Fundacion Lobeliana\",\"description\":\"Organizaci\u00f3n sin fines de lucro que tiene como misi\u00f3n el rescatar, actualizar, visibilizar y hacer disponible el conocimiento acumulado hasta hoy sobre f\u00e1rmacos naturales y psicoactivos\",\"publisher\":{\"@id\":\"https:\/\/fundacionlobeliana.org\/#organization\"},\"potentialAction\":[{\"@type\":\"SearchAction\",\"target\":{\"@type\":\"EntryPoint\",\"urlTemplate\":\"https:\/\/fundacionlobeliana.org\/?s={search_term_string}\"},\"query-input\":{\"@type\":\"PropertyValueSpecification\",\"valueRequired\":true,\"valueName\":\"search_term_string\"}}],\"inLanguage\":\"en-GB\"},{\"@type\":\"Organization\",\"@id\":\"https:\/\/fundacionlobeliana.org\/#organization\",\"name\":\"Fundacion Lobeliana\",\"url\":\"https:\/\/fundacionlobeliana.org\/\",\"logo\":{\"@type\":\"ImageObject\",\"inLanguage\":\"en-GB\",\"@id\":\"https:\/\/fundacionlobeliana.org\/#\/schema\/logo\/image\/\",\"url\":\"https:\/\/fundacionlobeliana.org\/wp-content\/uploads\/2025\/09\/logo_fundacion_lobeliana-02.png\",\"contentUrl\":\"https:\/\/fundacionlobeliana.org\/wp-content\/uploads\/2025\/09\/logo_fundacion_lobeliana-02.png\",\"width\":571,\"height\":718,\"caption\":\"Fundacion Lobeliana\"},\"image\":{\"@id\":\"https:\/\/fundacionlobeliana.org\/#\/schema\/logo\/image\/\"}}]}<\/script>\n<!-- \/ Yoast SEO plugin. -->","yoast_head_json":{"title":"Investigaci\u00f3n - Fundacion Lobeliana","robots":{"index":"index","follow":"follow","max-snippet":"max-snippet:-1","max-image-preview":"max-image-preview:large","max-video-preview":"max-video-preview:-1"},"canonical":"https:\/\/fundacionlobeliana.org\/en\/investigacion\/","og_locale":"en_GB","og_type":"article","og_title":"Investigaci\u00f3n - Fundacion Lobeliana","og_description":"El \u00e1rea de Investigaci\u00f3n del Centro de Estudios Lobeliana (CEL) impulsa proyectos que combinan ciencia, arte y filosof\u00eda para explorar las relaciones entre los seres humanos y las plantas.Desde el an\u00e1lisis fitoqu\u00edmico hasta la experimentaci\u00f3n audiovisual, cada l\u00ednea busca generar conocimiento riguroso, promover colaboraciones interdisciplinares y contribuir al desarrollo de una conciencia ecol\u00f3gica y cultural [&hellip;]","og_url":"https:\/\/fundacionlobeliana.org\/en\/investigacion\/","og_site_name":"Fundacion Lobeliana","article_modified_time":"2026-02-03T19:43:41+00:00","twitter_card":"summary_large_image","twitter_misc":{"Estimated reading time":"2 minutes"},"schema":{"@context":"https:\/\/schema.org","@graph":[{"@type":"WebPage","@id":"https:\/\/fundacionlobeliana.org\/investigacion\/","url":"https:\/\/fundacionlobeliana.org\/investigacion\/","name":"Investigaci\u00f3n - Fundacion Lobeliana","isPartOf":{"@id":"https:\/\/fundacionlobeliana.org\/#website"},"datePublished":"2025-09-23T20:55:04+00:00","dateModified":"2026-02-03T19:43:41+00:00","breadcrumb":{"@id":"https:\/\/fundacionlobeliana.org\/investigacion\/#breadcrumb"},"inLanguage":"en-GB","potentialAction":[{"@type":"ReadAction","target":["https:\/\/fundacionlobeliana.org\/investigacion\/"]}]},{"@type":"BreadcrumbList","@id":"https:\/\/fundacionlobeliana.org\/investigacion\/#breadcrumb","itemListElement":[{"@type":"ListItem","position":1,"name":"Portada","item":"https:\/\/fundacionlobeliana.org\/"},{"@type":"ListItem","position":2,"name":"Investigaci\u00f3n"}]},{"@type":"WebSite","@id":"https:\/\/fundacionlobeliana.org\/#website","url":"https:\/\/fundacionlobeliana.org\/","name":"Fundacion Lobeliana","description":"Organizaci\u00f3n sin fines de lucro que tiene como misi\u00f3n el rescatar, actualizar, visibilizar y hacer disponible el conocimiento acumulado hasta hoy sobre f\u00e1rmacos naturales y psicoactivos","publisher":{"@id":"https:\/\/fundacionlobeliana.org\/#organization"},"potentialAction":[{"@type":"SearchAction","target":{"@type":"EntryPoint","urlTemplate":"https:\/\/fundacionlobeliana.org\/?s={search_term_string}"},"query-input":{"@type":"PropertyValueSpecification","valueRequired":true,"valueName":"search_term_string"}}],"inLanguage":"en-GB"},{"@type":"Organization","@id":"https:\/\/fundacionlobeliana.org\/#organization","name":"Fundacion Lobeliana","url":"https:\/\/fundacionlobeliana.org\/","logo":{"@type":"ImageObject","inLanguage":"en-GB","@id":"https:\/\/fundacionlobeliana.org\/#\/schema\/logo\/image\/","url":"https:\/\/fundacionlobeliana.org\/wp-content\/uploads\/2025\/09\/logo_fundacion_lobeliana-02.png","contentUrl":"https:\/\/fundacionlobeliana.org\/wp-content\/uploads\/2025\/09\/logo_fundacion_lobeliana-02.png","width":571,"height":718,"caption":"Fundacion Lobeliana"},"image":{"@id":"https:\/\/fundacionlobeliana.org\/#\/schema\/logo\/image\/"}}]}},"_links":{"self":[{"href":"https:\/\/fundacionlobeliana.org\/en\/wp-json\/wp\/v2\/pages\/960","targetHints":{"allow":["GET"]}}],"collection":[{"href":"https:\/\/fundacionlobeliana.org\/en\/wp-json\/wp\/v2\/pages"}],"about":[{"href":"https:\/\/fundacionlobeliana.org\/en\/wp-json\/wp\/v2\/types\/page"}],"author":[{"embeddable":true,"href":"https:\/\/fundacionlobeliana.org\/en\/wp-json\/wp\/v2\/users\/1"}],"replies":[{"embeddable":true,"href":"https:\/\/fundacionlobeliana.org\/en\/wp-json\/wp\/v2\/comments?post=960"}],"version-history":[{"count":41,"href":"https:\/\/fundacionlobeliana.org\/en\/wp-json\/wp\/v2\/pages\/960\/revisions"}],"predecessor-version":[{"id":1723,"href":"https:\/\/fundacionlobeliana.org\/en\/wp-json\/wp\/v2\/pages\/960\/revisions\/1723"}],"wp:attachment":[{"href":"https:\/\/fundacionlobeliana.org\/en\/wp-json\/wp\/v2\/media?parent=960"}],"curies":[{"name":"wp","href":"https:\/\/api.w.org\/{rel}","templated":true}]}}